{"id":988,"date":"2025-04-23T13:36:31","date_gmt":"2025-04-23T11:36:31","guid":{"rendered":"https:\/\/canoff.de\/?post_type=tribe_events&#038;p=988"},"modified":"2025-04-23T20:49:26","modified_gmt":"2025-04-23T18:49:26","slug":"cheres-et-chers-collegues-elitaere-aussprache-und-politik","status":"publish","type":"tribe_events","link":"https:\/\/canoff.de\/?tribe_events=cheres-et-chers-collegues-elitaere-aussprache-und-politik","title":{"rendered":"Ch\u00e8res et chers coll\u00e8gues: Elit\u00e4re Aussprache und Politik"},"content":{"rendered":"<p>Die Aussprache franz\u00f6sischer Spitzenpolitiker:innen kann einerseits als Demonstration von kulturellem Kapital, das die souver\u00e4ne Beherrschung der Prestige-Variet\u00e4t des\u00a0<i>fran\u00e7ais cultiv\u00e9<\/i>\u00a0bedeutet, interpretiert werden. Letzteres zeichnet sich durch eine Reihe von als \u201eelit\u00e4r\u201c konnotierten Variablen aus, zu der u.a. die maximalistische Realisierung der\u00a0<i>liaison<\/i>\u00a0(z.B. die Aussprache von\u00a0<i>trop aimable<\/i>\u00a0als\u00a0[t\u0281\u0254<b>p<\/b>\u025bmabl\u0259]) oder die hyperkorrekte Realisierung von Geminaten (z.B.\u00a0<i>illusion<\/i>\u00a0als\u00a0[illy\u02c8zj\u0254\u0303]) gez\u00e4hlt werden k\u00f6nnen. Andererseits kann eine weniger starke Pr\u00e4senz dieser Prestige-Marker auch als mehr oder weniger bewusste \u201eInformalisierung\u201c der Aussprache gedeutet werden, mit der Politiker:innen \u201eNahbarkeit\u201c oder \u201eVolksn\u00e4he\u201c evozieren.<\/p>\n<p>Anke Grutschus pr\u00e4sentiert in ihrem Vortrag die Ergebnisse einer soziophonetisch perspektivierten Fallstudie, die die Aussprache des franz\u00f6sischen Pr\u00e4sidenten Emmanuel Macron in unterschiedlichen Kommunikationssituationen (von Fernsehansprachen \u00fcber Wahlkampfreden bis hin zu Interviews) analysiert und untersucht, wie variabel der Einsatz der genannten Prestige-Marker tats\u00e4chlich ist.<\/p>\n<div>\n<p>Der Vortrag wird in Pr\u00e4senz an der Universit\u00e4t Rostock und interuniversit\u00e4r im Zoom-Raum des Campus Nord f\u00fcr Frankreich und Frankophonie (CaNoFF) angeboten.<\/p>\n<p>Zoom-Link:\u00a0<a id=\"LPlnk355630\" class=\"moz-txt-link-freetext\" href=\"https:\/\/uni-rostock-de.zoom-x.de\/j\/63949757380?pwd=0MKWuasHg4sqE5KegebbmUnB0QUXTa.1\" target=\"_blank\" rel=\"noopener noreferrer\">https:\/\/uni-rostock-de.zoom-x.de\/j\/63949757380?pwd=0MKWuasHg4sqE5KegebbmUnB0QUXTa.1<\/a><br \/>\nMeeting ID: 639 4975 7380<br \/>\nPasswort: 985909<\/p>\n<\/div>\n","protected":false},"excerpt":{"rendered":"<p>Die Aussprache franz\u00f6sischer Spitzenpolitiker:innen kann einerseits als Demonstration von kulturellem Kapital, das die souver\u00e4ne Beherrschung der Prestige-Variet\u00e4t des\u00a0fran\u00e7ais cultiv\u00e9\u00a0bedeutet, interpretiert werden. Letzteres zeichnet sich durch eine Reihe von als \u201eelit\u00e4r\u201c konnotierten Variablen aus, zu der u.a. die maximalistische Realisierung der\u00a0liaison\u00a0(z.B. die Aussprache von\u00a0trop aimable\u00a0als\u00a0[t\u0281\u0254p\u025bmabl\u0259]) oder die hyperkorrekte Realisierung von Geminaten &hellip;<\/p>\n","protected":false},"author":1,"featured_media":994,"template":"","meta":{"_tribe_events_status":"","_tribe_events_status_reason":"","footnotes":""},"tags":[],"tribe_events_cat":[103],"class_list":["post-988","tribe_events","type-tribe_events","status-publish","has-post-thumbnail","hentry","tribe_events_cat-vortrag","cat_vortrag"],"_links":{"self":[{"href":"https:\/\/canoff.de\/index.php?rest_route=\/wp\/v2\/tribe_events\/988","targetHints":{"allow":["GET"]}}],"collection":[{"href":"https:\/\/canoff.de\/index.php?rest_route=\/wp\/v2\/tribe_events"}],"about":[{"href":"https:\/\/canoff.de\/index.php?rest_route=\/wp\/v2\/types\/tribe_events"}],"author":[{"embeddable":true,"href":"https:\/\/canoff.de\/index.php?rest_route=\/wp\/v2\/users\/1"}],"version-history":[{"count":3,"href":"https:\/\/canoff.de\/index.php?rest_route=\/wp\/v2\/tribe_events\/988\/revisions"}],"predecessor-version":[{"id":992,"href":"https:\/\/canoff.de\/index.php?rest_route=\/wp\/v2\/tribe_events\/988\/revisions\/992"}],"wp:featuredmedia":[{"embeddable":true,"href":"https:\/\/canoff.de\/index.php?rest_route=\/wp\/v2\/media\/994"}],"wp:attachment":[{"href":"https:\/\/canoff.de\/index.php?rest_route=%2Fwp%2Fv2%2Fmedia&parent=988"}],"wp:term":[{"taxonomy":"post_tag","embeddable":true,"href":"https:\/\/canoff.de\/index.php?rest_route=%2Fwp%2Fv2%2Ftags&post=988"},{"taxonomy":"tribe_events_cat","embeddable":true,"href":"https:\/\/canoff.de\/index.php?rest_route=%2Fwp%2Fv2%2Ftribe_events_cat&post=988"}],"curies":[{"name":"wp","href":"https:\/\/api.w.org\/{rel}","templated":true}]}}