{"id":762,"date":"2024-05-24T12:52:22","date_gmt":"2024-05-24T10:52:22","guid":{"rendered":"https:\/\/canoff.de\/?post_type=tribe_events&#038;p=762"},"modified":"2024-05-24T13:03:04","modified_gmt":"2024-05-24T11:03:04","slug":"france-alumni-day-bonjour-carriere","status":"publish","type":"tribe_events","link":"https:\/\/canoff.de\/?tribe_events=france-alumni-day-bonjour-carriere","title":{"rendered":"Veranstaltung: France Alumni Day: Bonjour Carri\u00e8re !"},"content":{"rendered":"<div class=\"page\" title=\"Page 1\">\n<div class=\"section\">\n<div class=\"layoutArea\">\n<div class=\"column\">\n<p>Depuis 2023, les bureaux de Campus France organisent dans le monde entier la journe\u0301e mondiale des Alumni. Cette anne\u0301e, cet e\u0301ve\u0301nement aura lieu e\u0301galement a\u0300 Kiel, le 28 mai a\u0300 partir de 18 heures dans les locaux du Centre Culturel Franc\u0327ais.<\/p>\n<\/div>\n<\/div>\n<\/div>\n<div class=\"layoutArea\">\n<div class=\"column\">\n<p>France Alumni (https:\/\/www.francealumni.fr\/de\/poste\/allemagne\/) a pour but de rassembler les personnes ayant e\u0301tudie\u0301 en France (que ce soit en se\u0301jour Erasmus, dans le cadre d&#8217;un double diplo\u0302me ou d&#8217;un cursus complet), leur permettant ainsi d\u2019e\u0301changer et de nouer des contacts. L\u2019objectif de la soire\u0301e \u00ab Bonjour Carrie\u0300re. Wege vom Studium zum Job \u00bb, est de montrer a\u0300 un public d\u2019e\u0301tudiant\u00b7e\u00b7s et d\u2019e\u0301le\u0300ves tous les avantages que peuvent leur procurer l\u2019apprentissage du franc\u0327ais, les e\u0301tudes de franc\u0327ais et l\u2019appartenance au re\u0301seau d\u2019Alumni. Une table ronde re\u0301unissant des entreprises, des repre\u0301sentant\u00b7e\u00b7s de la Fachhochschule et de la CAU et des e\u0301tudiant\u00b7e\u00b7s permettra d&#8217;illustrer ces propos. Une partie plus conviviale, qui donnera aux participant\u00b7e\u00b7s l\u2019occasion d\u2019e\u0301changer, viendra clo\u0302turer la soire\u0301e.<\/p>\n<p>***<\/p>\n<p>Seit 2023 organisieren die B\u00fcros von Campus France weltweit den weltweiten Alumni-Tag. Dieses Jahr wird diese Veranstaltung auch in Kiel stattfinden, und zwar am 28. Mai ab 18 Uhr in den R\u00e4umlichkeiten des Centre Culturel Fran\u00e7ais.<\/p>\n<p>France Alumni (https:\/\/www.francealumni.fr\/de\/poste\/allemagne\/) hat sich zum Ziel gesetzt, Menschen, die in Frankreich studiert haben (sei es im Rahmen eines Erasmus-Aufenthalts, eines Doppelabschlusses oder eines kompletten Studiengangs), zusammenzubringen und ihnen so die M\u00f6glichkeit zu geben, sich auszutauschen und Kontakte zu kn\u00fcpfen. Das Ziel des Abends \u201eBonjour Carri\u00e8re. Wege vom Studium zum Job\u201c ist es, einem Publikum von Studierenden und Sch\u00fclern alle Vorteile aufzuzeigen, die ihnen das Erlernen der franz\u00f6sischen Sprache, ein Franz\u00f6sischstudium und die Zugeh\u00f6rigkeit zum Alumni-Netzwerk bieten k\u00f6nnen. Eine Podiumsdiskussion, an der Unternehmen, Vertreter der Fachhochschule und der CAU sowie Studierende teilnehmen, wird diese Ausf\u00fchrungen veranschaulichen. Ein geselliger Teil, der den Teilnehmern die M\u00f6glichkeit zum Austausch bietet, rundet den Abend ab.<\/p>\n<\/div>\n<\/div>\n<\/div>\n","protected":false},"excerpt":{"rendered":"<p>Depuis 2023, les bureaux de Campus France organisent dans le monde entier la journe\u0301e mondiale des Alumni. Cette anne\u0301e, cet e\u0301ve\u0301nement aura lieu e\u0301galement a\u0300 Kiel, le 28 mai a\u0300 partir de 18 heures dans les locaux du Centre Culturel Franc\u0327ais. France Alumni (https:\/\/www.francealumni.fr\/de\/poste\/allemagne\/) a pour but de rassembler les &hellip;<\/p>\n","protected":false},"author":1,"featured_media":764,"template":"","meta":{"_tribe_events_status":"","_tribe_events_status_reason":"","footnotes":""},"tags":[],"tribe_events_cat":[],"class_list":["post-762","tribe_events","type-tribe_events","status-publish","has-post-thumbnail","hentry"],"_links":{"self":[{"href":"https:\/\/canoff.de\/index.php?rest_route=\/wp\/v2\/tribe_events\/762","targetHints":{"allow":["GET"]}}],"collection":[{"href":"https:\/\/canoff.de\/index.php?rest_route=\/wp\/v2\/tribe_events"}],"about":[{"href":"https:\/\/canoff.de\/index.php?rest_route=\/wp\/v2\/types\/tribe_events"}],"author":[{"embeddable":true,"href":"https:\/\/canoff.de\/index.php?rest_route=\/wp\/v2\/users\/1"}],"version-history":[{"count":2,"href":"https:\/\/canoff.de\/index.php?rest_route=\/wp\/v2\/tribe_events\/762\/revisions"}],"predecessor-version":[{"id":768,"href":"https:\/\/canoff.de\/index.php?rest_route=\/wp\/v2\/tribe_events\/762\/revisions\/768"}],"wp:featuredmedia":[{"embeddable":true,"href":"https:\/\/canoff.de\/index.php?rest_route=\/wp\/v2\/media\/764"}],"wp:attachment":[{"href":"https:\/\/canoff.de\/index.php?rest_route=%2Fwp%2Fv2%2Fmedia&parent=762"}],"wp:term":[{"taxonomy":"post_tag","embeddable":true,"href":"https:\/\/canoff.de\/index.php?rest_route=%2Fwp%2Fv2%2Ftags&post=762"},{"taxonomy":"tribe_events_cat","embeddable":true,"href":"https:\/\/canoff.de\/index.php?rest_route=%2Fwp%2Fv2%2Ftribe_events_cat&post=762"}],"curies":[{"name":"wp","href":"https:\/\/api.w.org\/{rel}","templated":true}]}}