{"id":607,"date":"2024-04-23T17:28:35","date_gmt":"2024-04-23T15:28:35","guid":{"rendered":"https:\/\/canoff.de\/?post_type=tribe_events&#038;p=607"},"modified":"2025-12-27T18:44:47","modified_gmt":"2025-12-27T17:44:47","slug":"gastvortrag-von-dr-claire-demesmay-frankreichs-demokratie-zwischen-protest-und-buergerbeteiligung","status":"publish","type":"tribe_events","link":"https:\/\/canoff.de\/?tribe_events=gastvortrag-von-dr-claire-demesmay-frankreichs-demokratie-zwischen-protest-und-buergerbeteiligung","title":{"rendered":"Gastvortrag von Dr. Claire Demesmay: Frankreichs Demokratie zwischen Protest und B\u00fcrgerbeteiligung"},"content":{"rendered":"<div dir=\"ltr\">\n<div id=\"divtagdefaultwrapper\" dir=\"ltr\">\n<p><em>Bildquelle: Claire Demesmay \u00a9 Deutsche Gesellschaft f\u00fcr Ausw\u00e4rtige Politik (DGAP)<\/em><\/p>\n<p><strong style=\"font-size: 1.1em;\">Donnerstag, 25.04., 17 Uhr Universit\u00e4t Rostock, Raum 323: &#8222;Frankreichs Demokratie zwischen Protest und B\u00fcrgerbeteiligung&#8220;<\/strong><\/p>\n<p>Frankreich ist f\u00fcr seine Streiks und Demonstrationen bekannt, aber hinter dem, was gemeinhin als \u201eStreikkultur\u201c bezeichnet wird, steht nicht nur ein hohes Ma\u00df an Misstrauen gegen\u00fcber den Eliten, sondern auch spezifische Strukturen. Die Rolle von Mittlerorganisationen wie den Gewerkschaften sowie die Vertikalit\u00e4t der politischen Machtstruktur sind dabei entscheidend. Dar\u00fcber hinaus sind in den letzten Jahren neue Protestformen entstanden, wie die Bewegung der Gelbwesten, worauf neue Formate der B\u00fcrgerbeteiligung erprobt wurden.\u00a0<a href=\"https:\/\/www.ipv.uni-rostock.de\/storages\/uni-rostock\/Alle_WSF\/IPV\/Lehrstuhl_VL\/Ankuendigungen_ab_2024\/Flyer_CaNoFF_2.pdf\" data-cke-saved-href=\"https:\/\/www.ipv.uni-rostock.de\/storages\/uni-rostock\/Alle_WSF\/IPV\/Lehrstuhl_VL\/Ankuendigungen_ab_2024\/Flyer_CaNoFF_2.pdf\">FLYER<\/a><\/p>\n<p><strong>Claire Demesmay\u00a0<\/strong>ist deutsch-franz\u00f6sische Politikwissenschaftlerin und assoziierte Forscherin im Centre Marc Bloch in Berlin. Sie war beim Deutsch-Franz\u00f6sischen Jugendwerk und der der Deutschen Gesellschaft f\u00fcr Ausw\u00e4rtige Politik (DGAP) in Berlin t\u00e4tig sowie Europa-Gastprofessorin an der Universit\u00e4t des Saarlandes.<\/p>\n<p>***<\/p>\n<p><strong>Jeudi 25 avril, 17h salle 323 : &#8222;La d\u00e9mocratie fran\u00e7aise entre contestation et participation citoyenne&#8220;<\/strong><\/p>\n<p>La France est connue pour ses gr\u00e8ves et ses manifestations, mais derri\u00e8re ce que l&#8217;on appelle commun\u00e9ment la &#8222;culture de la gr\u00e8ve&#8220;, il n&#8217;y a pas seulement un haut niveau de m\u00e9fiance envers les \u00e9lites, mais aussi des structures sp\u00e9cifiques. Le r\u00f4le des organisations interm\u00e9diaires telles que les syndicats ainsi que la verticalit\u00e9 de la structure du pouvoir politique sont d\u00e9terminants \u00e0 cet \u00e9gard. En outre, de nouvelles formes de protestation ont vu le jour ces derni\u00e8res ann\u00e9es, comme le mouvement des gilets jaunes, \u00e0 la suite de quoi de nouveaux formats de participation citoyenne ont \u00e9t\u00e9 exp\u00e9riment\u00e9s. <a href=\"https:\/\/www.ipv.uni-rostock.de\/storages\/uni-rostock\/Alle_WSF\/IPV\/Lehrstuhl_VL\/Ankuendigungen_ab_2024\/Flyer_CaNoFF_2.pdf\" data-cke-saved-href=\"https:\/\/www.ipv.uni-rostock.de\/storages\/uni-rostock\/Alle_WSF\/IPV\/Lehrstuhl_VL\/Ankuendigungen_ab_2024\/Flyer_CaNoFF_2.pdf\">FLYER<\/a><\/p>\n<p><strong>Claire Demesmay<\/strong> est politologue franco-allemande et chercheuse associ\u00e9e au Centre Marc Bloch \u00e0 Berlin. Elle a travaill\u00e9 \u00e0 l&#8217;Office franco-allemand pour la jeunesse et \u00e0 la Deutsche Gesellschaft f\u00fcr Ausw\u00e4rtige Politik (DGAP) \u00e0 Berlin et a \u00e9t\u00e9 professeur invit\u00e9 \u00e0 l&#8217;Universit\u00e9 de la Sarre.<\/p>\n<\/div>\n<\/div>\n","protected":false},"excerpt":{"rendered":"<p>Bildquelle: Claire Demesmay \u00a9 Deutsche Gesellschaft f\u00fcr Ausw\u00e4rtige Politik (DGAP) Donnerstag, 25.04., 17 Uhr Universit\u00e4t Rostock, Raum 323: &#8222;Frankreichs Demokratie zwischen Protest und B\u00fcrgerbeteiligung&#8220; Frankreich ist f\u00fcr seine Streiks und Demonstrationen bekannt, aber hinter dem, was gemeinhin als \u201eStreikkultur\u201c bezeichnet wird, steht nicht nur ein hohes Ma\u00df an Misstrauen gegen\u00fcber &hellip;<\/p>\n","protected":false},"author":1,"featured_media":0,"template":"","meta":{"_tribe_events_status":"","_tribe_events_status_reason":"","footnotes":""},"tags":[],"tribe_events_cat":[103],"class_list":["post-607","tribe_events","type-tribe_events","status-publish","hentry","tribe_events_cat-vortrag","cat_vortrag"],"_links":{"self":[{"href":"https:\/\/canoff.de\/index.php?rest_route=\/wp\/v2\/tribe_events\/607","targetHints":{"allow":["GET"]}}],"collection":[{"href":"https:\/\/canoff.de\/index.php?rest_route=\/wp\/v2\/tribe_events"}],"about":[{"href":"https:\/\/canoff.de\/index.php?rest_route=\/wp\/v2\/types\/tribe_events"}],"author":[{"embeddable":true,"href":"https:\/\/canoff.de\/index.php?rest_route=\/wp\/v2\/users\/1"}],"version-history":[{"count":4,"href":"https:\/\/canoff.de\/index.php?rest_route=\/wp\/v2\/tribe_events\/607\/revisions"}],"predecessor-version":[{"id":637,"href":"https:\/\/canoff.de\/index.php?rest_route=\/wp\/v2\/tribe_events\/607\/revisions\/637"}],"wp:attachment":[{"href":"https:\/\/canoff.de\/index.php?rest_route=%2Fwp%2Fv2%2Fmedia&parent=607"}],"wp:term":[{"taxonomy":"post_tag","embeddable":true,"href":"https:\/\/canoff.de\/index.php?rest_route=%2Fwp%2Fv2%2Ftags&post=607"},{"taxonomy":"tribe_events_cat","embeddable":true,"href":"https:\/\/canoff.de\/index.php?rest_route=%2Fwp%2Fv2%2Ftribe_events_cat&post=607"}],"curies":[{"name":"wp","href":"https:\/\/api.w.org\/{rel}","templated":true}]}}