{"id":399,"date":"2023-10-19T15:26:48","date_gmt":"2023-10-19T13:26:48","guid":{"rendered":"https:\/\/canoff.de\/?post_type=tribe_events&#038;p=399"},"modified":"2024-04-27T16:56:03","modified_gmt":"2024-04-27T14:56:03","slug":"eroeffnung-des-campus-nord-fuer-frankreich-frankophonie-am-08-juni-in-bremen","status":"publish","type":"tribe_events","link":"https:\/\/canoff.de\/?tribe_events=eroeffnung-des-campus-nord-fuer-frankreich-frankophonie-am-08-juni-in-bremen","title":{"rendered":"CaNoFF-Er\u00f6ffnung am 08. Juni 2023 in Bremen!"},"content":{"rendered":"<p>Mit der Gr\u00fcndung des \u201eCampus Nord f\u00fcr Frankreich &amp; Frankophonie\u201c im Verbund der Universit\u00e4ten Bremen, Flensburg und Rostock wird erstmals im Norden Deutschlands ein universit\u00e4res Netzwerk f\u00fcr den wissenschaftlichen und kulturellen Austausch frankreich- und frankophoniebezogener Aktivit\u00e4ten entstehen. Das CaNoFF ist ein offener Zusammenschluss und darauf ausgerichtet, alle interessierten Akteur:innen aus Wissenschaft, Kultur, Zivilgesellschaft und Wirtschaft als Mitglieder aufzunehmen und ein gemeinsames Forum f\u00fcr Kommunikation, Wissens- und Kulturtransfer zu bieten.<\/p>\n<h3><\/h3>\n<p>&nbsp;<\/p>\n<h3 class=\"wp-block-heading\">Das Programm<\/h3>\n<h5 class=\"has-accent-1-color has-text-color\"><strong>Begr\u00fc\u00dfung<\/strong><\/h5>\n<p>Senatorin Dr. Claudia Schilling<br \/>\nDie Senatorin f\u00fcr Wissenschaft und H\u00e4fen<\/p>\n<h5 class=\"has-accent-1-color has-text-color\"><strong>Vorstellung<\/strong><\/h5>\n<p>Prof. Dr. Karen Struve<br \/>\nCampus Nord f\u00fcr Frankreich &amp; Frankophonie<\/p>\n<h5 class=\"has-accent-1-color has-text-color\"><strong>Gru\u00dfworte<\/strong><\/h5>\n<h5 class=\"has-accent-1-color has-text-color\"><strong>Vortrag<\/strong><\/h5>\n<p>Ac\u00e8le Nadale<\/p>\n<p><strong>\u201eVielfalt in der Frankophonie: Herausforderung oder Chance f\u00fcr die deutsch-afrikanische Kooperation?<\/strong>\u201c<\/p>\n<h5 class=\"has-accent-1-color has-text-color\"><strong>Musik<\/strong><\/h5>\n<p>Deutsch-Franz\u00f6sischer Chor Bremen<\/p>\n<h5 class=\"has-accent-1-color has-text-color\"><strong>Empfang<\/strong><\/h5>\n","protected":false},"excerpt":{"rendered":"<p>Mit der Gr\u00fcndung des \u201eCampus Nord f\u00fcr Frankreich &amp; Frankophonie\u201c im Verbund der Universit\u00e4ten Bremen, Flensburg und Rostock wird erstmals im Norden Deutschlands ein universit\u00e4res Netzwerk f\u00fcr den wissenschaftlichen und kulturellen Austausch frankreich- und frankophoniebezogener Aktivit\u00e4ten entstehen. Das CaNoFF ist ein offener Zusammenschluss und darauf ausgerichtet, alle interessierten Akteur:innen aus &hellip;<\/p>\n","protected":false},"author":1,"featured_media":268,"template":"","meta":{"_tribe_events_status":"","_tribe_events_status_reason":"","footnotes":""},"tags":[],"tribe_events_cat":[],"class_list":["post-399","tribe_events","type-tribe_events","status-publish","has-post-thumbnail","hentry"],"_links":{"self":[{"href":"https:\/\/canoff.de\/index.php?rest_route=\/wp\/v2\/tribe_events\/399","targetHints":{"allow":["GET"]}}],"collection":[{"href":"https:\/\/canoff.de\/index.php?rest_route=\/wp\/v2\/tribe_events"}],"about":[{"href":"https:\/\/canoff.de\/index.php?rest_route=\/wp\/v2\/types\/tribe_events"}],"author":[{"embeddable":true,"href":"https:\/\/canoff.de\/index.php?rest_route=\/wp\/v2\/users\/1"}],"version-history":[{"count":3,"href":"https:\/\/canoff.de\/index.php?rest_route=\/wp\/v2\/tribe_events\/399\/revisions"}],"predecessor-version":[{"id":662,"href":"https:\/\/canoff.de\/index.php?rest_route=\/wp\/v2\/tribe_events\/399\/revisions\/662"}],"wp:featuredmedia":[{"embeddable":true,"href":"https:\/\/canoff.de\/index.php?rest_route=\/wp\/v2\/media\/268"}],"wp:attachment":[{"href":"https:\/\/canoff.de\/index.php?rest_route=%2Fwp%2Fv2%2Fmedia&parent=399"}],"wp:term":[{"taxonomy":"post_tag","embeddable":true,"href":"https:\/\/canoff.de\/index.php?rest_route=%2Fwp%2Fv2%2Ftags&post=399"},{"taxonomy":"tribe_events_cat","embeddable":true,"href":"https:\/\/canoff.de\/index.php?rest_route=%2Fwp%2Fv2%2Ftribe_events_cat&post=399"}],"curies":[{"name":"wp","href":"https:\/\/api.w.org\/{rel}","templated":true}]}}