{"id":1638,"date":"2026-03-16T08:28:28","date_gmt":"2026-03-16T07:28:28","guid":{"rendered":"https:\/\/canoff.de\/?post_type=tribe_events&#038;p=1638"},"modified":"2026-03-16T08:28:28","modified_gmt":"2026-03-16T07:28:28","slug":"foto-ausstellung-poser-pour-la-liberte-in-flensburg","status":"publish","type":"tribe_events","link":"https:\/\/canoff.de\/?tribe_events=foto-ausstellung-poser-pour-la-liberte-in-flensburg","title":{"rendered":"Foto-Ausstellung &#8222;Poser pour la libert\u00e9&#8220; in Flensburg !"},"content":{"rendered":"<p class=\"p1\">Was bedeutet es, als Wissenschaftler*in das eigene Land verlassen zu m\u00fcssen? Wie steht es um die Wissenschaftsfreiheit und das Wissenschaftsexil in Europa? Dies sind Themen der Ausstellung \u201eStanding for Freedom &#8211; Poser pour la libert\u00e9\u201c, in deren Mittelpunkt Forschende im Exil und das Thema des Wissenschaftsexils stehen. Zu sehen ist die Ausstellung vom 20. April bis zum 8. Mai an der Europa-Universit\u00e4t Flensburg (Geb\u00e4ude HEL, EG Flur). Dem EUF-Zentrum CaNoFF (Campus Nord f\u00fcr Frankreich und Frankofonie) ist es mit finanzieller Unterst\u00fctzung des Institut fran\u00e7ais d\u2019Allemagne (Berlin) gelungen, diese wichtige Ausstellung nun auch in Flensburg zeigen zu k\u00f6nnen.<\/p>\n<p class=\"p1\">Er\u00f6ffnet wird die Ausstellung mit einer Vernissage am 22. April um 12:00 Uhr (Geb\u00e4ude HEL, EG Flur) in Anwesenheit des Fotografen und Co-Kurators Pierre-J\u00e9r\u00f4me Adjedj, der eine Einf\u00fchrung in das Thema und die \u00e4sthetische Gestaltung der Ausstellung geben wird, und von V\u00e9ronique Charl\u00e9ty, Attach\u00e9e f\u00fcr Hochschulkooperation der franz\u00f6sischen Botschaft in Berlin. Au\u00dferdem soll begleitend zur Ausstellung im Rahmen der Europawoche am 6. Mai ein Vortrag mit Gespr\u00e4ch zum Thema Wissenschaftsexil stattfinden, angefragt ist Prof.in Pascale Laborier (Co-Kuratorin der Ausstellung, Politikwissenschaftlerin und Expertin f\u00fcr Wissenschaftsexil und Migration, Universit\u00e4t Paris Nanterre).<\/p>\n<p class=\"p1\">Im Mittelpunkt der englisch- und franz\u00f6sischsprachigen Ausstellung stehen f\u00fcnfzehn Portr\u00e4ts von Wissenschaftler*innen, die ins Exil gezwungen wurden. Der thematische Bogen der Ausstellung ist weit gespannt, er reicht von der Geschichte des Wissenschaftsasyls \u00fcber Forschende in Lebensgefahr, Wissenschaft im Exil bis hin zu aktiven Formen der Solidarit\u00e4t. Die Ausstellung ist an der Schnittstelle zwischen wissenschaftlicher Forschung und Kunst entstanden: Ausgangspunkt war das Forschungs- und Kreativprojekt Blick auf das erzwungene wissenschaftliche Exil von gestern und heute (RESTRICA), das von Pascale Laborier, Professorin an der Universit\u00e4t Paris-Nanterre und am Institut f\u00fcr Sozialwissenschaften der Politik (ISP), und dem Fotografen Pierre-J\u00e9r\u00f4me Adjedj entwickelt wurde. In Zusammenarbeit mit dem PAUSE-Programm (Programme national d\u2019accueil en urgence des scientifiques en exil) und der Open Society Foundation wurden 55 Portr\u00e4ts von exilierten Akademikern und ihren Gastgebern erstellt. Die Ausstellung zeigt 15 dieser Portr\u00e4ts. Seit ihrer Entstehung im M\u00e4rz 2021 in der Cit\u00e9 du Design in Saint-\u00c9tienne wurde die Ausstellung 27 Mal in Frankreich, Deutschland, Belgien, Uruguay und den USA gezeigt (weitere Informationen finden <span class=\"s2\">Sie auf der Website <\/span>www.standingforfreedom.eu<span class=\"s2\">).<\/span><\/p>\n<p class=\"p1\"><strong>Organisation<\/strong>: CaNoFF (Campus Nord f\u00fcr Frankreich und Frankofonie, EUF), Prof.in Margot Brink<\/p>\n<p class=\"p1\"><strong>Kooperationspartner<\/strong>: Institut fran\u00e7ais d\u2019Allemagne (Berlin)<\/p>\n<p>****<\/p>\n<p data-path-to-node=\"4\">Que signifie, pour un chercheur ou une chercheuse, de devoir quitter son propre pays ? Quelle est la situation de la libert\u00e9 acad\u00e9mique et de l&#8217;exil scientifique en Europe ? Tels sont les th\u00e8mes de l&#8217;exposition <b data-path-to-node=\"4\" data-index-in-node=\"211\">\u00ab Standing for Freedom &#8211; Poser pour la libert\u00e9 \u00bb<\/b>, qui met en lumi\u00e8re le parcours de chercheurs en exil. L\u2019exposition sera pr\u00e9sent\u00e9e du <b data-path-to-node=\"4\" data-index-in-node=\"346\">20 avril au 8 mai<\/b>\u00e0 l\u2019Universit\u00e9 europ\u00e9enne de Flensburg (B\u00e2timent HEL, rez-de-chauss\u00e9e, couloir). Gr\u00e2ce au soutien financier de l\u2019Institut fran\u00e7ais d\u2019Allemagne (Berlin), le centre CaNoFF de l\u2019EUF (Campus Nord pour la France et la Francophonie) a r\u00e9ussi \u00e0 faire venir cette exposition majeure \u00e0 Flensburg.<\/p>\n<p data-path-to-node=\"5\"><b data-path-to-node=\"5\" data-index-in-node=\"0\">Vernissage et \u00e9v\u00e9nements<\/b> L&#8217;exposition sera inaugur\u00e9e par un vernissage le <b data-path-to-node=\"5\" data-index-in-node=\"74\">22 avril \u00e0 12h00<\/b> (B\u00e2timent HEL, RDC) en pr\u00e9sence du photographe et co-commissaire <b data-path-to-node=\"5\" data-index-in-node=\"156\">Pierre-J\u00e9r\u00f4me Adjedj<\/b>, qui pr\u00e9sentera le th\u00e8me et la conception esth\u00e9tique de l&#8217;\u0153uvre, ainsi que de <b data-path-to-node=\"5\" data-index-in-node=\"255\">V\u00e9ronique Charl\u00e9ty<\/b>, attach\u00e9e de coop\u00e9ration universitaire \u00e0 l&#8217;Ambassade de France \u00e0 Berlin. En compl\u00e9ment, une conf\u00e9rence-d\u00e9bat sur le th\u00e8me de l&#8217;exil scientifique est pr\u00e9vue le <b data-path-to-node=\"5\" data-index-in-node=\"433\">6 mai<\/b> dans le cadre de la Semaine de l&#8217;Europe, avec la participation (sous r\u00e9serve de confirmation) de la <b data-path-to-node=\"5\" data-index-in-node=\"539\">Pr Pascale Laborier<\/b> (co-commissaire de l&#8217;exposition, politologue et experte de l&#8217;exil scientifique et des migrations \u00e0 l&#8217;Universit\u00e9 Paris Nanterre).<\/p>\n<p data-path-to-node=\"6\"><b data-path-to-node=\"6\" data-index-in-node=\"0\">\u00c0 propos de l&#8217;exposition<\/b> Au c\u0153ur de cette exposition bilingue (anglais et fran\u00e7ais) se trouvent quinze portraits de scientifiques contraints \u00e0 l&#8217;exil. Le spectre th\u00e9matique est large : il va de l&#8217;histoire de l&#8217;asile scientifique aux formes actives de solidarit\u00e9, en passant par les chercheurs en danger de mort et la r\u00e9alit\u00e9 de la recherche en exil.<\/p>\n<p data-path-to-node=\"7\">L\u2019exposition est n\u00e9e \u00e0 l&#8217;intersection de la recherche scientifique et de l&#8217;art. Elle est issue du projet de recherche et de cr\u00e9ation <b data-path-to-node=\"7\" data-index-in-node=\"133\">RESTRICA<\/b> (Regards sur l\u2019Exil Scientifique Contraint d&#8217;Ailleurs et d&#8217;hier), d\u00e9velopp\u00e9 par Pascale Laborier et Pierre-J\u00e9r\u00f4me Adjedj. En collaboration avec le programme <b data-path-to-node=\"7\" data-index-in-node=\"299\">PAUSE<\/b> (Programme national d\u2019accueil en urgence des scientifiques en exil) et l&#8217;Open Society Foundation, 55 portraits d&#8217;universitaires exil\u00e9s et de leurs h\u00f4tes ont \u00e9t\u00e9 r\u00e9alis\u00e9s. L&#8217;exposition en pr\u00e9sente une s\u00e9lection de 15. Depuis sa cr\u00e9ation en mars 2021 \u00e0 la Cit\u00e9 du Design de Saint-\u00c9tienne, elle a d\u00e9j\u00e0 \u00e9t\u00e9 pr\u00e9sent\u00e9e \u00e0 27 reprises en France, en Allemagne, en Belgique, en Uruguay et aux \u00c9tats-Unis (plus d&#8217;informations sur www.standingforfreedom.eu).<\/p>\n<ul data-path-to-node=\"8\">\n<li>\n<p data-path-to-node=\"8,0,0\"><b data-path-to-node=\"8,0,0\" data-index-in-node=\"0\">Organisation :<\/b> CaNoFF (Campus Nord pour la France et la Francophonie, EUF), Pr Margot Brink<\/p>\n<\/li>\n<li>\n<p data-path-to-node=\"8,1,0\"><b data-path-to-node=\"8,1,0\" data-index-in-node=\"0\">Partenaire de coop\u00e9ration :<\/b> Institut fran\u00e7ais d\u2019Allemagne (Berlin)<\/p>\n<\/li>\n<\/ul>\n","protected":false},"excerpt":{"rendered":"<p>Was bedeutet es, als Wissenschaftler*in das eigene Land verlassen zu m\u00fcssen? Wie steht es um die Wissenschaftsfreiheit und das Wissenschaftsexil in Europa? Dies sind Themen der Ausstellung \u201eStanding for Freedom &#8211; Poser pour la libert\u00e9\u201c, in deren Mittelpunkt Forschende im Exil und das Thema des Wissenschaftsexils stehen. Zu sehen ist &hellip;<\/p>\n","protected":false},"author":1,"featured_media":1634,"template":"","meta":{"_tribe_events_status":"","_tribe_events_status_reason":"","footnotes":""},"tags":[],"tribe_events_cat":[],"class_list":["post-1638","tribe_events","type-tribe_events","status-publish","has-post-thumbnail","hentry"],"_links":{"self":[{"href":"https:\/\/canoff.de\/index.php?rest_route=\/wp\/v2\/tribe_events\/1638","targetHints":{"allow":["GET"]}}],"collection":[{"href":"https:\/\/canoff.de\/index.php?rest_route=\/wp\/v2\/tribe_events"}],"about":[{"href":"https:\/\/canoff.de\/index.php?rest_route=\/wp\/v2\/types\/tribe_events"}],"author":[{"embeddable":true,"href":"https:\/\/canoff.de\/index.php?rest_route=\/wp\/v2\/users\/1"}],"version-history":[{"count":1,"href":"https:\/\/canoff.de\/index.php?rest_route=\/wp\/v2\/tribe_events\/1638\/revisions"}],"predecessor-version":[{"id":1640,"href":"https:\/\/canoff.de\/index.php?rest_route=\/wp\/v2\/tribe_events\/1638\/revisions\/1640"}],"wp:featuredmedia":[{"embeddable":true,"href":"https:\/\/canoff.de\/index.php?rest_route=\/wp\/v2\/media\/1634"}],"wp:attachment":[{"href":"https:\/\/canoff.de\/index.php?rest_route=%2Fwp%2Fv2%2Fmedia&parent=1638"}],"wp:term":[{"taxonomy":"post_tag","embeddable":true,"href":"https:\/\/canoff.de\/index.php?rest_route=%2Fwp%2Fv2%2Ftags&post=1638"},{"taxonomy":"tribe_events_cat","embeddable":true,"href":"https:\/\/canoff.de\/index.php?rest_route=%2Fwp%2Fv2%2Ftribe_events_cat&post=1638"}],"curies":[{"name":"wp","href":"https:\/\/api.w.org\/{rel}","templated":true}]}}