{"id":1517,"date":"2026-01-27T15:46:25","date_gmt":"2026-01-27T14:46:25","guid":{"rendered":"https:\/\/canoff.de\/?post_type=tribe_events&#038;p=1517"},"modified":"2026-01-27T15:50:24","modified_gmt":"2026-01-27T14:50:24","slug":"booklaunch-soft-autoritaere-diskurspraktiken-antidemokratische-normalisierung-im-frankreich-macrons","status":"publish","type":"tribe_events","link":"https:\/\/canoff.de\/?tribe_events=booklaunch-soft-autoritaere-diskurspraktiken-antidemokratische-normalisierung-im-frankreich-macrons","title":{"rendered":"Booklaunch: &#8222;Soft-autorit\u00e4re Diskurspraktiken. Antidemokratische Normalisierung im Frankreich Macrons&#8220;"},"content":{"rendered":"<p>In seinem neu erschienenen Band untersucht der Bremer Sprachwissenschaftler <strong>Hagen Steinhauer<\/strong>die zunehmende Normalisierung autorit\u00e4rer und illiberaler Diskurse im Frankreich der \u00c4ra Emmanuel Macron. Seit Jahrzehnten ist Frankreich ein zentraler Schauplatz rechtsradikaler Hegemoniek\u00e4mpfe, in denen Ideologien der <em>Nouvelle Droite<\/em> \u2013 rassistisch, antiintellektuell und anti-genderistisch \u2013 immer st\u00e4rker Anschluss an den politischen und medialen Mainstream finden.<\/p>\n<p>Im Gespr\u00e4ch mit <strong>Ulrike Flader<\/strong> gibt der Autor Einblicke in seine Analyse und diskutiert die Bedeutung dieser Entwicklungen f\u00fcr Frankreich und Europa. Die Veranstaltung bietet einen fundierten Blick auf aktuelle politische Diskurse und l\u00e4dt zum Austausch \u00fcber Sprache, Macht und demokratische Kultur ein.<\/p>\n<p>Die Veranstaltung findet auf deutscher Sprache statt und der Eintritt ist kostenfrei!<\/p>\n<p>*****<\/p>\n<p>Dans son nouvel ouvrage, le linguiste br\u00eamois Hagen Steinhauer examine la normalisation croissante des discours autoritaires et illib\u00e9raux dans la France de l&#8217;\u00e8re Emmanuel Macron. Depuis des d\u00e9cennies, la France est le th\u00e9\u00e2tre central de luttes h\u00e9g\u00e9moniques d&#8217;extr\u00eame droite, dans lesquelles les id\u00e9ologies de la Nouvelle Droite \u2013 racistes, anti-intellectuelles et anti-genre \u2013 trouvent de plus en plus leur place dans le courant politique et m\u00e9diatique dominant.<\/p>\n<p>Au cours d&#8217;un entretien avec Ulrike Flader, l&#8217;auteur donne un aper\u00e7u de son analyse et discute de l&#8217;importance de ces \u00e9volutions pour la France et l&#8217;Europe. Cet \u00e9v\u00e9nement offre un regard approfondi sur les d\u00e9bats politiques actuels et invite \u00e0 \u00e9changer sur la langue, le pouvoir et la culture d\u00e9mocratique.<\/p>\n<p>L&#8217;\u00e9v\u00e9nement se d\u00e9roulera en allemand et l&#8217;entr\u00e9e est gratuite !<\/p>\n<p>________________________<br \/>\nFoto: Kyle Bushnell\/Unsplash<\/p>\n","protected":false},"excerpt":{"rendered":"<p>In seinem neu erschienenen Band untersucht der Bremer Sprachwissenschaftler Hagen Steinhauerdie zunehmende Normalisierung autorit\u00e4rer und illiberaler Diskurse im Frankreich der \u00c4ra Emmanuel Macron. Seit Jahrzehnten ist Frankreich ein zentraler Schauplatz rechtsradikaler Hegemoniek\u00e4mpfe, in denen Ideologien der Nouvelle Droite \u2013 rassistisch, antiintellektuell und anti-genderistisch \u2013 immer st\u00e4rker Anschluss an den politischen &hellip;<\/p>\n","protected":false},"author":1,"featured_media":1518,"template":"","meta":{"_tribe_events_status":"","_tribe_events_status_reason":"","footnotes":""},"tags":[],"tribe_events_cat":[],"class_list":["post-1517","tribe_events","type-tribe_events","status-publish","has-post-thumbnail","hentry"],"_links":{"self":[{"href":"https:\/\/canoff.de\/index.php?rest_route=\/wp\/v2\/tribe_events\/1517","targetHints":{"allow":["GET"]}}],"collection":[{"href":"https:\/\/canoff.de\/index.php?rest_route=\/wp\/v2\/tribe_events"}],"about":[{"href":"https:\/\/canoff.de\/index.php?rest_route=\/wp\/v2\/types\/tribe_events"}],"author":[{"embeddable":true,"href":"https:\/\/canoff.de\/index.php?rest_route=\/wp\/v2\/users\/1"}],"version-history":[{"count":4,"href":"https:\/\/canoff.de\/index.php?rest_route=\/wp\/v2\/tribe_events\/1517\/revisions"}],"predecessor-version":[{"id":1522,"href":"https:\/\/canoff.de\/index.php?rest_route=\/wp\/v2\/tribe_events\/1517\/revisions\/1522"}],"wp:featuredmedia":[{"embeddable":true,"href":"https:\/\/canoff.de\/index.php?rest_route=\/wp\/v2\/media\/1518"}],"wp:attachment":[{"href":"https:\/\/canoff.de\/index.php?rest_route=%2Fwp%2Fv2%2Fmedia&parent=1517"}],"wp:term":[{"taxonomy":"post_tag","embeddable":true,"href":"https:\/\/canoff.de\/index.php?rest_route=%2Fwp%2Fv2%2Ftags&post=1517"},{"taxonomy":"tribe_events_cat","embeddable":true,"href":"https:\/\/canoff.de\/index.php?rest_route=%2Fwp%2Fv2%2Ftribe_events_cat&post=1517"}],"curies":[{"name":"wp","href":"https:\/\/api.w.org\/{rel}","templated":true}]}}