{"id":1109,"date":"2025-09-25T09:41:32","date_gmt":"2025-09-25T07:41:32","guid":{"rendered":"https:\/\/canoff.de\/?post_type=tribe_events&#038;p=1109"},"modified":"2025-09-25T09:43:23","modified_gmt":"2025-09-25T07:43:23","slug":"lesung-zur-rentree-litteraire-2025-lecture-a-loccasion-de-la-rentree-litteraire-2025","status":"publish","type":"tribe_events","link":"https:\/\/canoff.de\/?tribe_events=lesung-zur-rentree-litteraire-2025-lecture-a-loccasion-de-la-rentree-litteraire-2025","title":{"rendered":"Lesung zur Rentr\u00e9e litt\u00e9raire 2025 | Lecture \u00e0 l&#8217;occasion de la rentr\u00e9e litt\u00e9raire 2025"},"content":{"rendered":"<p>Wir m\u00f6chten herzlichst zur diesj\u00e4hrigen Lesung zur <em>Rentr\u00e9e litt\u00e9raire 2025<\/em>\u00a0in der Buchhandlung Schweitzer Fachinformationen einladen. Jedes Jahr erscheinen gegen September eine Vielzahl von B\u00fcchern in frankophonen Verlagen, so viele, wie an anderen Zeitpunkten des Jahres nie. Unter ihnen befinden sich nicht nur hoch interessante sowie spannende Lekt\u00fcren, sondern mit hoher Wahrscheinlichkeit auch viele zuk\u00fcnftige Preistr\u00e4ger der gro\u00dfen franz\u00f6sischen und frankophonen Literaturpreise.<\/p>\n<p>Tauchen Sie mit uns ein in eine Auswahl aktueller Titel, die von einem <em>literarischen Sextett<\/em> bestehend aus B\u00e9n\u00e9dicte Barth, Ursula Biehl, Marie Birken, Meike Hethey, Jody Danard und Karen Struve besprochen und vorgestellt werden.<\/p>\n<p>***<\/p>\n<p>Nous avons le plaisir de vous inviter \u00e0 la lecture de la <em>Rentr\u00e9e litt\u00e9raire 2025<\/em> \u00e0 la librairie Schweitzer Fachinformationen. Chaque ann\u00e9e, vers le mois de septembre, une multitude de livres paraissent chez des \u00e9diteurs francophones. Parmi eux, on trouve non seulement des lectures tr\u00e8s int\u00e9ressantes et passionnantes, mais aussi tr\u00e8s probablement de futurs laur\u00e9ats des grands prix litt\u00e9raires fran\u00e7ais et francophones.<\/p>\n<p>Plongez avec nous dans une s\u00e9lection de titres actuels, comment\u00e9s et pr\u00e9sent\u00e9s par B\u00e9n\u00e9dicte Barth, Ursula Biehl, Marie Birken, Meike Hethey, Jody Danard et Karen Struve.<\/p>\n","protected":false},"excerpt":{"rendered":"<p>Wir m\u00f6chten herzlichst zur diesj\u00e4hrigen Lesung zur Rentr\u00e9e litt\u00e9raire 2025\u00a0in der Buchhandlung Schweitzer Fachinformationen einladen. Jedes Jahr erscheinen gegen September eine Vielzahl von B\u00fcchern in frankophonen Verlagen, so viele, wie an anderen Zeitpunkten des Jahres nie. Unter ihnen befinden sich nicht nur hoch interessante sowie spannende Lekt\u00fcren, sondern mit hoher &hellip;<\/p>\n","protected":false},"author":1,"featured_media":1111,"template":"","meta":{"_tribe_events_status":"","_tribe_events_status_reason":"","footnotes":""},"tags":[],"tribe_events_cat":[101],"class_list":["post-1109","tribe_events","type-tribe_events","status-publish","has-post-thumbnail","hentry","tribe_events_cat-lesung","cat_lesung"],"_links":{"self":[{"href":"https:\/\/canoff.de\/index.php?rest_route=\/wp\/v2\/tribe_events\/1109","targetHints":{"allow":["GET"]}}],"collection":[{"href":"https:\/\/canoff.de\/index.php?rest_route=\/wp\/v2\/tribe_events"}],"about":[{"href":"https:\/\/canoff.de\/index.php?rest_route=\/wp\/v2\/types\/tribe_events"}],"author":[{"embeddable":true,"href":"https:\/\/canoff.de\/index.php?rest_route=\/wp\/v2\/users\/1"}],"version-history":[{"count":1,"href":"https:\/\/canoff.de\/index.php?rest_route=\/wp\/v2\/tribe_events\/1109\/revisions"}],"predecessor-version":[{"id":1110,"href":"https:\/\/canoff.de\/index.php?rest_route=\/wp\/v2\/tribe_events\/1109\/revisions\/1110"}],"wp:featuredmedia":[{"embeddable":true,"href":"https:\/\/canoff.de\/index.php?rest_route=\/wp\/v2\/media\/1111"}],"wp:attachment":[{"href":"https:\/\/canoff.de\/index.php?rest_route=%2Fwp%2Fv2%2Fmedia&parent=1109"}],"wp:term":[{"taxonomy":"post_tag","embeddable":true,"href":"https:\/\/canoff.de\/index.php?rest_route=%2Fwp%2Fv2%2Ftags&post=1109"},{"taxonomy":"tribe_events_cat","embeddable":true,"href":"https:\/\/canoff.de\/index.php?rest_route=%2Fwp%2Fv2%2Ftribe_events_cat&post=1109"}],"curies":[{"name":"wp","href":"https:\/\/api.w.org\/{rel}","templated":true}]}}