{"id":969,"date":"2025-04-22T08:00:01","date_gmt":"2025-04-22T06:00:01","guid":{"rendered":"https:\/\/canoff.de\/?page_id=969"},"modified":"2026-01-20T13:42:49","modified_gmt":"2026-01-20T12:42:49","slug":"politiques-et-esthetiques-dans-les-espaces-francophones","status":"publish","type":"page","link":"https:\/\/canoff.de\/?page_id=969","title":{"rendered":"Politiken, Ethiken und \u00c4sthetiken in frankophonen R\u00e4umen"},"content":{"rendered":"\n<p>Frankophone Welten und Kulturr\u00e4ume stehen im Mittelpunkt dieser Forschungsachse und damit zugleich deren (post)koloniale Pr\u00e4gung sowie geopolitische Bedeutung in Vergangenheit und Gegenwart. Die Analyse der Vielfalt dieser frankophonen R\u00e4ume, die&nbsp;vom&nbsp; kanadischen&nbsp;Qu\u00e9bec \u00fcber etliche Staaten des afrikanischen Kontinents bis in die Region des Indischen Ozeans und die frankophonen R\u00e4ume Europas reicht, kann aus der Sichtweise verschiedener Disziplinen erfolgen.&nbsp;<\/p>\n\n\n\n<p>Ein verbindendes Element stellt gleichwohl die Verkn\u00fcpfung von politischen, \u00e4sthetischen und ethischen Perspektivierungen dar. Ob es um&nbsp;Sprache\/Sprachpolitiken, kulturelle&nbsp;Manifestationen oder politische Interventionen geht, so soll die verschr\u00e4nkende Analyse der politischen, ethischen und \u00e4sthetischen Aspekte zum Verst\u00e4ndnis der in der Vergangenheit verankerten und f\u00fcr die Zukunft so wichtigen frankophonen R\u00e4ume beitragen.&nbsp;<\/p>\n\n\n\n<p>In dieser Forschungsachse stehen jene Arbeiten im Fokus,&nbsp;die sich einerseits mit Blick auf kulturtheoretische Debatten neuer Universalismen&nbsp;und frankophonen Weltliteraturen auseinandersetzen und andererseits mit der Frage nach der Rolle von Literatur in diesem Kontext.&nbsp;Das Dispositiv&nbsp;des Raumes er\u00f6ffnet dabei eine Perspektive, die die Frankophonie in ihrer mehrdimensionalen Konstruktivit\u00e4t und Vielf\u00e4ltigkeit&nbsp;erkennen l\u00e4sst.&nbsp;Welche Bedeutung der Interrelation politischer und \u00e4sthetischer Ph\u00e4nomene und Strategien&nbsp;bei der&nbsp;Imagination und&nbsp;Gestaltung von Begrenzungen und Ausdehnungen, aber auch bei der Verortung&nbsp;kultureller&nbsp;Ereignisse und Objekte innerhalb und au\u00dferhalb solcher \u2018R\u00e4umlichkeiten\u2019 zukommt, ist Erkenntnisinteresse dieser Forschungsachse.<\/p>\n\n\n\n<p>#\u00e9criture&nbsp;du Nord,&nbsp;po\u00e9sie&nbsp;acadienne&nbsp;et nord-c\u00f4ti\u00e8re&nbsp;#humanit\u00e9s&nbsp;bleues #Kulturalit\u00e4t und \u00c4sthetik von K\u00fcstenregionen#Narrative von Passivit\u00e4t und Verantwortung&nbsp;#frankophones Kino aus Afrika #la peur de l\u2018autre #postkoloniale Frankophonie #Literaturen aus Qu\u00e9bec&nbsp;&nbsp;&nbsp;&nbsp;&nbsp;&nbsp; # autochtone Literaturen aus Qu\u00e9bec&nbsp;#Mythosforschung&nbsp;#Kulturelle Praktiken der Reparation #Repr\u00e4sentation und Machtasymmetrien<\/p>\n","protected":false},"excerpt":{"rendered":"<p>Frankophone Welten und Kulturr\u00e4ume stehen im Mittelpunkt dieser Forschungsachse und damit zugleich deren (post)koloniale Pr\u00e4gung sowie geopolitische Bedeutung in Vergangenheit und Gegenwart. Die Analyse der Vielfalt dieser frankophonen R\u00e4ume, die&nbsp;vom&nbsp; kanadischen&nbsp;Qu\u00e9bec \u00fcber etliche Staaten des afrikanischen Kontinents bis in die Region des Indischen Ozeans und die frankophonen R\u00e4ume Europas reicht, &hellip;<\/p>\n","protected":false},"author":1,"featured_media":0,"parent":0,"menu_order":0,"comment_status":"closed","ping_status":"closed","template":"","meta":{"footnotes":""},"class_list":["post-969","page","type-page","status-publish","hentry"],"_links":{"self":[{"href":"https:\/\/canoff.de\/index.php?rest_route=\/wp\/v2\/pages\/969","targetHints":{"allow":["GET"]}}],"collection":[{"href":"https:\/\/canoff.de\/index.php?rest_route=\/wp\/v2\/pages"}],"about":[{"href":"https:\/\/canoff.de\/index.php?rest_route=\/wp\/v2\/types\/page"}],"author":[{"embeddable":true,"href":"https:\/\/canoff.de\/index.php?rest_route=\/wp\/v2\/users\/1"}],"replies":[{"embeddable":true,"href":"https:\/\/canoff.de\/index.php?rest_route=%2Fwp%2Fv2%2Fcomments&post=969"}],"version-history":[{"count":5,"href":"https:\/\/canoff.de\/index.php?rest_route=\/wp\/v2\/pages\/969\/revisions"}],"predecessor-version":[{"id":1439,"href":"https:\/\/canoff.de\/index.php?rest_route=\/wp\/v2\/pages\/969\/revisions\/1439"}],"wp:attachment":[{"href":"https:\/\/canoff.de\/index.php?rest_route=%2Fwp%2Fv2%2Fmedia&parent=969"}],"curies":[{"name":"wp","href":"https:\/\/api.w.org\/{rel}","templated":true}]}}