{"id":259,"date":"2023-06-18T17:41:29","date_gmt":"2023-06-18T15:41:29","guid":{"rendered":"https:\/\/canoff.de\/?page_id=259"},"modified":"2026-04-28T15:37:12","modified_gmt":"2026-04-28T13:37:12","slug":"boite-a-idees","status":"publish","type":"page","link":"https:\/\/canoff.de\/?page_id=259","title":{"rendered":"Ausschreibungen"},"content":{"rendered":"\n<div class=\"wp-block-columns is-layout-flex wp-container-core-columns-is-layout-9d6595d7 wp-block-columns-is-layout-flex\">\n<div class=\"wp-block-column is-layout-flow wp-block-column-is-layout-flow\" style=\"flex-basis:50%\">\n<div class=\"wp-block-group is-vertical is-layout-flex wp-container-core-group-is-layout-8cf370e7 wp-block-group-is-layout-flex\">\n<h2 class=\"wp-block-heading alignwide\" id=\"we-re-a-studio-in-berlin-with-an-international-practice-in-architecture-urban-planning-and-interior-design-we-believe-in-sharing-knowledge-and-promoting-dialogue-to-increase-the-creative-potential-of-collaboration\" style=\"font-size:48px;line-height:1.1\">Bo\u00eete \u00e0 id\u00e9es: <\/h2>\n\n\n\n<p>Fortlaufend freuen wir uns \u00fcber Ihre Ideen! <\/p>\n\n\n\n<p>Wir forschen und lehren an norddeutschen Universit\u00e4ten &#8211; in Kooperation mit Kolleginnen und Kollegen in Frankreich und der Frankophonie. Wir stellen Fragen, suchen Antworten, stellen noch mehr Fragen.<\/p>\n\n\n\n<p>Aber was treibt Sie um? Was denken Sie, was CaNoFF untersuchen sollte?<\/p>\n\n\n\n<p>Lassen Sie uns an Ihren offenen Fragen, Ihren Ideen und Anregungen teilhaben! <a href=\"mailto:canoff@uni-bremen.de\" target=\"_blank\" rel=\"noreferrer noopener\">Schreiben Sie uns! <\/a><\/p>\n\n\n\n<p><\/p>\n<\/div>\n<\/div>\n\n\n\n<div class=\"wp-block-column is-layout-flow wp-block-column-is-layout-flow\" style=\"flex-basis:50%\">\n<figure class=\"wp-block-image size-large is-resized\"><img loading=\"lazy\" decoding=\"async\" width=\"727\" height=\"1024\" src=\"https:\/\/canoff.de\/wp-content\/uploads\/2024\/01\/Postkarte-Boite-a-idees-verschoben-727x1024.jpg\" alt=\"\" class=\"wp-image-534\" style=\"width:187px;height:auto\" srcset=\"https:\/\/canoff.de\/wp-content\/uploads\/2024\/01\/Postkarte-Boite-a-idees-verschoben-727x1024.jpg 727w, https:\/\/canoff.de\/wp-content\/uploads\/2024\/01\/Postkarte-Boite-a-idees-verschoben-213x300.jpg 213w, https:\/\/canoff.de\/wp-content\/uploads\/2024\/01\/Postkarte-Boite-a-idees-verschoben-768x1082.jpg 768w, https:\/\/canoff.de\/wp-content\/uploads\/2024\/01\/Postkarte-Boite-a-idees-verschoben-1090x1536.jpg 1090w, https:\/\/canoff.de\/wp-content\/uploads\/2024\/01\/Postkarte-Boite-a-idees-verschoben-142x200.jpg 142w, https:\/\/canoff.de\/wp-content\/uploads\/2024\/01\/Postkarte-Boite-a-idees-verschoben.jpg 1241w\" sizes=\"auto, (max-width: 727px) 100vw, 727px\" \/><\/figure>\n<\/div>\n<\/div>\n\n\n\n<h2 class=\"wp-block-heading alignwide\" id=\"we-re-a-studio-in-berlin-with-an-international-practice-in-architecture-urban-planning-and-interior-design-we-believe-in-sharing-knowledge-and-promoting-dialogue-to-increase-the-creative-potential-of-collaboration\" style=\"font-size:48px;line-height:1.1\">F\u00f6rderm\u00f6glichkeiten<\/h2>\n\n\n\n<p>Wenn Sie Hinweise auf F\u00f6rderm\u00f6glichkeiten haben, lassen Sie es uns gerne wissen!<\/p>\n\n\n\n<h2 class=\"wp-block-heading alignwide\" id=\"we-re-a-studio-in-berlin-with-an-international-practice-in-architecture-urban-planning-and-interior-design-we-believe-in-sharing-knowledge-and-promoting-dialogue-to-increase-the-creative-potential-of-collaboration\" style=\"font-size:48px;line-height:1.1\"><strong>Projekte f\u00fcr Studierende<\/strong><\/h2>\n\n\n\n<p><strong>Utopie Europa<\/strong><br>Utopie Europa geht in die siebte Runde! Das\u00a0<strong>Hochschulb\u00fcro\u00a0der franz\u00f6sischen Botschaft\/Institut fran\u00e7ais Deutschland<\/strong>\u00a0(IFD) in Berlin und die\u00a0<strong>Deutsch-Franz\u00f6sische Hochschule (DFH)<\/strong>\u00a0suchen die\u00a0<strong><a href=\"https:\/\/utopieeuropa.institutfrancais.de\/wp-content\/uploads\/2026\/03\/Presentation-Utopie-Europa-Preis-2026.pdf\" target=\"_blank\" rel=\"noreferrer noopener\">besten Projekte und Ideen, die Europa in der Hochschule erlebbar machen<\/a><\/strong>\u00a0und vielleicht sogar zum Nachahmen anregen:\u00a0Von Social Media-Aktionen bis hin zu (Kurz-)Filmen und Podcasts u.v.m., die das europ\u00e4ische Miteinander an den Hochschulen zeigen und bef\u00f6rdern und sich f\u00fcr die St\u00e4rkung einer demokratischen Gesellschaft einsetzen \u2014 an Hochschulen geschieht so viel!<\/p>\n\n\n\n<p><em>Ablauf des Wettbewerbs:<\/em><br>Studierende reichen im Team und in Form des Mediums ihrer Wahl einen Beitrag ein, der ein Projekt an ihrer Hochschule vorstellt, das sich f\u00fcr Demokratie und Europa einsetzt. Die eingereichten Formate werden einer Jury vorgestellt, die \u00fcber die drei Gewinner:innen-Teams des \u201eUtopie Europa Preises 2026\u201c entscheidet.<\/p>\n\n\n\n<p><em>Die drei besten Projekte erhalten eine F\u00f6rderung von bis zu 1.000\u20ac!<\/em><br>Bewerbungsfrist: 1<strong>5. Juni\u00a02026, an folgende E-Mail-Adresse:\u00a0<\/strong><a href=\"mailto:nicole.martinez@institutfrancais.de\"><strong>nicole.martinez@institutfrancais.de<\/strong><\/a><strong>.<\/strong><\/p>\n\n\n\n<p><a href=\"https:\/\/utopieeuropa.institutfrancais.de\/wp-content\/uploads\/2026\/03\/Presentation-Utopie-Europa-Preis-2026.pdf\"><strong>Weitere Informationen finden Sie hier<\/strong><\/a><\/p>\n\n\n\n<h2 class=\"wp-block-heading alignwide\" id=\"we-re-a-studio-in-berlin-with-an-international-practice-in-architecture-urban-planning-and-interior-design-we-believe-in-sharing-knowledge-and-promoting-dialogue-to-increase-the-creative-potential-of-collaboration\" style=\"font-size:48px;line-height:1.1\">Stellen \/ Praktika<\/h2>\n\n\n\n<p>Wenn Sie Hinweise auf Stellen und\/oder Praktika haben, lassen Sie es uns gerne wissen!<\/p>\n\n\n\n<h2 class=\"wp-block-heading\" style=\"font-size:48px\">Diverses<\/h2>\n\n\n\n<p><strong>Franz\u00f6sische Sommeruniversit\u00e4t 2026 in Freiburg<\/strong>: <em>F<strong>ran\u00e7ais.es et Allemand.es \u2013 une riche histoire de \u00ab&nbsp;Je t\u2019aime&#8230; moi non plus&#8230;&nbsp;\u00bb&nbsp;<\/strong><\/em><br>Ein Versprecher des franz\u00f6sischen Premierministers Ayrault \u2013 der 2012 in Berlin vom \u201efurchtbaren&#8220; statt \u201efruchtbaren&#8220; Austausch sprach \u2013 steht sinnbildlich f\u00fcr das wechselhafte deutsch-franz\u00f6sische Verh\u00e4ltnis. Zwischen Bewunderung und Belustigung, Freundschaft und Rivalit\u00e4t, touristischer Asymmetrie und kulinarischer Einbahnstra\u00dfe: Die franz\u00f6sische Sommeruniversit\u00e4t des Frankreich-Zentrums widmet sich in diesem Jahr genau diesen H\u00f6hen und Tiefen \u2013 in Politik, Literatur, Film, Musik, Sport, Gastronomie und dem interkulturellen Alltag.<\/p>\n\n\n\n<ul class=\"wp-block-list\">\n<li>Dauer: 31. August &#8211; 04. September 2026<\/li>\n\n\n\n<li>Anmeldeschluss: 01. Juli 2026<\/li>\n\n\n\n<li>Unterrichtssprache: Franz\u00f6sisch<\/li>\n\n\n\n<li>Voraussetzung: Mindestens gute Franz\u00f6sischkenntnisse (entspricht f\u00fcr die Erwachsenenkurse dem<\/li>\n\n\n\n<li>Niveau B1 des Gemeinsamen Europ\u00e4ischen Referenzrahmens f\u00fcr Sprachen und f\u00fcr die Sch\u00fclerInnenkurse einem befriedigenden Sprachniveau in der 11. Klasse). Die Einstufung erfolgt nach Selbsteinsch\u00e4tzung der TeilnehmerInnen.<\/li>\n<\/ul>\n\n\n\n<p>Weitere Informationen: <a href=\"https:\/\/www.fz.uni-freiburg.de\/de\/veranstaltungen\/sommeruni\">https:\/\/www.fz.uni-freiburg.de\/de\/veranstaltungen\/sommeruni<\/a><\/p>\n","protected":false},"excerpt":{"rendered":"<p>Bo\u00eete \u00e0 id\u00e9es: Fortlaufend freuen wir uns \u00fcber Ihre Ideen! Wir forschen und lehren an norddeutschen Universit\u00e4ten &#8211; in Kooperation mit Kolleginnen und Kollegen in Frankreich und der Frankophonie. Wir stellen Fragen, suchen Antworten, stellen noch mehr Fragen. Aber was treibt Sie um? Was denken Sie, was CaNoFF untersuchen sollte? &hellip;<\/p>\n","protected":false},"author":1,"featured_media":0,"parent":0,"menu_order":0,"comment_status":"closed","ping_status":"closed","template":"","meta":{"footnotes":""},"class_list":["post-259","page","type-page","status-publish","hentry"],"_links":{"self":[{"href":"https:\/\/canoff.de\/index.php?rest_route=\/wp\/v2\/pages\/259","targetHints":{"allow":["GET"]}}],"collection":[{"href":"https:\/\/canoff.de\/index.php?rest_route=\/wp\/v2\/pages"}],"about":[{"href":"https:\/\/canoff.de\/index.php?rest_route=\/wp\/v2\/types\/page"}],"author":[{"embeddable":true,"href":"https:\/\/canoff.de\/index.php?rest_route=\/wp\/v2\/users\/1"}],"replies":[{"embeddable":true,"href":"https:\/\/canoff.de\/index.php?rest_route=%2Fwp%2Fv2%2Fcomments&post=259"}],"version-history":[{"count":36,"href":"https:\/\/canoff.de\/index.php?rest_route=\/wp\/v2\/pages\/259\/revisions"}],"predecessor-version":[{"id":1762,"href":"https:\/\/canoff.de\/index.php?rest_route=\/wp\/v2\/pages\/259\/revisions\/1762"}],"wp:attachment":[{"href":"https:\/\/canoff.de\/index.php?rest_route=%2Fwp%2Fv2%2Fmedia&parent=259"}],"curies":[{"name":"wp","href":"https:\/\/api.w.org\/{rel}","templated":true}]}}