{"id":23,"date":"2023-05-31T11:21:43","date_gmt":"2023-05-31T09:21:43","guid":{"rendered":"https:\/\/canoff.de\/?page_id=23"},"modified":"2025-10-08T13:57:56","modified_gmt":"2025-10-08T11:57:56","slug":"ueber-uns","status":"publish","type":"page","link":"https:\/\/canoff.de\/?page_id=23","title":{"rendered":"\u00dcber Campus Nord f\u00fcr Frankreich &amp; Frankophonie &#8211; CaNoFF"},"content":{"rendered":"\n<figure class=\"wp-block-image size-full\"><img loading=\"lazy\" decoding=\"async\" width=\"9933\" height=\"14043\" src=\"https:\/\/canoff.de\/wp-content\/uploads\/2023\/12\/Plakat-Info-CaNoFF_final.jpg\" alt=\"\" class=\"wp-image-464\"\/><\/figure>\n\n\n\n<p><\/p>\n\n\n\n<h2 class=\"wp-block-heading\">Organisationsstruktur<\/h2>\n\n\n\n<div class=\"wp-block-columns is-layout-flex wp-container-core-columns-is-layout-9d6595d7 wp-block-columns-is-layout-flex\">\n<div class=\"wp-block-column is-layout-flow wp-block-column-is-layout-flow\">\n<p class=\"has-text-align-left has-accent-1-color has-text-color\"><strong>Sprecherin <\/strong>&amp; <br><strong>Leiterin Standort Bremen: <\/strong><br><strong>Prof. Dr. Karen Struve<\/strong><\/p>\n\n\n<div class=\"wp-block-image is-resized\">\n<figure class=\"alignleft size-full\"><img loading=\"lazy\" decoding=\"async\" width=\"345\" height=\"458\" src=\"https:\/\/canoff.de\/wp-content\/uploads\/2023\/06\/Karen_Struve.jpg\" alt=\"\" class=\"wp-image-110\" style=\"width:206px;height:auto\" srcset=\"https:\/\/canoff.de\/wp-content\/uploads\/2023\/06\/Karen_Struve.jpg 345w, https:\/\/canoff.de\/wp-content\/uploads\/2023\/06\/Karen_Struve-226x300.jpg 226w\" sizes=\"auto, (max-width: 345px) 100vw, 345px\" \/><figcaption class=\"wp-element-caption\">\u00a9 Katrin Adler<\/figcaption><\/figure>\n<\/div>\n\n<div class=\"wp-block-image is-resized\">\n<figure class=\"alignleft size-full\"><img loading=\"lazy\" decoding=\"async\" width=\"226\" height=\"80\" src=\"https:\/\/canoff.de\/wp-content\/uploads\/2023\/06\/Logo_Uni-Bremen.png\" alt=\"\" class=\"wp-image-112\" style=\"width:153px;height:auto\"\/><\/figure>\n<\/div><\/div>\n\n\n\n<div class=\"wp-block-column is-layout-flow wp-block-column-is-layout-flow\">\n<p class=\"has-text-align-left has-accent-1-color has-text-color\"><strong>Leiterin <\/strong><br><strong>Standort Flensburg:<\/strong> <br><strong>Prof. Dr. Margot Brink&nbsp;<\/strong><\/p>\n\n\n\n<figure class=\"wp-block-image size-full is-resized\"><img loading=\"lazy\" decoding=\"async\" width=\"230\" height=\"289\" src=\"https:\/\/canoff.de\/wp-content\/uploads\/2023\/06\/csm_brink-margot_b43d535ba8.jpg\" alt=\"\" class=\"wp-image-134\"\/><figcaption class=\"wp-element-caption\">\u00a9 ME2BE, Sebastian Weimar<\/figcaption><\/figure>\n\n\n\n<figure class=\"wp-block-image size-full is-resized\"><img loading=\"lazy\" decoding=\"async\" width=\"385\" height=\"97\" src=\"https:\/\/canoff.de\/wp-content\/uploads\/2023\/06\/Logo_Uni-Flensburg-1.png\" alt=\"\" class=\"wp-image-242\"\/><\/figure>\n<\/div>\n\n\n\n<div class=\"wp-block-column is-layout-flow wp-block-column-is-layout-flow\">\n<p class=\"has-text-align-left has-accent-1-color has-text-color\"><strong>Leiterin <\/strong><br><strong>Standort Rostock:<\/strong> <br><strong>Prof. Dr. Stephanie Wodianka<\/strong><\/p>\n\n\n\n<figure class=\"wp-block-image size-large is-resized\"><img loading=\"lazy\" decoding=\"async\" width=\"506\" height=\"675\" src=\"https:\/\/canoff.de\/wp-content\/uploads\/2023\/06\/csm_WodiankaPortrait_4476139e67-edited.jpg\" alt=\"\" class=\"wp-image-136\" style=\"width:220px;height:auto\" srcset=\"https:\/\/canoff.de\/wp-content\/uploads\/2023\/06\/csm_WodiankaPortrait_4476139e67-edited.jpg 506w, https:\/\/canoff.de\/wp-content\/uploads\/2023\/06\/csm_WodiankaPortrait_4476139e67-edited-225x300.jpg 225w\" sizes=\"auto, (max-width: 506px) 100vw, 506px\" \/><figcaption class=\"wp-element-caption\">\u00a9 ITMZ ,  Julia Tetzke<\/figcaption><\/figure>\n\n\n\n<figure class=\"wp-block-image size-full is-resized\"><img loading=\"lazy\" decoding=\"async\" width=\"443\" height=\"94\" src=\"https:\/\/canoff.de\/wp-content\/uploads\/2023\/06\/Logo_Uni-Rostock.png\" alt=\"\" class=\"wp-image-243\"\/><\/figure>\n<\/div>\n\n\n\n<div class=\"wp-block-column is-layout-flow wp-block-column-is-layout-flow\">\n<p class=\"has-text-align-left has-accent-1-color has-text-color\"><strong>Gesch\u00e4ftsf\u00fchrung<\/strong><br><strong>Universit\u00e4t Bremen: <br>Dr. Johanne Mohs<\/strong><\/p>\n\n\n\n<figure class=\"wp-block-image size-full is-resized\"><img loading=\"lazy\" decoding=\"async\" width=\"1920\" height=\"2560\" src=\"https:\/\/canoff.de\/wp-content\/uploads\/2025\/10\/Jo.Foto_CaNoFF-homepage.JPG-edited-scaled.jpg\" alt=\"\" class=\"wp-image-1125\" style=\"width:222px;height:auto\" srcset=\"https:\/\/canoff.de\/wp-content\/uploads\/2025\/10\/Jo.Foto_CaNoFF-homepage.JPG-edited-scaled.jpg 1920w, https:\/\/canoff.de\/wp-content\/uploads\/2025\/10\/Jo.Foto_CaNoFF-homepage.JPG-edited-225x300.jpg 225w, https:\/\/canoff.de\/wp-content\/uploads\/2025\/10\/Jo.Foto_CaNoFF-homepage.JPG-edited-768x1024.jpg 768w, https:\/\/canoff.de\/wp-content\/uploads\/2025\/10\/Jo.Foto_CaNoFF-homepage.JPG-edited-1152x1536.jpg 1152w, https:\/\/canoff.de\/wp-content\/uploads\/2025\/10\/Jo.Foto_CaNoFF-homepage.JPG-edited-1536x2048.jpg 1536w, https:\/\/canoff.de\/wp-content\/uploads\/2025\/10\/Jo.Foto_CaNoFF-homepage.JPG-edited-150x200.jpg 150w\" sizes=\"auto, (max-width: 1920px) 100vw, 1920px\" \/><figcaption class=\"wp-element-caption\">\u00a9 Johanne Mohs<\/figcaption><\/figure>\n\n\n\n<figure class=\"wp-block-image size-full is-resized\"><img loading=\"lazy\" decoding=\"async\" width=\"226\" height=\"80\" src=\"https:\/\/canoff.de\/wp-content\/uploads\/2023\/06\/Logo_Uni-Bremen-1.png\" alt=\"\" class=\"wp-image-113\" style=\"width:164px;height:auto\"\/><\/figure>\n<\/div>\n<\/div>\n\n\n\n<p><\/p>\n\n\n\n<p><\/p>\n\n\n\n<p><\/p>\n\n\n\n<p><\/p>\n","protected":false},"excerpt":{"rendered":"<p>Organisationsstruktur Sprecherin &amp; Leiterin Standort Bremen: Prof. Dr. Karen Struve Leiterin Standort Flensburg: Prof. Dr. Margot Brink&nbsp; Leiterin Standort Rostock: Prof. Dr. Stephanie Wodianka Gesch\u00e4ftsf\u00fchrungUniversit\u00e4t Bremen: Dr. Johanne Mohs<\/p>\n","protected":false},"author":1,"featured_media":0,"parent":0,"menu_order":0,"comment_status":"closed","ping_status":"closed","template":"","meta":{"footnotes":""},"class_list":["post-23","page","type-page","status-publish","hentry"],"_links":{"self":[{"href":"https:\/\/canoff.de\/index.php?rest_route=\/wp\/v2\/pages\/23","targetHints":{"allow":["GET"]}}],"collection":[{"href":"https:\/\/canoff.de\/index.php?rest_route=\/wp\/v2\/pages"}],"about":[{"href":"https:\/\/canoff.de\/index.php?rest_route=\/wp\/v2\/types\/page"}],"author":[{"embeddable":true,"href":"https:\/\/canoff.de\/index.php?rest_route=\/wp\/v2\/users\/1"}],"replies":[{"embeddable":true,"href":"https:\/\/canoff.de\/index.php?rest_route=%2Fwp%2Fv2%2Fcomments&post=23"}],"version-history":[{"count":59,"href":"https:\/\/canoff.de\/index.php?rest_route=\/wp\/v2\/pages\/23\/revisions"}],"predecessor-version":[{"id":1126,"href":"https:\/\/canoff.de\/index.php?rest_route=\/wp\/v2\/pages\/23\/revisions\/1126"}],"wp:attachment":[{"href":"https:\/\/canoff.de\/index.php?rest_route=%2Fwp%2Fv2%2Fmedia&parent=23"}],"curies":[{"name":"wp","href":"https:\/\/api.w.org\/{rel}","templated":true}]}}