{"id":1433,"date":"2026-01-20T13:39:53","date_gmt":"2026-01-20T12:39:53","guid":{"rendered":"https:\/\/canoff.de\/?page_id=1433"},"modified":"2026-01-20T13:39:53","modified_gmt":"2026-01-20T12:39:53","slug":"politiques-ethiques-et-esthetiques-dans-les-espaces-francophones","status":"publish","type":"page","link":"https:\/\/canoff.de\/?page_id=1433&lang=fr","title":{"rendered":"Politiques, \u00e9thiques et esth\u00e9tiques dans les espaces francophones"},"content":{"rendered":"\n<p>Les mondes et espaces culturels francophones sont au centre de cet axe de recherche, et par cons\u00e9quent \u00e9galement leur empreinte (post)coloniale ainsi que leur importance g\u00e9opolitique dans le pass\u00e9 et le pr\u00e9sent. L\u2019analyse de la diversit\u00e9 de ces espaces francophones, qui s\u2019\u00e9tend du Qu\u00e9bec canadien \u00e0 travers de nombreux \u00c9tats du continent africain jusqu\u2019\u00e0 la r\u00e9gion de l\u2019oc\u00e9an Indien et aux espaces francophones d\u2019Europe, peut \u00eatre r\u00e9alis\u00e9e du point de vue de diff\u00e9rentes disciplines.<\/p>\n\n\n\n<p>Un \u00e9l\u00e9ment unificateur est n\u00e9anmoins l\u2019articulation des perspectives politiques, esth\u00e9tiques et \u00e9thiques. Qu\u2019il s\u2019agisse de langue\/politiques linguistiques, de manifestations culturelles ou d\u2019interventions politiques, l\u2019analyse crois\u00e9e des aspects politiques, \u00e9thiques et esth\u00e9tiques doit contribuer \u00e0 la compr\u00e9hension des espaces francophones ancr\u00e9s dans le pass\u00e9 et si importants pour l\u2019avenir.<\/p>\n\n\n\n<p>Cet axe de recherche se concentre sur les travaux qui, d\u2019une part, abordent les d\u00e9bats th\u00e9oriques culturels sur les nouveaux universalismes et les litt\u00e9ratures mondiales francophones et, d\u2019autre part, la question du r\u00f4le de la litt\u00e9rature dans ce contexte. Le dispositif de l\u2019espace ouvre une perspective qui permet de reconna\u00eetre la francophonie dans sa constructivit\u00e9 multidimensionnelle et sa diversit\u00e9. L\u2019int\u00e9r\u00eat de connaissance de cet axe de recherche est l\u2019importance de l\u2019interrelation des ph\u00e9nom\u00e8nes et strat\u00e9gies politiques et esth\u00e9tiques dans l\u2019imagination et la conception des limites et des extensions, mais aussi dans la localisation des \u00e9v\u00e9nements et objets culturels \u00e0 l\u2019int\u00e9rieur et \u00e0 l\u2019ext\u00e9rieur de telles \u2019spatialit\u00e9s\u2018.<\/p>\n\n\n\n<p>#\u00e9criture du Nord, po\u00e9sie acadienne et nord-c\u00f4ti\u00e8re #humanit\u00e9s bleues #culturalit\u00e9 et esth\u00e9tique des r\u00e9gions c\u00f4ti\u00e8res #narratifs de passivit\u00e9 et de responsabilit\u00e9 #cin\u00e9ma francophone d\u2019Afrique #la peur de l\u2019autre #francophonie postcoloniale #litt\u00e9ratures du Qu\u00e9bec #litt\u00e9ratures autochtones du Qu\u00e9bec #recherche sur les mythes #pratiques culturelles de r\u00e9paration #repr\u00e9sentation et asym\u00e9tries de pouvoir<\/p>\n","protected":false},"excerpt":{"rendered":"<p>Les mondes et espaces culturels francophones sont au centre de cet axe de recherche, et par cons\u00e9quent \u00e9galement leur empreinte (post)coloniale ainsi que leur importance g\u00e9opolitique dans le pass\u00e9 et le pr\u00e9sent. L\u2019analyse de la diversit\u00e9 de ces espaces francophones, qui s\u2019\u00e9tend du Qu\u00e9bec canadien \u00e0 travers de nombreux \u00c9tats &hellip;<\/p>\n","protected":false},"author":1,"featured_media":0,"parent":0,"menu_order":0,"comment_status":"closed","ping_status":"closed","template":"","meta":{"footnotes":""},"class_list":["post-1433","page","type-page","status-publish","hentry"],"_links":{"self":[{"href":"https:\/\/canoff.de\/index.php?rest_route=\/wp\/v2\/pages\/1433","targetHints":{"allow":["GET"]}}],"collection":[{"href":"https:\/\/canoff.de\/index.php?rest_route=\/wp\/v2\/pages"}],"about":[{"href":"https:\/\/canoff.de\/index.php?rest_route=\/wp\/v2\/types\/page"}],"author":[{"embeddable":true,"href":"https:\/\/canoff.de\/index.php?rest_route=\/wp\/v2\/users\/1"}],"replies":[{"embeddable":true,"href":"https:\/\/canoff.de\/index.php?rest_route=%2Fwp%2Fv2%2Fcomments&post=1433"}],"version-history":[{"count":1,"href":"https:\/\/canoff.de\/index.php?rest_route=\/wp\/v2\/pages\/1433\/revisions"}],"predecessor-version":[{"id":1434,"href":"https:\/\/canoff.de\/index.php?rest_route=\/wp\/v2\/pages\/1433\/revisions\/1434"}],"wp:attachment":[{"href":"https:\/\/canoff.de\/index.php?rest_route=%2Fwp%2Fv2%2Fmedia&parent=1433"}],"curies":[{"name":"wp","href":"https:\/\/api.w.org\/{rel}","templated":true}]}}