{"id":1394,"date":"2026-01-13T15:03:57","date_gmt":"2026-01-13T14:03:57","guid":{"rendered":"https:\/\/canoff.de\/?page_id=1394"},"modified":"2026-01-27T15:16:08","modified_gmt":"2026-01-27T14:16:08","slug":"bienvenue-au-campus-nord-pour-la-france-et-la-francophonie-canoff","status":"publish","type":"page","link":"https:\/\/canoff.de\/?page_id=1394&lang=fr","title":{"rendered":"Bienvenue au Campus Nord pour la France et la Francophonie (CaNoFF) !"},"content":{"rendered":"\n<div style=\"height:42px\" aria-hidden=\"true\" class=\"wp-block-spacer\"><\/div>\n\n\n\n<div class=\"wp-block-columns is-layout-flex wp-container-core-columns-is-layout-9d6595d7 wp-block-columns-is-layout-flex\">\n<div class=\"wp-block-column is-layout-flow wp-block-column-is-layout-flow\">\n<p>Le CaNoFF est un r\u00e9seau interdisciplinaire des universit\u00e9s de Br\u00eame, Flensbourg et Rostock, fond\u00e9 par les romanistes Karen Struve, Margot Brink et Stephanie Wodianka dans les L\u00e4nder du nord de l&#8217;Allemagne que sont Br\u00eame, le Schleswig-Holstein et le Mecklembourg-Pom\u00e9ranie-Occidentale. L&#8217;objectif est d&#8217;initier, de promouvoir et de rendre visible la recherche, l&#8217;enseignement et la m\u00e9diation scientifique relatifs \u00e0 la France et \u00e0 la francophonie.<\/p>\n\n\n\n<p>Le r\u00e9seau r\u00e9unit des chercheurs issus de disciplines vari\u00e9es \u2013 allant des \u00e9tudes litt\u00e9raires, politiques, culturelles et des sciences marines \u00e0 la chimie, en passant par les sciences de l&#8217;ing\u00e9nieur et les sciences des m\u00e9dias. Parmi les membres figurent \u00e9galement des personnalit\u00e9s du monde politique et de la soci\u00e9t\u00e9 civile ainsi que des institutions partenaires telles que l&#8217;Institut fran\u00e7ais et l&#8217;Ambassade de France \u00e0 Berlin.<\/p>\n\n\n\n<p>Les trois sites sont coordonn\u00e9s par les d\u00e9partements de fran\u00e7ais respectifs et organisent des colloques scientifiques, des ateliers, des journ\u00e9es d&#8217;\u00e9tude ainsi que des manifestations publiques telles que des lectures et des expositions. Gr\u00e2ce \u00e0 la direction commune, la diversit\u00e9 des contacts et des activit\u00e9s de recherche francophones dans l&#8217;espace nord-allemand est pour la premi\u00e8re fois rassembl\u00e9e et rendue visible !<\/p>\n<\/div>\n\n\n\n<div class=\"wp-block-column is-layout-flow wp-block-column-is-layout-flow\">\n<figure class=\"wp-block-image size-large\"><img loading=\"lazy\" decoding=\"async\" width=\"1024\" height=\"683\" src=\"https:\/\/canoff.de\/wp-content\/uploads\/2025\/11\/Fotos-Lehmkuehler-2023-9588-1024x683.jpg\" alt=\"\" class=\"wp-image-1263\" srcset=\"https:\/\/canoff.de\/wp-content\/uploads\/2025\/11\/Fotos-Lehmkuehler-2023-9588-1024x683.jpg 1024w, https:\/\/canoff.de\/wp-content\/uploads\/2025\/11\/Fotos-Lehmkuehler-2023-9588-300x200.jpg 300w, https:\/\/canoff.de\/wp-content\/uploads\/2025\/11\/Fotos-Lehmkuehler-2023-9588-768x512.jpg 768w, https:\/\/canoff.de\/wp-content\/uploads\/2025\/11\/Fotos-Lehmkuehler-2023-9588-1536x1024.jpg 1536w, https:\/\/canoff.de\/wp-content\/uploads\/2025\/11\/Fotos-Lehmkuehler-2023-9588-2048x1365.jpg 2048w\" sizes=\"auto, (max-width: 1024px) 100vw, 1024px\" \/><figcaption class=\"wp-element-caption\">\u00a9 Jens Lehmk\u00fchler\/Universit\u00e4t Bremen<\/figcaption><\/figure>\n<\/div>\n<\/div>\n\n\n\n<div style=\"height:90px\" aria-hidden=\"true\" class=\"wp-block-spacer\"><\/div>\n\n\n\n<h2 class=\"wp-block-heading has-text-align-center\">Nos \u00e9v\u00e9nements pass\u00e9s ainsi que nos manifestations \u00e0 venir :<\/h2>\n\n\n\n<div class=\"alignnormal\"><div id=\"metaslider-id-1509\" style=\"max-width: 960px; margin: 0 auto;\" class=\"ml-slider-3-108-0 metaslider metaslider-flex metaslider-1509 ml-slider has-dots-onhover-navigation ms-theme-default-base\" role=\"region\" aria-label=\"Homepage Slideshow FR\" data-height=\"450\" data-width=\"960\">\n    <div id=\"metaslider_container_1509\">\n        <div id=\"metaslider_1509\">\n            <ul aria-live='off' class='slides'>\n                <li style=\"display: block; width: 100%;\" class=\"slide-1711 ms-image \" aria-roledescription=\"slide\" data-date=\"2026-04-10 11:17:58\" data-filename=\"medientipps_frz.jpg.webp\" data-slide-type=\"image\"><a href=\"https:\/\/stabi-hb.de\/medientipps-franzoesisch-2\/\" target=\"_blank\" aria-label=\"View Slide Details\" class=\"metaslider_image_link\"><img loading=\"lazy\" decoding=\"async\" width=\"2048\" height=\"1151\" src=\"https:\/\/canoff.de\/wp-content\/uploads\/2026\/04\/medientipps_frz.jpg.webp\" class=\"slider-1509 slide-1711 msDefaultImage\" alt=\"\" rel=\"\" title=\"medientipps_frz.jpg\" srcset=\"https:\/\/canoff.de\/wp-content\/uploads\/2026\/04\/medientipps_frz.jpg.webp 2048w, https:\/\/canoff.de\/wp-content\/uploads\/2026\/04\/medientipps_frz.jpg-300x169.webp 300w, https:\/\/canoff.de\/wp-content\/uploads\/2026\/04\/medientipps_frz.jpg-1024x576.webp 1024w, https:\/\/canoff.de\/wp-content\/uploads\/2026\/04\/medientipps_frz.jpg-768x432.webp 768w, https:\/\/canoff.de\/wp-content\/uploads\/2026\/04\/medientipps_frz.jpg-1536x863.webp 1536w, https:\/\/canoff.de\/wp-content\/uploads\/2026\/04\/medientipps_frz.jpg-356x200.webp 356w\" sizes=\"auto, (max-width: 2048px) 100vw, 2048px\" \/><\/a><div class=\"caption-wrap\"><div class=\"caption\"><div>La Journ\u00e9e mondiale de la langue fran\u00e7aise, le 20 mars, met en avant la diversit\u00e9 et la beaut\u00e9 de la langue fran\u00e7aise. \u00c0 cette occasion, les \u00e9tudiants du Campus Nord pour la France et la francophonie ont s\u00e9lectionn\u00e9 pour vous une s\u00e9rie d'ouvrages en fran\u00e7ais qui sortent de l'ordinaire.<\/div><\/div><\/div><\/li>\n                <li style=\"display: none; width: 100%;\" class=\"slide-1552 ms-image \" aria-roledescription=\"slide\" data-date=\"2026-03-04 19:14:43\" data-filename=\"Poster_International_300dpi_Slider_fr.png\" data-slide-type=\"image\"><a href=\"https:\/\/canoff.de\/?tribe_events=foto-ausstellung-poser-pour-la-liberte-in-bremen\" target=\"_blank\" aria-label=\"View Slide Details\" class=\"metaslider_image_link\"><img loading=\"lazy\" decoding=\"async\" width=\"2092\" height=\"1177\" src=\"https:\/\/canoff.de\/wp-content\/uploads\/2026\/03\/Poster_International_300dpi_Slider_fr.png\" class=\"slider-1509 slide-1552 msDefaultImage\" alt=\"\" rel=\"\" title=\"Poster_International_300dpi_Slider_fr\" srcset=\"https:\/\/canoff.de\/wp-content\/uploads\/2026\/03\/Poster_International_300dpi_Slider_fr.png 2092w, https:\/\/canoff.de\/wp-content\/uploads\/2026\/03\/Poster_International_300dpi_Slider_fr-300x169.png 300w, https:\/\/canoff.de\/wp-content\/uploads\/2026\/03\/Poster_International_300dpi_Slider_fr-1024x576.png 1024w, https:\/\/canoff.de\/wp-content\/uploads\/2026\/03\/Poster_International_300dpi_Slider_fr-768x432.png 768w, https:\/\/canoff.de\/wp-content\/uploads\/2026\/03\/Poster_International_300dpi_Slider_fr-1536x864.png 1536w, https:\/\/canoff.de\/wp-content\/uploads\/2026\/03\/Poster_International_300dpi_Slider_fr-2048x1152.png 2048w, https:\/\/canoff.de\/wp-content\/uploads\/2026\/03\/Poster_International_300dpi_Slider_fr-355x200.png 355w\" sizes=\"auto, (max-width: 2092px) 100vw, 2092px\" \/><\/a><div class=\"caption-wrap\"><div class=\"caption\"><div>Bient\u00f4t, le 25 mars, l'exposition itin\u00e9rante <em>Poser pour la libert\u00e9 \u2014 Standing for Freedom<\/em> sera inaugur\u00e9e \u00e0 Br\u00eame !<\/div><\/div><\/div><\/li>\n                <li style=\"display: none; width: 100%;\" class=\"slide-1620 ms-image \" aria-roledescription=\"slide\" data-date=\"2026-03-05 14:33:46\" data-filename=\"Lesung-Ette-Slider-Webseite-scaled.jpg\" data-slide-type=\"image\"><a href=\"https:\/\/canoff.de\/?p=1600&amp;lang=fr\" target=\"_blank\" aria-label=\"View Slide Details\" class=\"metaslider_image_link\"><img loading=\"lazy\" decoding=\"async\" width=\"2560\" height=\"1440\" src=\"https:\/\/canoff.de\/wp-content\/uploads\/2026\/03\/Lesung-Ette-Slider-Webseite-scaled.jpg\" class=\"slider-1509 slide-1620 msDefaultImage\" alt=\"\" rel=\"\" title=\"Lesung Ette Slider Webseite\" srcset=\"https:\/\/canoff.de\/wp-content\/uploads\/2026\/03\/Lesung-Ette-Slider-Webseite-scaled.jpg 2560w, https:\/\/canoff.de\/wp-content\/uploads\/2026\/03\/Lesung-Ette-Slider-Webseite-300x169.jpg 300w, https:\/\/canoff.de\/wp-content\/uploads\/2026\/03\/Lesung-Ette-Slider-Webseite-1024x576.jpg 1024w, https:\/\/canoff.de\/wp-content\/uploads\/2026\/03\/Lesung-Ette-Slider-Webseite-768x432.jpg 768w, https:\/\/canoff.de\/wp-content\/uploads\/2026\/03\/Lesung-Ette-Slider-Webseite-1536x864.jpg 1536w, https:\/\/canoff.de\/wp-content\/uploads\/2026\/03\/Lesung-Ette-Slider-Webseite-2048x1152.jpg 2048w, https:\/\/canoff.de\/wp-content\/uploads\/2026\/03\/Lesung-Ette-Slider-Webseite-356x200.jpg 356w\" sizes=\"auto, (max-width: 2560px) 100vw, 2560px\" \/><\/a><div class=\"caption-wrap\"><div class=\"caption\"><div>Ottmar Ette, auteur et professeur \u00e9m\u00e9rite de philologie romane, s\u2019est rendu \u00e0 Br\u00eame pour deux lectures afin de pr\u00e9senter son roman\u00a0<em>Wunder Bunker.<\/em><\/div><\/div><\/div><\/li>\n                <li style=\"display: none; width: 100%;\" class=\"slide-1533 ms-image \" aria-roledescription=\"slide\" data-date=\"2026-02-05 16:45:54\" data-filename=\"Lesung_Mukosonga_2026_c_Uni-Bremen-Kopie_16_x_9.jpg\" data-slide-type=\"image\"><a href=\"https:\/\/canoff.de\/?p=1529&amp;lang=fr\" target=\"_blank\" aria-label=\"View Slide Details\" class=\"metaslider_image_link\"><img loading=\"lazy\" decoding=\"async\" width=\"1852\" height=\"1042\" src=\"https:\/\/canoff.de\/wp-content\/uploads\/2026\/02\/Lesung_Mukosonga_2026_c_Uni-Bremen-Kopie_16_x_9.jpg\" class=\"slider-1509 slide-1533 msDefaultImage\" alt=\"\" rel=\"\" title=\"Lesung_Mukosonga_2026_c_Uni-Bremen Kopie_16_x_9\" srcset=\"https:\/\/canoff.de\/wp-content\/uploads\/2026\/02\/Lesung_Mukosonga_2026_c_Uni-Bremen-Kopie_16_x_9.jpg 1852w, https:\/\/canoff.de\/wp-content\/uploads\/2026\/02\/Lesung_Mukosonga_2026_c_Uni-Bremen-Kopie_16_x_9-300x169.jpg 300w, https:\/\/canoff.de\/wp-content\/uploads\/2026\/02\/Lesung_Mukosonga_2026_c_Uni-Bremen-Kopie_16_x_9-1024x576.jpg 1024w, https:\/\/canoff.de\/wp-content\/uploads\/2026\/02\/Lesung_Mukosonga_2026_c_Uni-Bremen-Kopie_16_x_9-768x432.jpg 768w, https:\/\/canoff.de\/wp-content\/uploads\/2026\/02\/Lesung_Mukosonga_2026_c_Uni-Bremen-Kopie_16_x_9-1536x864.jpg 1536w, https:\/\/canoff.de\/wp-content\/uploads\/2026\/02\/Lesung_Mukosonga_2026_c_Uni-Bremen-Kopie_16_x_9-355x200.jpg 355w\" sizes=\"auto, (max-width: 1852px) 100vw, 1852px\" \/><\/a><div class=\"caption-wrap\"><div class=\"caption\"><div>D\u00e9couvrez notre compte-rendu de la lecture avec Scholsatique Mukasonga !<\/div><\/div><\/div><\/li>\n                <li style=\"display: none; width: 100%;\" class=\"slide-1512 ms-image \" aria-roledescription=\"slide\" data-date=\"2026-01-27 14:55:06\" data-filename=\"Mediathek-Beispielfoto-scaled.jpg\" data-slide-type=\"image\"><a href=\"https:\/\/www.uni-bremen.de\/fb-10\/studium\/romanistik\/franzoesische-literaturwissenschaft\/canoff-mediathek\" target=\"_blank\" aria-label=\"View Slide Details\" class=\"metaslider_image_link\"><img loading=\"lazy\" decoding=\"async\" width=\"2560\" height=\"1439\" src=\"https:\/\/canoff.de\/wp-content\/uploads\/2025\/10\/Mediathek-Beispielfoto-scaled.jpg\" class=\"slider-1509 slide-1512 msDefaultImage\" alt=\"\" rel=\"\" title=\"Mediathek Beispielfoto\" srcset=\"https:\/\/canoff.de\/wp-content\/uploads\/2025\/10\/Mediathek-Beispielfoto-scaled.jpg 2560w, https:\/\/canoff.de\/wp-content\/uploads\/2025\/10\/Mediathek-Beispielfoto-300x169.jpg 300w, https:\/\/canoff.de\/wp-content\/uploads\/2025\/10\/Mediathek-Beispielfoto-1024x575.jpg 1024w, https:\/\/canoff.de\/wp-content\/uploads\/2025\/10\/Mediathek-Beispielfoto-768x432.jpg 768w, https:\/\/canoff.de\/wp-content\/uploads\/2025\/10\/Mediathek-Beispielfoto-1536x863.jpg 1536w, https:\/\/canoff.de\/wp-content\/uploads\/2025\/10\/Mediathek-Beispielfoto-2048x1151.jpg 2048w, https:\/\/canoff.de\/wp-content\/uploads\/2025\/10\/Mediathek-Beispielfoto-356x200.jpg 356w, https:\/\/canoff.de\/wp-content\/uploads\/2025\/10\/Mediathek-Beispielfoto-scaled-1600x900.jpg 1600w, https:\/\/canoff.de\/wp-content\/uploads\/2025\/10\/Mediathek-Beispielfoto-scaled-1200x675.jpg 1200w, https:\/\/canoff.de\/wp-content\/uploads\/2025\/10\/Mediathek-Beispielfoto-scaled-620x348.jpg 620w, https:\/\/canoff.de\/wp-content\/uploads\/2025\/10\/Mediathek-Beispielfoto-scaled-400x225.jpg 400w, https:\/\/canoff.de\/wp-content\/uploads\/2025\/10\/Mediathek-Beispielfoto-scaled-1366x768.jpg 1366w, https:\/\/canoff.de\/wp-content\/uploads\/2025\/10\/Mediathek-Beispielfoto-scaled-1280x720.jpg 1280w, https:\/\/canoff.de\/wp-content\/uploads\/2025\/10\/Mediathek-Beispielfoto-scaled-960x540.jpg 960w, https:\/\/canoff.de\/wp-content\/uploads\/2025\/10\/Mediathek-Beispielfoto-scaled-854x480.jpg 854w\" sizes=\"auto, (max-width: 2560px) 100vw, 2560px\" \/><\/a><div class=\"caption-wrap\"><div class=\"caption\"><div>Venez visiter notre m\u00e9diath\u00e8que \u00e0 Br\u00eame !<\/div><\/div><\/div><\/li>\n            <\/ul>\n        <div class='flex-progress-bar'><\/div>\n        <\/div>\n        \n    <\/div>\n<\/div><\/div>\n","protected":false},"excerpt":{"rendered":"<p>Le CaNoFF est un r\u00e9seau interdisciplinaire des universit\u00e9s de Br\u00eame, Flensbourg et Rostock, fond\u00e9 par les romanistes Karen Struve, Margot Brink et Stephanie Wodianka dans les L\u00e4nder du nord de l&#8217;Allemagne que sont Br\u00eame, le Schleswig-Holstein et le Mecklembourg-Pom\u00e9ranie-Occidentale. L&#8217;objectif est d&#8217;initier, de promouvoir et de rendre visible la recherche, &hellip;<\/p>\n","protected":false},"author":1,"featured_media":0,"parent":0,"menu_order":0,"comment_status":"closed","ping_status":"closed","template":"","meta":{"footnotes":""},"class_list":["post-1394","page","type-page","status-publish","hentry"],"_links":{"self":[{"href":"https:\/\/canoff.de\/index.php?rest_route=\/wp\/v2\/pages\/1394","targetHints":{"allow":["GET"]}}],"collection":[{"href":"https:\/\/canoff.de\/index.php?rest_route=\/wp\/v2\/pages"}],"about":[{"href":"https:\/\/canoff.de\/index.php?rest_route=\/wp\/v2\/types\/page"}],"author":[{"embeddable":true,"href":"https:\/\/canoff.de\/index.php?rest_route=\/wp\/v2\/users\/1"}],"replies":[{"embeddable":true,"href":"https:\/\/canoff.de\/index.php?rest_route=%2Fwp%2Fv2%2Fcomments&post=1394"}],"version-history":[{"count":3,"href":"https:\/\/canoff.de\/index.php?rest_route=\/wp\/v2\/pages\/1394\/revisions"}],"predecessor-version":[{"id":1515,"href":"https:\/\/canoff.de\/index.php?rest_route=\/wp\/v2\/pages\/1394\/revisions\/1515"}],"wp:attachment":[{"href":"https:\/\/canoff.de\/index.php?rest_route=%2Fwp%2Fv2%2Fmedia&parent=1394"}],"curies":[{"name":"wp","href":"https:\/\/api.w.org\/{rel}","templated":true}]}}