{"id":1275,"date":"2025-11-25T15:51:07","date_gmt":"2025-11-25T14:51:07","guid":{"rendered":"https:\/\/canoff.de\/?page_id=1275"},"modified":"2026-04-28T15:20:44","modified_gmt":"2026-04-28T13:20:44","slug":"rueckblicke-auf-unsere-vergangenen-veranstaltungen","status":"publish","type":"page","link":"https:\/\/canoff.de\/?page_id=1275","title":{"rendered":"R\u00fcckblicke"},"content":{"rendered":"\n<div class=\"wp-block-cp-timeline-content-timeline Cool-Content-Timeline\"><div class=\"cool-timeline-block-776788af-7ffa-48c7-a667-1320a7f555f1\"><style>.cool-timeline-block-776788af-7ffa-48c7-a667-1320a7f555f1 .cool-vertical-timeline-body{--ctlb-line-color: #6c685f;--ctlb-icon-bg: #1f8297;--ctlb-story-border-color: #1f8297;}<\/style><div class=\"cool-vertical-timeline-body ctlb-wrapper both-sided left\"><div class=\"cool-timeline-block-list\">\n<div class=\"wp-block-cp-timeline-content-timeline-child swiper-slide\"><div class=\"timeline-content icon-false \"><div class=\"timeline-block-timeline ctl-row  position-right\"><div class=\"ctl-6 timeline-block-time\"><div class=\"story-time\"><p>25.03. \u2013 15.04.2026<\/p><\/div><\/div><div class=\"timeline-block-icon\"><svg stroke=\"currentColor\" fill=\"currentColor\" stroke-width=\"0\" viewBox=\"0 0 512 512\" height=\"1em\" width=\"1em\" xmlns=\"http:\/\/www.w3.org\/2000\/svg\"><path d=\"M256 8C119 8 8 119 8 256s111 248 248 248 248-111 248-248S393 8 256 8z\"><\/path><\/svg><\/div><div class=\"ctl-6 timeline-block-detail\"><div class=\"story-details\"><div class=\"story-content\">\n<figure class=\"wp-block-image size-full ctlb-block-image\"><img loading=\"lazy\" decoding=\"async\" width=\"9933\" height=\"14043\" src=\"https:\/\/canoff.de\/wp-content\/uploads\/2026\/03\/Poster_International_300dpi_Version_1.jpg\" alt=\"\" class=\"wp-image-1634\" style=\"aspect-ratio:4\/3;object-fit:contain\"\/><\/figure>\n\n\n\n<h3 class=\"wp-block-heading ctlb-block-title\" style=\"padding-top:0px;padding-right:0px;padding-bottom:0px;padding-left:0px\"><a href=\"https:\/\/canoff.de\/?p=1723\" data-type=\"post\" data-id=\"1723\">Ausstellung <em>Standing for Freedom \u2013 Poser pour la libert\u00e9<\/em><\/a> (Bremen)<\/h3>\n\n\n\n<p class=\"ctlb-block-desc\" style=\"padding-top:0px;padding-right:0px;padding-bottom:0px;padding-left:0px\">Die Ausstellung zeigte Portr\u00e4ts von f\u00fcnfzehn Wissenschaftler:innen im Exil und behandelte Themen wie Wissenschaftsfreiheit, Lebensgefahr im Exil und internationale Solidarit\u00e4t. Die Ausstellung verband Kunst und Forschung und regte zum Nachdenken \u00fcber die Geschichte und Gegenwart des Wissenschaftsexils an.<\/p>\n<\/div><\/div><\/div><\/div><\/div><\/div>\n\n\n\n<div class=\"wp-block-cp-timeline-content-timeline-child swiper-slide\"><div class=\"timeline-content icon-false \"><div class=\"timeline-block-timeline ctl-row  position-left\"><div class=\"ctl-6 timeline-block-time\"><div class=\"story-time\"><p>16. M\u00e4rz 2026<\/p><\/div><\/div><div class=\"timeline-block-icon\"><svg stroke=\"currentColor\" fill=\"currentColor\" stroke-width=\"0\" viewBox=\"0 0 512 512\" height=\"1em\" width=\"1em\" xmlns=\"http:\/\/www.w3.org\/2000\/svg\"><path d=\"M256 8C119 8 8 119 8 256s111 248 248 248 248-111 248-248S393 8 256 8z\"><\/path><\/svg><\/div><div class=\"ctl-6 timeline-block-detail\"><div class=\"story-details\"><div class=\"story-content\">\n<figure class=\"wp-block-image size-large ctlb-block-image\"><img loading=\"lazy\" decoding=\"async\" width=\"1024\" height=\"576\" src=\"https:\/\/canoff.de\/wp-content\/uploads\/2026\/04\/medientipps_frz.jpg-1024x576.webp\" alt=\"\" class=\"wp-image-1709\" style=\"aspect-ratio:4\/3;object-fit:cover\" srcset=\"https:\/\/canoff.de\/wp-content\/uploads\/2026\/04\/medientipps_frz.jpg-1024x576.webp 1024w, https:\/\/canoff.de\/wp-content\/uploads\/2026\/04\/medientipps_frz.jpg-300x169.webp 300w, https:\/\/canoff.de\/wp-content\/uploads\/2026\/04\/medientipps_frz.jpg-768x432.webp 768w, https:\/\/canoff.de\/wp-content\/uploads\/2026\/04\/medientipps_frz.jpg-1536x863.webp 1536w, https:\/\/canoff.de\/wp-content\/uploads\/2026\/04\/medientipps_frz.jpg-356x200.webp 356w, https:\/\/canoff.de\/wp-content\/uploads\/2026\/04\/medientipps_frz.jpg.webp 2048w\" sizes=\"auto, (max-width: 1024px) 100vw, 1024px\" \/><\/figure>\n\n\n\n<h3 class=\"wp-block-heading ctlb-block-title\" style=\"padding-top:0px;padding-right:0px;padding-bottom:0px;padding-left:0px\"><a href=\"https:\/\/stabi-hb.de\/medientipps-franzoesisch-2\/\" target=\"_blank\" rel=\"noreferrer noopener\">Medientipps zum Welttag der franz\u00f6sischen Sprache<\/a> (Bremen)<\/h3>\n\n\n\n<p class=\"ctlb-block-desc\" style=\"padding-top:0px;padding-right:0px;padding-bottom:0px;padding-left:0px\">Der Welttag der franz\u00f6sischen Sprache am 20. M\u00e4rz lenkt die Aufmerksamkeit auf die Vielfalt und Sch\u00f6nheit des Franz\u00f6sischen. Passend dazu haben Studierende des Campus Nord f\u00fcr Frankreich und Frankophonie eine Auswahl besonderer franz\u00f6sischsprachiger B\u00fccher f\u00fcr Sie zusammengestellt.<\/p>\n<\/div><\/div><\/div><\/div><\/div><\/div>\n\n\n\n<div class=\"wp-block-cp-timeline-content-timeline-child swiper-slide\"><div class=\"timeline-content icon-false \"><div class=\"timeline-block-timeline ctl-row  position-right\"><div class=\"ctl-6 timeline-block-time\"><div class=\"story-time\"><p>13. M\u00e4rz 2026<\/p><\/div><\/div><div class=\"timeline-block-icon\"><svg stroke=\"currentColor\" fill=\"currentColor\" stroke-width=\"0\" viewBox=\"0 0 512 512\" height=\"1em\" width=\"1em\" xmlns=\"http:\/\/www.w3.org\/2000\/svg\"><path d=\"M256 8C119 8 8 119 8 256s111 248 248 248 248-111 248-248S393 8 256 8z\"><\/path><\/svg><\/div><div class=\"ctl-6 timeline-block-detail\"><div class=\"story-details\"><div class=\"story-content\">\n<figure class=\"wp-block-image size-large ctlb-block-image\"><img loading=\"lazy\" decoding=\"async\" width=\"1024\" height=\"682\" src=\"https:\/\/canoff.de\/wp-content\/uploads\/2026\/04\/x-20260313-Choix-Goncourt-Allemagne-5-1024x682.jpg\" alt=\"\" class=\"wp-image-1679\" style=\"aspect-ratio:1.3333333333333333;object-fit:cover\" srcset=\"https:\/\/canoff.de\/wp-content\/uploads\/2026\/04\/x-20260313-Choix-Goncourt-Allemagne-5-1024x682.jpg 1024w, https:\/\/canoff.de\/wp-content\/uploads\/2026\/04\/x-20260313-Choix-Goncourt-Allemagne-5-300x200.jpg 300w, https:\/\/canoff.de\/wp-content\/uploads\/2026\/04\/x-20260313-Choix-Goncourt-Allemagne-5-768x512.jpg 768w, https:\/\/canoff.de\/wp-content\/uploads\/2026\/04\/x-20260313-Choix-Goncourt-Allemagne-5.jpg 1280w\" sizes=\"auto, (max-width: 1024px) 100vw, 1024px\" \/><figcaption class=\"wp-element-caption\">\u00a9 Institut fran\u00e7ais d&#8217;Allemagne<\/figcaption><\/figure>\n\n\n\n<h3 class=\"wp-block-heading ctlb-block-title\" style=\"padding-top:0px;padding-right:0px;padding-bottom:0px;padding-left:0px\"><a href=\"https:\/\/canoff.de\/?p=1683\" data-type=\"post\" data-id=\"1683\" target=\"_blank\" rel=\"noreferrer noopener\">Goncourt d&#8217;Allemagne-Preisverleihung in Berlin<\/a><\/h3>\n\n\n\n<p class=\"ctlb-block-desc\" style=\"padding-top:0px;padding-right:0px;padding-bottom:0px;padding-left:0px\">Am 13. M\u00e4rz 2026 fand in der Franz\u00f6sischen Botschaft in Berlin die Verleihung des Prix Goncourt d&#8217;Allemagne 2026 statt. \u00dcber das gesamte vergangene Semester haben sich Romanistik-Studierende an zahlreichen deutschen Universit\u00e4ten mit den Romanen besch\u00e4ftigt, die 2025 auf der Auswahlliste des renommiertesten franz\u00f6sischen Literaturpreises standen \u2013 darunter auch studentische Vertreter:innen aus Bremen, Rostock und Flensburg und somit aller drei CaNoFF-Standorte!<\/p>\n<\/div><\/div><\/div><\/div><\/div><\/div>\n\n\n\n<div class=\"wp-block-cp-timeline-content-timeline-child swiper-slide\"><div class=\"timeline-content icon-false \"><div class=\"timeline-block-timeline ctl-row  position-left\"><div class=\"ctl-6 timeline-block-time\"><div class=\"story-time\"><p>19. Februar 2026<\/p><\/div><\/div><div class=\"timeline-block-icon\"><svg stroke=\"currentColor\" fill=\"currentColor\" stroke-width=\"0\" viewBox=\"0 0 512 512\" height=\"1em\" width=\"1em\" xmlns=\"http:\/\/www.w3.org\/2000\/svg\"><path d=\"M256 8C119 8 8 119 8 256s111 248 248 248 248-111 248-248S393 8 256 8z\"><\/path><\/svg><\/div><div class=\"ctl-6 timeline-block-detail\"><div class=\"story-details\"><div class=\"story-content\">\n<figure class=\"wp-block-image size-large ctlb-block-image\"><img loading=\"lazy\" decoding=\"async\" width=\"768\" height=\"1024\" src=\"https:\/\/canoff.de\/wp-content\/uploads\/2026\/03\/IMG_4074-768x1024.jpeg\" alt=\"\" class=\"wp-image-1609\" style=\"aspect-ratio:4\/3;object-fit:cover\" srcset=\"https:\/\/canoff.de\/wp-content\/uploads\/2026\/03\/IMG_4074-768x1024.jpeg 768w, https:\/\/canoff.de\/wp-content\/uploads\/2026\/03\/IMG_4074-225x300.jpeg 225w, https:\/\/canoff.de\/wp-content\/uploads\/2026\/03\/IMG_4074-1152x1536.jpeg 1152w, https:\/\/canoff.de\/wp-content\/uploads\/2026\/03\/IMG_4074-1536x2048.jpeg 1536w, https:\/\/canoff.de\/wp-content\/uploads\/2026\/03\/IMG_4074-150x200.jpeg 150w, https:\/\/canoff.de\/wp-content\/uploads\/2026\/03\/IMG_4074-scaled.jpeg 1920w\" sizes=\"auto, (max-width: 768px) 100vw, 768px\" \/><\/figure>\n\n\n\n<h3 class=\"wp-block-heading ctlb-block-title\" style=\"padding-top:0px;padding-right:0px;padding-bottom:0px;padding-left:0px\">Booklaunch: <a href=\"https:\/\/canoff.de\/?p=1607\" data-type=\"post\" data-id=\"1607\">Hagen Steinhauers Dissertation zu Soft-authorit\u00e4ren Diskurspraktiken in Frankreich<\/a> (Bremen)<\/h3>\n\n\n\n<p class=\"ctlb-block-desc\" style=\"padding-top:0px;padding-right:0px;padding-bottom:0px;padding-left:0px\">Der Bremer Sprachwissenschaftler Hagen Steinhauer hat am Institut Fran\u00e7ais in Bremen sein Buch zu antidemokratischen Diskurspraktiken in Frankreichs aktueller Politik vorgestellt.<\/p>\n<\/div><\/div><\/div><\/div><\/div><\/div>\n\n\n\n<div class=\"wp-block-cp-timeline-content-timeline-child swiper-slide\"><div class=\"timeline-content icon-false \"><div class=\"timeline-block-timeline ctl-row  position-right\"><div class=\"ctl-6 timeline-block-time\"><div class=\"story-time\"><p>11. &amp; 12. Februar 2026<\/p><\/div><\/div><div class=\"timeline-block-icon\"><svg stroke=\"currentColor\" fill=\"currentColor\" stroke-width=\"0\" viewBox=\"0 0 512 512\" height=\"1em\" width=\"1em\" xmlns=\"http:\/\/www.w3.org\/2000\/svg\"><path d=\"M256 8C119 8 8 119 8 256s111 248 248 248 248-111 248-248S393 8 256 8z\"><\/path><\/svg><\/div><div class=\"ctl-6 timeline-block-detail\"><div class=\"story-details\"><div class=\"story-content\">\n<figure class=\"wp-block-image size-large ctlb-block-image\"><img loading=\"lazy\" decoding=\"async\" width=\"1024\" height=\"768\" src=\"https:\/\/canoff.de\/wp-content\/uploads\/2026\/03\/PHOTO-2026-02-13-08-16-36-1-1024x768.jpg\" alt=\"\" class=\"wp-image-1596\" style=\"aspect-ratio:4\/3;object-fit:cover\" srcset=\"https:\/\/canoff.de\/wp-content\/uploads\/2026\/03\/PHOTO-2026-02-13-08-16-36-1-1024x768.jpg 1024w, https:\/\/canoff.de\/wp-content\/uploads\/2026\/03\/PHOTO-2026-02-13-08-16-36-1-300x225.jpg 300w, https:\/\/canoff.de\/wp-content\/uploads\/2026\/03\/PHOTO-2026-02-13-08-16-36-1-768x576.jpg 768w, https:\/\/canoff.de\/wp-content\/uploads\/2026\/03\/PHOTO-2026-02-13-08-16-36-1-1536x1152.jpg 1536w, https:\/\/canoff.de\/wp-content\/uploads\/2026\/03\/PHOTO-2026-02-13-08-16-36-1-267x200.jpg 267w, https:\/\/canoff.de\/wp-content\/uploads\/2026\/03\/PHOTO-2026-02-13-08-16-36-1.jpg 1600w\" sizes=\"auto, (max-width: 1024px) 100vw, 1024px\" \/><figcaption class=\"wp-element-caption\">\u00a9 Myriam Mac\u00e9<\/figcaption><\/figure>\n\n\n\n<h3 class=\"wp-block-heading ctlb-block-title\" style=\"padding-top:0px;padding-right:0px;padding-bottom:0px;padding-left:0px\"><a href=\"https:\/\/canoff.de\/?p=1592\" data-type=\"post\" data-id=\"1592\">Doppel-Lesung mit Romanist Ottmar Ette<\/a> (Bremen)<\/h3>\n\n\n\n<p class=\"ctlb-block-desc\" style=\"padding-top:0px;padding-right:0px;padding-bottom:0px;padding-left:0px\">Der emeritierte Romanist und Autor Ottmar Ette war f\u00fcr zwei Lesungen in Bremen zu Besuch, um seinen im Herbst 2025 bei Kadmos erschienen Roman&nbsp;<em>Wunder Bunker<\/em>&nbsp;vorzustellen.<\/p>\n<\/div><\/div><\/div><\/div><\/div><\/div>\n\n\n\n<div class=\"wp-block-cp-timeline-content-timeline-child swiper-slide\"><div class=\"timeline-content icon-false \"><div class=\"timeline-block-timeline ctl-row  position-left\"><div class=\"ctl-6 timeline-block-time\"><div class=\"story-time\"><p>30. Januar 2026<\/p><\/div><\/div><div class=\"timeline-block-icon\"><svg stroke=\"currentColor\" fill=\"currentColor\" stroke-width=\"0\" viewBox=\"0 0 512 512\" height=\"1em\" width=\"1em\" xmlns=\"http:\/\/www.w3.org\/2000\/svg\"><path d=\"M256 8C119 8 8 119 8 256s111 248 248 248 248-111 248-248S393 8 256 8z\"><\/path><\/svg><\/div><div class=\"ctl-6 timeline-block-detail\"><div class=\"story-details\"><div class=\"story-content\">\n<figure class=\"wp-block-image size-large ctlb-block-image\"><img loading=\"lazy\" decoding=\"async\" width=\"1024\" height=\"576\" src=\"https:\/\/canoff.de\/wp-content\/uploads\/2026\/02\/Lesung_Mukosonga_2026_c_Uni-Bremen-Kopie_16_x_9-1024x576.jpg\" alt=\"\" class=\"wp-image-1534\" style=\"aspect-ratio:4\/3;object-fit:cover\" srcset=\"https:\/\/canoff.de\/wp-content\/uploads\/2026\/02\/Lesung_Mukosonga_2026_c_Uni-Bremen-Kopie_16_x_9-1024x576.jpg 1024w, https:\/\/canoff.de\/wp-content\/uploads\/2026\/02\/Lesung_Mukosonga_2026_c_Uni-Bremen-Kopie_16_x_9-300x169.jpg 300w, https:\/\/canoff.de\/wp-content\/uploads\/2026\/02\/Lesung_Mukosonga_2026_c_Uni-Bremen-Kopie_16_x_9-768x432.jpg 768w, https:\/\/canoff.de\/wp-content\/uploads\/2026\/02\/Lesung_Mukosonga_2026_c_Uni-Bremen-Kopie_16_x_9-1536x864.jpg 1536w, https:\/\/canoff.de\/wp-content\/uploads\/2026\/02\/Lesung_Mukosonga_2026_c_Uni-Bremen-Kopie_16_x_9-355x200.jpg 355w, https:\/\/canoff.de\/wp-content\/uploads\/2026\/02\/Lesung_Mukosonga_2026_c_Uni-Bremen-Kopie_16_x_9.jpg 1852w\" sizes=\"auto, (max-width: 1024px) 100vw, 1024px\" \/><figcaption class=\"wp-element-caption\">\u00a9 Uni Bremen<\/figcaption><\/figure>\n\n\n\n<h3 class=\"wp-block-heading ctlb-block-title\" style=\"padding-top:0px;padding-right:0px;padding-bottom:0px;padding-left:0px\"><a href=\"https:\/\/canoff.de\/?p=1524\" data-type=\"post\" data-id=\"1524\">Lesung mit Scholastique Mukasonga zu ihrem Buch <em>Sister Deborah<\/em> <\/a>(Bremen)<\/h3>\n\n\n\n<p class=\"ctlb-block-desc\" style=\"padding-top:0px;padding-right:0px;padding-bottom:0px;padding-left:0px\">In ihrem neuen Roman \u201e<em>Sister Deborah<\/em>\u201c erz\u00e4hlt&nbsp;<strong>Scholastique Mukasonga<\/strong>&nbsp;eine provokante Geschichte: Ruanda in den 1930er Jahren, eine amerikanische Missionarin verk\u00fcndet, dass der Messias eine schwarze Frau sein wird. Diese radikale Botschaft ersch\u00fcttert die Kolonialgesellschaft und f\u00fchrt zu einem geheimnisvollen Verschwinden \u2013 Jahrzehnte sp\u00e4ter beginnt die Suche nach der Wahrheit.<\/p>\n<\/div><\/div><\/div><\/div><\/div><\/div>\n\n\n\n<div class=\"wp-block-cp-timeline-content-timeline-child swiper-slide\"><div class=\"timeline-content icon-false \"><div class=\"timeline-block-timeline ctl-row  position-right\"><div class=\"ctl-6 timeline-block-time\"><div class=\"story-time\"><p>17. Januar 2026<\/p><\/div><\/div><div class=\"timeline-block-icon\"><svg stroke=\"currentColor\" fill=\"currentColor\" stroke-width=\"0\" viewBox=\"0 0 512 512\" height=\"1em\" width=\"1em\" xmlns=\"http:\/\/www.w3.org\/2000\/svg\"><path d=\"M256 8C119 8 8 119 8 256s111 248 248 248 248-111 248-248S393 8 256 8z\"><\/path><\/svg><\/div><div class=\"ctl-6 timeline-block-detail\"><div class=\"story-details\"><div class=\"story-content\">\n<figure class=\"wp-block-image size-large ctlb-block-image\"><img loading=\"lazy\" decoding=\"async\" width=\"1438\" height=\"2034\" src=\"https:\/\/canoff.de\/wp-content\/uploads\/2026\/03\/Plakat-Lesung-Rebellinnen-Lubkowitz-edited-1.jpg\" alt=\"\" class=\"wp-image-1623\" style=\"aspect-ratio:4\/3;object-fit:cover\" srcset=\"https:\/\/canoff.de\/wp-content\/uploads\/2026\/03\/Plakat-Lesung-Rebellinnen-Lubkowitz-edited-1.jpg 1438w, https:\/\/canoff.de\/wp-content\/uploads\/2026\/03\/Plakat-Lesung-Rebellinnen-Lubkowitz-edited-1-212x300.jpg 212w, https:\/\/canoff.de\/wp-content\/uploads\/2026\/03\/Plakat-Lesung-Rebellinnen-Lubkowitz-edited-1-724x1024.jpg 724w, https:\/\/canoff.de\/wp-content\/uploads\/2026\/03\/Plakat-Lesung-Rebellinnen-Lubkowitz-edited-1-768x1086.jpg 768w, https:\/\/canoff.de\/wp-content\/uploads\/2026\/03\/Plakat-Lesung-Rebellinnen-Lubkowitz-edited-1-1086x1536.jpg 1086w, https:\/\/canoff.de\/wp-content\/uploads\/2026\/03\/Plakat-Lesung-Rebellinnen-Lubkowitz-edited-1-141x200.jpg 141w\" sizes=\"auto, (max-width: 1438px) 100vw, 1438px\" \/><\/figure>\n\n\n\n<h3 class=\"wp-block-heading ctlb-block-title\" style=\"padding-top:0px;padding-right:0px;padding-bottom:0px;padding-left:0px\">Lesung mit Anneke Lubkowitz zu ihrem Buch &#8222;Rebellinnen zu Fu\u00df&#8220; (Flensburg)<\/h3>\n\n\n\n<p class=\"ctlb-block-desc\" style=\"padding-top:0px;padding-right:0px;padding-bottom:0px;padding-left:0px\">Sie nimmt uns mit auf eine Entdeckungsreise voller \u00fcberraschender Geschichten, darunter eine \u00fcber Simone de Beauvoir!&#8230;<\/p>\n<\/div><\/div><\/div><\/div><\/div><\/div>\n\n\n\n<div class=\"wp-block-cp-timeline-content-timeline-child swiper-slide\"><div class=\"timeline-content icon-false \"><div class=\"timeline-block-timeline ctl-row  position-left\"><div class=\"ctl-6 timeline-block-time\"><div class=\"story-time\"><p>27. November 2025<\/p><\/div><\/div><div class=\"timeline-block-icon\"><svg stroke=\"currentColor\" fill=\"currentColor\" stroke-width=\"0\" viewBox=\"0 0 512 512\" height=\"1em\" width=\"1em\" xmlns=\"http:\/\/www.w3.org\/2000\/svg\"><path d=\"M256 8C119 8 8 119 8 256s111 248 248 248 248-111 248-248S393 8 256 8z\"><\/path><\/svg><\/div><div class=\"ctl-6 timeline-block-detail\"><div class=\"story-details\"><div class=\"story-content\">\n<figure class=\"wp-block-image size-large is-style-default\"><img loading=\"lazy\" decoding=\"async\" width=\"1024\" height=\"576\" src=\"https:\/\/canoff.de\/wp-content\/uploads\/2025\/12\/image-3-1024x576.png\" alt=\"\" class=\"wp-image-1355\" srcset=\"https:\/\/canoff.de\/wp-content\/uploads\/2025\/12\/image-3-1024x576.png 1024w, https:\/\/canoff.de\/wp-content\/uploads\/2025\/12\/image-3-300x169.png 300w, https:\/\/canoff.de\/wp-content\/uploads\/2025\/12\/image-3-768x432.png 768w, https:\/\/canoff.de\/wp-content\/uploads\/2025\/12\/image-3-1536x864.png 1536w, https:\/\/canoff.de\/wp-content\/uploads\/2025\/12\/image-3-2048x1152.png 2048w, https:\/\/canoff.de\/wp-content\/uploads\/2025\/12\/image-3-355x200.png 355w\" sizes=\"auto, (max-width: 1024px) 100vw, 1024px\" \/><figcaption class=\"wp-element-caption\">Foto: Igor Omilaev\/Unsplah<\/figcaption><\/figure>\n\n\n\n<h3 class=\"wp-block-heading ctlb-block-title\" style=\"padding-top:0px;padding-right:0px;padding-bottom:0px;padding-left:0px\">Gastvortrag von Lea Brandt zu KI und Fremdsprachenunterricht (Rostock)<\/h3>\n\n\n\n<p class=\"ctlb-block-desc\" style=\"padding-top:0px;padding-right:0px;padding-bottom:0px;padding-left:0px\">Mit ihrem Gastvortrag zu K\u00fcnstlicher Intelligenz im Fremdsprachenunterricht bot Lea Brandt sowohl den Studierenden als auch Dozierenden der Universit\u00e4t Rostock spannende Einblicke in eine hochaktuelle Thematik.<\/p>\n<\/div><\/div><\/div><\/div><\/div><\/div>\n\n\n\n<div class=\"wp-block-cp-timeline-content-timeline-child swiper-slide\"><div class=\"timeline-content icon-false \"><div class=\"timeline-block-timeline ctl-row  position-right\"><div class=\"ctl-6 timeline-block-time\"><div class=\"story-time\"><p>21. November 2025<\/p><\/div><\/div><div class=\"timeline-block-icon\"><svg stroke=\"currentColor\" fill=\"currentColor\" stroke-width=\"0\" viewBox=\"0 0 512 512\" height=\"1em\" width=\"1em\" xmlns=\"http:\/\/www.w3.org\/2000\/svg\"><path d=\"M256 8C119 8 8 119 8 256s111 248 248 248 248-111 248-248S393 8 256 8z\"><\/path><\/svg><\/div><div class=\"ctl-6 timeline-block-detail\"><div class=\"story-details\"><div class=\"story-content\">\n<figure class=\"wp-block-image size-large\"><img loading=\"lazy\" decoding=\"async\" width=\"1024\" height=\"741\" src=\"https:\/\/canoff.de\/wp-content\/uploads\/2025\/12\/image-2-1024x741.png\" alt=\"\" class=\"wp-image-1354\" srcset=\"https:\/\/canoff.de\/wp-content\/uploads\/2025\/12\/image-2-1024x741.png 1024w, https:\/\/canoff.de\/wp-content\/uploads\/2025\/12\/image-2-300x217.png 300w, https:\/\/canoff.de\/wp-content\/uploads\/2025\/12\/image-2-768x556.png 768w, https:\/\/canoff.de\/wp-content\/uploads\/2025\/12\/image-2-1536x1112.png 1536w, https:\/\/canoff.de\/wp-content\/uploads\/2025\/12\/image-2-276x200.png 276w, https:\/\/canoff.de\/wp-content\/uploads\/2025\/12\/image-2.png 1600w\" sizes=\"auto, (max-width: 1024px) 100vw, 1024px\" \/><figcaption class=\"wp-element-caption\">Foto: Public Domain<\/figcaption><\/figure>\n\n\n\n<h3 class=\"wp-block-heading ctlb-block-title\" style=\"padding-top:0px;padding-right:0px;padding-bottom:0px;padding-left:0px\">Online-Vortrag von <strong>Stephanie Neu-Wendel zu Gender-Rollen und Autorinnenschaft<\/strong> (Rostock)<\/h3>\n\n\n\n<p class=\"ctlb-block-desc\" style=\"padding-top:0px;padding-right:0px;padding-bottom:0px;padding-left:0px\">Mit ihrem Vortrag &#8222;Autosoziobiographien avant la lettre? Gender-Rollen und Autorinnenschaft in Colettes La vagabonde (1910) und Grazia Deleddas Cosima (1936\/37)&#8220; begeisterte PD Dr. Stephanie Neu-Wedel Studierende und Forschende. Im Sommersemester 2025 vertrat sie die Professur f\u00fcr italienische und franz\u00f6sische Literaturwissenschaft an der Universit\u00e4t Rostock.<\/p>\n<\/div><\/div><\/div><\/div><\/div><\/div>\n\n\n\n<div class=\"wp-block-cp-timeline-content-timeline-child swiper-slide\"><div class=\"timeline-content icon-false \"><div class=\"timeline-block-timeline ctl-row  position-left\"><div class=\"ctl-6 timeline-block-time\"><div class=\"story-time\"><p>01. &amp; 02. November 2025<\/p><\/div><\/div><div class=\"timeline-block-icon\"><svg stroke=\"currentColor\" fill=\"currentColor\" stroke-width=\"0\" viewBox=\"0 0 512 512\" height=\"1em\" width=\"1em\" xmlns=\"http:\/\/www.w3.org\/2000\/svg\"><path d=\"M256 8C119 8 8 119 8 256s111 248 248 248 248-111 248-248S393 8 256 8z\"><\/path><\/svg><\/div><div class=\"ctl-6 timeline-block-detail\"><div class=\"story-details\"><div class=\"story-content\">\n<figure class=\"wp-block-image size-large ctlb-block-image\"><img loading=\"lazy\" decoding=\"async\" width=\"1024\" height=\"793\" src=\"https:\/\/canoff.de\/wp-content\/uploads\/2025\/12\/Benzine-Chacour-2-1024x793.png\" alt=\"\" class=\"wp-image-1316\" style=\"aspect-ratio:4\/3;object-fit:cover\" srcset=\"https:\/\/canoff.de\/wp-content\/uploads\/2025\/12\/Benzine-Chacour-2-1024x793.png 1024w, https:\/\/canoff.de\/wp-content\/uploads\/2025\/12\/Benzine-Chacour-2-300x232.png 300w, https:\/\/canoff.de\/wp-content\/uploads\/2025\/12\/Benzine-Chacour-2-768x595.png 768w, https:\/\/canoff.de\/wp-content\/uploads\/2025\/12\/Benzine-Chacour-2-1536x1190.png 1536w, https:\/\/canoff.de\/wp-content\/uploads\/2025\/12\/Benzine-Chacour-2-2048x1586.png 2048w, https:\/\/canoff.de\/wp-content\/uploads\/2025\/12\/Benzine-Chacour-2-258x200.png 258w\" sizes=\"auto, (max-width: 1024px) 100vw, 1024px\" \/><figcaption class=\"wp-element-caption\">Fotos: \u00a9 Yannick Lemasson<\/figcaption><\/figure>\n\n\n\n<h3 class=\"wp-block-heading ctlb-block-title\" style=\"padding-top:0px;padding-right:0px;padding-bottom:0px;padding-left:0px\">globale\u00b0-Lesungen mit Rachid Benzine und \u00c9ric Chacour (Bremen)<\/h3>\n\n\n\n<p class=\"ctlb-block-desc\" style=\"padding-top:0px;padding-right:0px;padding-bottom:0px;padding-left:0px\">Im Rahmen des globale\u00b0-Festivals f\u00fcr grenz\u00fcberschreitende Literatur konnten wir zwei wichtige literarische Stimmen in Bremen begr\u00fc\u00dfen: Rachid Benzine und \u00c9ric Chacour.<br>Sie sprachen \u00fcber ihre k\u00fcrzlich ver\u00f6ffentlichten Romane \u2013 <em>L&#8217;homme qui lisait des livres<\/em> und <em>Ce que je sais de toi<\/em>. In den zweisprachigen Lesungen tauchte das Publikum nicht nur in die Klangwelten der franz\u00f6sischen Sprache, sondern auch in die Spielst\u00e4tten der Romane \u2013 \u00c4gypten und Gaza \u2013 ein. Die bewegenden und gedankenansto\u00dfenden Geschichten hallen noch immer nach.<\/p>\n<\/div><\/div><\/div><\/div><\/div><\/div>\n\n\n\n<div class=\"wp-block-cp-timeline-content-timeline-child swiper-slide\"><div class=\"timeline-content icon-false \"><div class=\"timeline-block-timeline ctl-row  position-right\"><div class=\"ctl-6 timeline-block-time\"><div class=\"story-time\"><p>27. \u2013 31. Oktober 2025<\/p><\/div><\/div><div class=\"timeline-block-icon\"><svg stroke=\"currentColor\" fill=\"currentColor\" stroke-width=\"0\" viewBox=\"0 0 512 512\" height=\"1em\" width=\"1em\" xmlns=\"http:\/\/www.w3.org\/2000\/svg\"><path d=\"M256 8C119 8 8 119 8 256s111 248 248 248 248-111 248-248S393 8 256 8z\"><\/path><\/svg><\/div><div class=\"ctl-6 timeline-block-detail\"><div class=\"story-details\"><div class=\"story-content\">\n<figure class=\"wp-block-image size-full\"><img loading=\"lazy\" decoding=\"async\" width=\"438\" height=\"266\" src=\"https:\/\/canoff.de\/wp-content\/uploads\/2026\/03\/image.png\" alt=\"\" class=\"wp-image-1563\" srcset=\"https:\/\/canoff.de\/wp-content\/uploads\/2026\/03\/image.png 438w, https:\/\/canoff.de\/wp-content\/uploads\/2026\/03\/image-300x182.png 300w, https:\/\/canoff.de\/wp-content\/uploads\/2026\/03\/image-329x200.png 329w\" sizes=\"auto, (max-width: 438px) 100vw, 438px\" \/><\/figure>\n\n\n\n<h3 class=\"wp-block-heading ctlb-block-title\" style=\"padding-top:0px;padding-right:0px;padding-bottom:0px;padding-left:0px\"><a href=\"https:\/\/canoff.de\/?p=1565\" data-type=\"post\" data-id=\"1565\" target=\"_blank\" rel=\"noreferrer noopener\">BNE Atelier : Lausanne \u2013 Bremen<\/a><\/h3>\n\n\n\n<p class=\"ctlb-block-desc\" style=\"padding-top:0px;padding-right:0px;padding-bottom:0px;padding-left:0px\">Vom 27.10 bis zum 31.10.25 hatten wir die M\u00f6glichkeit, gemeinsam mit Lehramtsstudierenden aus Lausanne im Rahmen unseres Franz\u00f6sischstudiums an der Universit\u00e4t Bremen in einem Atelier zur Bildung f\u00fcr nachhaltige Entwicklung unter der Leitung von Frau Karoline Heyder zu arbeiten.<\/p>\n<\/div><\/div><\/div><\/div><\/div><\/div>\n\n\n\n<div class=\"wp-block-cp-timeline-content-timeline-child swiper-slide\"><div class=\"timeline-content icon-false \"><div class=\"timeline-block-timeline ctl-row  position-left\"><div class=\"ctl-6 timeline-block-time\"><div class=\"story-time\"><p>16. Oktober 2025<\/p><\/div><\/div><div class=\"timeline-block-icon\"><svg stroke=\"currentColor\" fill=\"currentColor\" stroke-width=\"0\" viewBox=\"0 0 512 512\" height=\"1em\" width=\"1em\" xmlns=\"http:\/\/www.w3.org\/2000\/svg\"><path d=\"M256 8C119 8 8 119 8 256s111 248 248 248 248-111 248-248S393 8 256 8z\"><\/path><\/svg><\/div><div class=\"ctl-6 timeline-block-detail\"><div class=\"story-details\"><div class=\"story-content\">\n<figure class=\"wp-block-image size-large ctlb-block-image\"><img loading=\"lazy\" decoding=\"async\" width=\"1024\" height=\"576\" src=\"https:\/\/canoff.de\/wp-content\/uploads\/2025\/10\/YLE00591-1024x576.jpg\" alt=\"\" class=\"wp-image-1206\" style=\"aspect-ratio:4\/3;object-fit:cover\" srcset=\"https:\/\/canoff.de\/wp-content\/uploads\/2025\/10\/YLE00591-1024x576.jpg 1024w, https:\/\/canoff.de\/wp-content\/uploads\/2025\/10\/YLE00591-300x169.jpg 300w, https:\/\/canoff.de\/wp-content\/uploads\/2025\/10\/YLE00591-768x432.jpg 768w, https:\/\/canoff.de\/wp-content\/uploads\/2025\/10\/YLE00591-1536x864.jpg 1536w, https:\/\/canoff.de\/wp-content\/uploads\/2025\/10\/YLE00591-2048x1152.jpg 2048w, https:\/\/canoff.de\/wp-content\/uploads\/2025\/10\/YLE00591-356x200.jpg 356w, https:\/\/canoff.de\/wp-content\/uploads\/2025\/10\/YLE00591-scaled-960x540.jpg 960w, https:\/\/canoff.de\/wp-content\/uploads\/2025\/10\/YLE00591-scaled-620x348.jpg 620w, https:\/\/canoff.de\/wp-content\/uploads\/2025\/10\/YLE00591-scaled-400x225.jpg 400w, https:\/\/canoff.de\/wp-content\/uploads\/2025\/10\/YLE00591-scaled-854x480.jpg 854w\" sizes=\"auto, (max-width: 1024px) 100vw, 1024px\" \/><figcaption class=\"wp-element-caption\">Foto: \u00a9 Yannick Lemasson<\/figcaption><\/figure>\n\n\n\n<h3 class=\"wp-block-heading ctlb-block-title\" style=\"padding-top:0px;padding-right:0px;padding-bottom:0px;padding-left:0px\"><a href=\"https:\/\/canoff.de\/?p=1210\" data-type=\"post\" data-id=\"1210\" target=\"_blank\" rel=\"noreferrer noopener\">Rentr\u00e9e litt\u00e9raire 2025<\/a> (Bremen)<\/h3>\n\n\n\n<p class=\"ctlb-block-desc\" style=\"padding-top:0px;padding-right:0px;padding-bottom:0px;padding-left:0px\">Jedes Jahr erscheint im September in Frankreich eine Vielzahl von B\u00fccher \u2014 darunter auch die k\u00fcnftigen Preistr\u00e4ger der hochkar\u00e4tigen Literaturpreise! Wir haben uns durchgew\u00fchlt und die besten B\u00fccher in einer Lesung vorgestellt.<\/p>\n<\/div><\/div><\/div><\/div><\/div><\/div>\n\n\n\n<div class=\"wp-block-cp-timeline-content-timeline-child swiper-slide\"><div class=\"timeline-content icon-false \"><div class=\"timeline-block-timeline ctl-row  position-right\"><div class=\"ctl-6 timeline-block-time\"><div class=\"story-time\"><p>01. &amp; 02. Oktober 2025<\/p><\/div><\/div><div class=\"timeline-block-icon\"><svg stroke=\"currentColor\" fill=\"currentColor\" stroke-width=\"0\" viewBox=\"0 0 512 512\" height=\"1em\" width=\"1em\" xmlns=\"http:\/\/www.w3.org\/2000\/svg\"><path d=\"M256 8C119 8 8 119 8 256s111 248 248 248 248-111 248-248S393 8 256 8z\"><\/path><\/svg><\/div><div class=\"ctl-6 timeline-block-detail\"><div class=\"story-details\"><div class=\"story-content\">\n<figure class=\"wp-block-image size-large ctlb-block-image\"><img loading=\"lazy\" decoding=\"async\" width=\"1024\" height=\"575\" src=\"https:\/\/canoff.de\/wp-content\/uploads\/2025\/10\/Zukunftsmesse_Nord_2025-Kopie-1024x575.jpg\" alt=\"\" class=\"wp-image-1196\" style=\"aspect-ratio:4\/3;object-fit:cover\" srcset=\"https:\/\/canoff.de\/wp-content\/uploads\/2025\/10\/Zukunftsmesse_Nord_2025-Kopie-1024x575.jpg 1024w, https:\/\/canoff.de\/wp-content\/uploads\/2025\/10\/Zukunftsmesse_Nord_2025-Kopie-300x168.jpg 300w, https:\/\/canoff.de\/wp-content\/uploads\/2025\/10\/Zukunftsmesse_Nord_2025-Kopie-768x431.jpg 768w, https:\/\/canoff.de\/wp-content\/uploads\/2025\/10\/Zukunftsmesse_Nord_2025-Kopie-356x200.jpg 356w, https:\/\/canoff.de\/wp-content\/uploads\/2025\/10\/Zukunftsmesse_Nord_2025-Kopie-960x540.jpg 960w, https:\/\/canoff.de\/wp-content\/uploads\/2025\/10\/Zukunftsmesse_Nord_2025-Kopie-620x348.jpg 620w, https:\/\/canoff.de\/wp-content\/uploads\/2025\/10\/Zukunftsmesse_Nord_2025-Kopie-400x225.jpg 400w, https:\/\/canoff.de\/wp-content\/uploads\/2025\/10\/Zukunftsmesse_Nord_2025-Kopie-854x480.jpg 854w, https:\/\/canoff.de\/wp-content\/uploads\/2025\/10\/Zukunftsmesse_Nord_2025-Kopie.jpg 1521w\" sizes=\"auto, (max-width: 1024px) 100vw, 1024px\" \/><figcaption class=\"wp-element-caption\">Foto: \u00a9 Myriam Mac\u00e9<\/figcaption><\/figure>\n\n\n\n<h3 class=\"wp-block-heading ctlb-block-title\" style=\"padding-top:0px;padding-right:0px;padding-bottom:0px;padding-left:0px\"><a href=\"https:\/\/canoff.de\/?p=1204\" target=\"_blank\" rel=\"noreferrer noopener\">Zukunftsmesse Nord 2025<\/a> (Bremen)<\/h3>\n\n\n\n<p class=\"ctlb-block-desc\" style=\"padding-top:0px;padding-right:0px;padding-bottom:0px;padding-left:0px\">Die erste Ausgabe der \u201eZukunftsmesse Nord&#8220; war ein voller Erfolg: der H\u00f6rsaal in den Plenumsveranstaltungen war bis in die letzten Reihen besetzt. 1400 Sch\u00fcler*innen waren f\u00fcr die erste deutsch-franz\u00f6sische Berufs-, Bildungs- und Praxismesse dieser Art in Deutschland angemeldet!<\/p>\n<\/div><\/div><\/div><\/div><\/div><\/div>\n\n\n\n<div class=\"wp-block-cp-timeline-content-timeline-child swiper-slide\"><div class=\"timeline-content icon-false \"><div class=\"timeline-block-timeline ctl-row  position-left\"><div class=\"ctl-6 timeline-block-time\"><div class=\"story-time\"><p>11. &amp; 12. September 2025<\/p><\/div><\/div><div class=\"timeline-block-icon\"><svg stroke=\"currentColor\" fill=\"currentColor\" stroke-width=\"0\" viewBox=\"0 0 512 512\" height=\"1em\" width=\"1em\" xmlns=\"http:\/\/www.w3.org\/2000\/svg\"><path d=\"M256 8C119 8 8 119 8 256s111 248 248 248 248-111 248-248S393 8 256 8z\"><\/path><\/svg><\/div><div class=\"ctl-6 timeline-block-detail\"><div class=\"story-details\"><div class=\"story-content\">\n<figure class=\"wp-block-image size-large ctlb-block-image\"><img loading=\"lazy\" decoding=\"async\" width=\"1024\" height=\"774\" src=\"https:\/\/canoff.de\/wp-content\/uploads\/2025\/12\/Kolloquium-internationale-detachement-Rostock-1024x774.jpeg\" alt=\"\" class=\"wp-image-1349\" style=\"aspect-ratio:4\/3;object-fit:cover\" srcset=\"https:\/\/canoff.de\/wp-content\/uploads\/2025\/12\/Kolloquium-internationale-detachement-Rostock-1024x774.jpeg 1024w, https:\/\/canoff.de\/wp-content\/uploads\/2025\/12\/Kolloquium-internationale-detachement-Rostock-300x227.jpeg 300w, https:\/\/canoff.de\/wp-content\/uploads\/2025\/12\/Kolloquium-internationale-detachement-Rostock-768x580.jpeg 768w, https:\/\/canoff.de\/wp-content\/uploads\/2025\/12\/Kolloquium-internationale-detachement-Rostock-1536x1161.jpeg 1536w, https:\/\/canoff.de\/wp-content\/uploads\/2025\/12\/Kolloquium-internationale-detachement-Rostock-265x200.jpeg 265w, https:\/\/canoff.de\/wp-content\/uploads\/2025\/12\/Kolloquium-internationale-detachement-Rostock.jpeg 1794w\" sizes=\"auto, (max-width: 1024px) 100vw, 1024px\" \/><\/figure>\n\n\n\n<h3 class=\"wp-block-heading ctlb-block-title\" style=\"padding-top:0px;padding-right:0px;padding-bottom:0px;padding-left:0px\"><a href=\"https:\/\/www.uni-rostock.de\/universitaet\/kommunikation-und-aktuelles\/presse-und-kommunikationsstelle\/veranstaltungskalender\/detailansicht\/n\/detachment-detachement-poetiken-des-erzaehlens-in-der-gegenwartsliteratur-245991\/\" target=\"_blank\" rel=\"noreferrer noopener\">Internationales Kolloquium &#8222;D\u00e9tachement&#8220; \u2013 Tendances po\u00e9tiques dans la litt\u00e9rature contemporaine&#8220;<\/a> (Rostock)<\/h3>\n\n\n\n<p class=\"ctlb-block-desc\" style=\"padding-top:0px;padding-right:0px;padding-bottom:0px;padding-left:0px\">Die Tagung untersuchte, wie die Gegenwartsliteratur intrinsische Gr\u00fcnde und extrinsische Zw\u00e4nge zur Positionierung gegen\u00fcber den Herausforderungen der Gegenwart reflektiert und gleichzeitig einen Raum f\u00fcr Enthaltung und distanzierten Blick bietet.&nbsp; Im Fokus stand das Konzept des \u00ab d\u00e9tachement \u00bb, einer affektiven Gleichg\u00fcltigkeit, die Aktivit\u00e4t und Passivit\u00e4t in ein besonderes Verh\u00e4ltnis setzt.&nbsp;Die Vortragenden aus mehreren L\u00e4ndern analysierten anhand von Beispielen der Gegenwartsliteratur, wie \u00ab d\u00e9tachement \u00bb als Erz\u00e4hlimpuls und Positionierungsstrategie in liminalen Bereichen zwischen kulturellen Paradigmen fungiert und neue Optionen des \u00ab Dritten \u00bb er\u00f6ffnet.<\/p>\n<\/div><\/div><\/div><\/div><\/div><\/div>\n\n\n\n<div class=\"wp-block-cp-timeline-content-timeline-child swiper-slide\"><div class=\"timeline-content icon-false \"><div class=\"timeline-block-timeline ctl-row  position-right\"><div class=\"ctl-6 timeline-block-time\"><div class=\"story-time\"><p>19. Juni 2025<\/p><\/div><\/div><div class=\"timeline-block-icon\"><svg stroke=\"currentColor\" fill=\"currentColor\" stroke-width=\"0\" viewBox=\"0 0 512 512\" height=\"1em\" width=\"1em\" xmlns=\"http:\/\/www.w3.org\/2000\/svg\"><path d=\"M256 8C119 8 8 119 8 256s111 248 248 248 248-111 248-248S393 8 256 8z\"><\/path><\/svg><\/div><div class=\"ctl-6 timeline-block-detail\"><div class=\"story-details\"><div class=\"story-content\">\n<figure class=\"wp-block-image size-large ctlb-block-image\"><img loading=\"lazy\" decoding=\"async\" width=\"1024\" height=\"683\" src=\"https:\/\/canoff.de\/wp-content\/uploads\/2025\/12\/LeseArt-Mathias-Enard-1024x683.png\" alt=\"\" class=\"wp-image-1328\" style=\"aspect-ratio:4\/3;object-fit:cover\" srcset=\"https:\/\/canoff.de\/wp-content\/uploads\/2025\/12\/LeseArt-Mathias-Enard-1024x683.png 1024w, https:\/\/canoff.de\/wp-content\/uploads\/2025\/12\/LeseArt-Mathias-Enard-300x200.png 300w, https:\/\/canoff.de\/wp-content\/uploads\/2025\/12\/LeseArt-Mathias-Enard-768x512.png 768w, https:\/\/canoff.de\/wp-content\/uploads\/2025\/12\/LeseArt-Mathias-Enard-1536x1024.png 1536w, https:\/\/canoff.de\/wp-content\/uploads\/2025\/12\/LeseArt-Mathias-Enard-2048x1365.png 2048w\" sizes=\"auto, (max-width: 1024px) 100vw, 1024px\" \/><figcaption class=\"wp-element-caption\">Foto: \u00a9 Yannick Lemasson<\/figcaption><\/figure>\n\n\n\n<h3 class=\"wp-block-heading ctlb-block-title\" style=\"padding-top:0px;padding-right:0px;padding-bottom:0px;padding-left:0px\">LeseArt: Mathias \u00c9nard (Bremen)<\/h3>\n\n\n\n<p class=\"ctlb-block-desc\" style=\"padding-top:0px;padding-right:0px;padding-bottom:0px;padding-left:0px\">Der renommierte franz\u00f6sische Autor und Goncourt-Preistr\u00e4ger Mathias \u00c9nard ist ein Kenner und K\u00f6nner von Grenzg\u00e4ngen.<br>In dieser Lesung mit Karen Struve und Jody Danard von der Universit\u00e4t Bremen wurde diesen Grenzg\u00e4ngen nachgegangen und ein spannender Einblick in das Werk von Mathias \u00c9nard gegeben.<\/p>\n<\/div><\/div><\/div><\/div><\/div><\/div>\n\n\n\n<div class=\"wp-block-cp-timeline-content-timeline-child swiper-slide\"><div class=\"timeline-content icon-false \"><div class=\"timeline-block-timeline ctl-row  position-left\"><div class=\"ctl-6 timeline-block-time\"><div class=\"story-time\"><p>16. \u2013 19. Juni 2025<\/p><\/div><\/div><div class=\"timeline-block-icon\"><svg stroke=\"currentColor\" fill=\"currentColor\" stroke-width=\"0\" viewBox=\"0 0 512 512\" height=\"1em\" width=\"1em\" xmlns=\"http:\/\/www.w3.org\/2000\/svg\"><path d=\"M256 8C119 8 8 119 8 256s111 248 248 248 248-111 248-248S393 8 256 8z\"><\/path><\/svg><\/div><div class=\"ctl-6 timeline-block-detail\"><div class=\"story-details\"><div class=\"story-content\">\n<figure class=\"wp-block-image size-full is-resized ctlb-block-image\"><img loading=\"lazy\" decoding=\"async\" width=\"226\" height=\"160\" src=\"https:\/\/canoff.de\/wp-content\/uploads\/2025\/12\/Parrhesie-sacree-Rostock.png\" alt=\"\" class=\"wp-image-1360\" style=\"aspect-ratio:1.3333333333333333;object-fit:cover;width:193px;height:auto\"\/><\/figure>\n\n\n\n<h3 class=\"wp-block-heading ctlb-block-title\" style=\"padding-top:0px;padding-right:0px;padding-bottom:0px;padding-left:0px\"><strong>Gastvortr\u00e4ge im Rahmen des Workshops \u201cParrh\u00e9sie sacr\u00e9e\u201d<\/strong> (Rostock)<\/h3>\n\n\n\n<p class=\"ctlb-block-desc\" style=\"padding-top:0px;padding-right:0px;padding-bottom:0px;padding-left:0px\">Unter der Leitung von Prof. Stephanie Wodianka gab es im Workshop <em>Parrh\u00e9sie sacr\u00e9e<\/em> Vortr\u00e4ge von Forscher:innen der Universit\u00e4t Rennes 2. Die Vortragenden waren Audrey Giboux, Esther Pinon, Florence Magnot-Ogilvy und Fran\u00e7ois Tr\u00e9moli\u00e8res.<\/p>\n<\/div><\/div><\/div><\/div><\/div><\/div>\n\n\n\n<div class=\"wp-block-cp-timeline-content-timeline-child swiper-slide\"><div class=\"timeline-content icon-false \"><div class=\"timeline-block-timeline ctl-row  position-right\"><div class=\"ctl-6 timeline-block-time\"><div class=\"story-time\"><p>10. \u2013 14. Juni 2025<\/p><\/div><\/div><div class=\"timeline-block-icon\"><svg stroke=\"currentColor\" fill=\"currentColor\" stroke-width=\"0\" viewBox=\"0 0 512 512\" height=\"1em\" width=\"1em\" xmlns=\"http:\/\/www.w3.org\/2000\/svg\"><path d=\"M256 8C119 8 8 119 8 256s111 248 248 248 248-111 248-248S393 8 256 8z\"><\/path><\/svg><\/div><div class=\"ctl-6 timeline-block-detail\"><div class=\"story-details\"><div class=\"story-content\">\n<figure class=\"wp-block-image size-full ctlb-block-image\"><img loading=\"lazy\" decoding=\"async\" width=\"504\" height=\"378\" src=\"https:\/\/canoff.de\/wp-content\/uploads\/2025\/12\/Rostock_Exkursion_Paris_Barbizon.png\" alt=\"\" class=\"wp-image-1334\" style=\"aspect-ratio:4\/3;object-fit:cover\" srcset=\"https:\/\/canoff.de\/wp-content\/uploads\/2025\/12\/Rostock_Exkursion_Paris_Barbizon.png 504w, https:\/\/canoff.de\/wp-content\/uploads\/2025\/12\/Rostock_Exkursion_Paris_Barbizon-300x225.png 300w, https:\/\/canoff.de\/wp-content\/uploads\/2025\/12\/Rostock_Exkursion_Paris_Barbizon-267x200.png 267w\" sizes=\"auto, (max-width: 504px) 100vw, 504px\" \/><\/figure>\n\n\n\n<h3 class=\"wp-block-heading ctlb-block-title\" style=\"padding-top:0px;padding-right:0px;padding-bottom:0px;padding-left:0px\"><a href=\"https:\/\/www.romanistik.uni-rostock.de\/institut\/aktivitaeten\/exkursionen\/exkursion-nach-paris\/\" target=\"_blank\" rel=\"noreferrer noopener\">Exkursion nach Paris und Barbizon<\/a> (Rostock)<\/h3>\n\n\n\n<p class=\"ctlb-block-desc\" style=\"padding-top:0px;padding-right:0px;padding-bottom:0px;padding-left:0px\">Vom 10. bis zum 14. Juni 2025<strong>&nbsp;<\/strong>fuhren Prof. Stephanie Wodianka,&nbsp;Svea Dietz&nbsp;und Konstantin Hein vom Institut f\u00fcr Romanistik (franz\u00f6sische Literaturwissenschaft und Sprachpraxis) mit 28 Studierenden auf eine f\u00fcnft\u00e4gige Exkursion, um Stadt, Land und Leute zu erkunden.<\/p>\n<\/div><\/div><\/div><\/div><\/div><\/div>\n\n\n\n<div class=\"wp-block-cp-timeline-content-timeline-child swiper-slide\"><div class=\"timeline-content icon-false \"><div class=\"timeline-block-timeline ctl-row  position-left\"><div class=\"ctl-6 timeline-block-time\"><div class=\"story-time\"><p>23. &amp; 24. Mai 2025<\/p><\/div><\/div><div class=\"timeline-block-icon\"><svg stroke=\"currentColor\" fill=\"currentColor\" stroke-width=\"0\" viewBox=\"0 0 512 512\" height=\"1em\" width=\"1em\" xmlns=\"http:\/\/www.w3.org\/2000\/svg\"><path d=\"M256 8C119 8 8 119 8 256s111 248 248 248 248-111 248-248S393 8 256 8z\"><\/path><\/svg><\/div><div class=\"ctl-6 timeline-block-detail\"><div class=\"story-details\"><div class=\"story-content\">\n<figure class=\"wp-block-image size-large ctlb-block-image\"><img loading=\"lazy\" decoding=\"async\" width=\"1024\" height=\"683\" src=\"https:\/\/canoff.de\/wp-content\/uploads\/2025\/12\/canoff-Colloque25.jpg-2-1024x683.png\" alt=\"\" class=\"wp-image-1299\" style=\"aspect-ratio:4\/3;object-fit:cover\" srcset=\"https:\/\/canoff.de\/wp-content\/uploads\/2025\/12\/canoff-Colloque25.jpg-2-1024x683.png 1024w, https:\/\/canoff.de\/wp-content\/uploads\/2025\/12\/canoff-Colloque25.jpg-2-300x200.png 300w, https:\/\/canoff.de\/wp-content\/uploads\/2025\/12\/canoff-Colloque25.jpg-2-768x513.png 768w, https:\/\/canoff.de\/wp-content\/uploads\/2025\/12\/canoff-Colloque25.jpg-2-1536x1025.png 1536w, https:\/\/canoff.de\/wp-content\/uploads\/2025\/12\/canoff-Colloque25.jpg-2-2048x1367.png 2048w\" sizes=\"auto, (max-width: 1024px) 100vw, 1024px\" \/><\/figure>\n\n\n\n<h3 class=\"wp-block-heading ctlb-block-title\" style=\"padding-top:0px;padding-right:0px;padding-bottom:0px;padding-left:0px\"><a href=\"https:\/\/www.uni-flensburg.de\/romanistik\/forschung-projekte\/abgeschlossene-projekte\/2-canoff-forschungskolloquium-mai-2025\" target=\"_blank\" rel=\"noreferrer noopener\">Zweites CaNoFF-Forschungskolloquium<\/a> (Flensburg)<\/h3>\n\n\n\n<p class=\"ctlb-block-desc\" style=\"padding-top:0px;padding-right:0px;padding-bottom:0px;padding-left:0px\">Am 23. und 24. Mai 2025 fand an der Europa-Universit\u00e4t Flensburg das zweite CaNoFF-Forschungskolloquium statt. Die Veranstaltung richtete sich an Promovierende und Post-Docs aus dem norddeutschen Raum, die zu frankreich- und frankophoniebezogenen Themen arbeiten. Insgesamt sechs Nachwuchsforschende nutzten die Gelegenheit, einem fachkundigen Publikum ihre aktuellen Forschungsprojekte vorzustellen und zu diskutieren, sich aber auch informell auszutauschen und zu vernetzen.<\/p>\n<\/div><\/div><\/div><\/div><\/div><\/div>\n\n\n\n<div class=\"wp-block-cp-timeline-content-timeline-child swiper-slide\"><div class=\"timeline-content icon-false \"><div class=\"timeline-block-timeline ctl-row  position-right\"><div class=\"ctl-6 timeline-block-time\"><div class=\"story-time\"><p>12. Mai 2025<\/p><\/div><\/div><div class=\"timeline-block-icon\"><svg stroke=\"currentColor\" fill=\"currentColor\" stroke-width=\"0\" viewBox=\"0 0 512 512\" height=\"1em\" width=\"1em\" xmlns=\"http:\/\/www.w3.org\/2000\/svg\"><path d=\"M256 8C119 8 8 119 8 256s111 248 248 248 248-111 248-248S393 8 256 8z\"><\/path><\/svg><\/div><div class=\"ctl-6 timeline-block-detail\"><div class=\"story-details\"><div class=\"story-content\">\n<figure class=\"wp-block-image size-large ctlb-block-image\"><img loading=\"lazy\" decoding=\"async\" width=\"1024\" height=\"779\" src=\"https:\/\/canoff.de\/wp-content\/uploads\/2025\/12\/Charrier-1-1024x779.png\" alt=\"\" class=\"wp-image-1307\" style=\"aspect-ratio:4\/3;object-fit:cover\" srcset=\"https:\/\/canoff.de\/wp-content\/uploads\/2025\/12\/Charrier-1-1024x779.png 1024w, https:\/\/canoff.de\/wp-content\/uploads\/2025\/12\/Charrier-1-300x228.png 300w, https:\/\/canoff.de\/wp-content\/uploads\/2025\/12\/Charrier-1-768x584.png 768w, https:\/\/canoff.de\/wp-content\/uploads\/2025\/12\/Charrier-1-1536x1168.png 1536w, https:\/\/canoff.de\/wp-content\/uploads\/2025\/12\/Charrier-1-263x200.png 263w, https:\/\/canoff.de\/wp-content\/uploads\/2025\/12\/Charrier-1.png 1800w\" sizes=\"auto, (max-width: 1024px) 100vw, 1024px\" \/><\/figure>\n\n\n\n<h3 class=\"wp-block-heading ctlb-block-title\" style=\"padding-top:0px;padding-right:0px;padding-bottom:0px;padding-left:0px\"><strong><a href=\"https:\/\/www.uni-flensburg.de\/romanistik\/forschung-projekte\/abgeschlossene-projekte\/vortrag-dr-landry-charrier-mai-2025\" target=\"_blank\" rel=\"noreferrer noopener\">Vortrag \u201eEurop\u00e4ische Souver\u00e4nit\u00e4t als Auftrag: K\u00f6nnen Deutschland und Frankreich liefern?\u201c<\/a><\/strong> (Flensburg)<\/h3>\n\n\n\n<p class=\"ctlb-block-desc\" style=\"padding-top:0px;padding-right:0px;padding-bottom:0px;padding-left:0px\">Der profilierte Politikwissenschaftler und Experte f\u00fcr deutsch-franz\u00f6sische Beziehungen, Dr. Landry Charrier, war auf Einladung des CaNoFF in Kooperation mit dem Seminar f\u00fcr Politikwissenschaft und Politikdidaktik am 12. Mai 2025 zu Gast an der Europa-Universit\u00e4t Flensburg. Im gut gef\u00fcllten Seminarraum sprach er \u00fcber die Frage europ\u00e4ischer Souver\u00e4nit\u00e4t nach dem Ende der transatlantischen Partnerschaft und der Rolle von Frankreich und Deutschland in diesem schwierigen Prozess.<\/p>\n<\/div><\/div><\/div><\/div><\/div><\/div>\n\n\n\n<div class=\"wp-block-cp-timeline-content-timeline-child swiper-slide\"><div class=\"timeline-content icon-false \"><div class=\"timeline-block-timeline ctl-row  position-left\"><div class=\"ctl-6 timeline-block-time\"><div class=\"story-time\"><p>28. Januar \u2013 01. Februar<\/p><\/div><\/div><div class=\"timeline-block-icon\"><svg stroke=\"currentColor\" fill=\"currentColor\" stroke-width=\"0\" viewBox=\"0 0 512 512\" height=\"1em\" width=\"1em\" xmlns=\"http:\/\/www.w3.org\/2000\/svg\"><path d=\"M256 8C119 8 8 119 8 256s111 248 248 248 248-111 248-248S393 8 256 8z\"><\/path><\/svg><\/div><div class=\"ctl-6 timeline-block-detail\"><div class=\"story-details\"><div class=\"story-content\">\n<figure class=\"wp-block-image size-large\"><img loading=\"lazy\" decoding=\"async\" width=\"1024\" height=\"719\" src=\"https:\/\/canoff.de\/wp-content\/uploads\/2025\/12\/image-1024x719.png\" alt=\"\" class=\"wp-image-1324\" srcset=\"https:\/\/canoff.de\/wp-content\/uploads\/2025\/12\/image-1024x719.png 1024w, https:\/\/canoff.de\/wp-content\/uploads\/2025\/12\/image-300x211.png 300w, https:\/\/canoff.de\/wp-content\/uploads\/2025\/12\/image-768x539.png 768w, https:\/\/canoff.de\/wp-content\/uploads\/2025\/12\/image-285x200.png 285w, https:\/\/canoff.de\/wp-content\/uploads\/2025\/12\/image.png 1108w\" sizes=\"auto, (max-width: 1024px) 100vw, 1024px\" \/><figcaption class=\"wp-element-caption\">Foto: \u00a9 Myriam Mac\u00e9<\/figcaption><\/figure>\n\n\n\n<h3 class=\"wp-block-heading ctlb-block-title\" style=\"padding-top:0px;padding-right:0px;padding-bottom:0px;padding-left:0px\">Exkursion nach Angoul\u00eame (Bremen)<\/h3>\n\n\n\n<p class=\"ctlb-block-desc\" style=\"padding-top:0px;padding-right:0px;padding-bottom:0px;padding-left:0px\">Zum zweiten Mal macht sich eine Gruppe comicbegeisterter Studierender unter Begleitung von Karen Struve und Myriam Mac\u00e9 auf den Weg zum gr\u00f6\u00dften Comicfestival Europas!<\/p>\n<\/div><\/div><\/div><\/div><\/div><\/div>\n\n\n\n<div class=\"wp-block-cp-timeline-content-timeline-child swiper-slide\"><div class=\"timeline-content icon-false \"><div class=\"timeline-block-timeline ctl-row  position-right\"><div class=\"ctl-6 timeline-block-time\"><div class=\"story-time\"><p>08. Januar 2025<\/p><\/div><\/div><div class=\"timeline-block-icon\"><svg stroke=\"currentColor\" fill=\"currentColor\" stroke-width=\"0\" viewBox=\"0 0 512 512\" height=\"1em\" width=\"1em\" xmlns=\"http:\/\/www.w3.org\/2000\/svg\"><path d=\"M256 8C119 8 8 119 8 256s111 248 248 248 248-111 248-248S393 8 256 8z\"><\/path><\/svg><\/div><div class=\"ctl-6 timeline-block-detail\"><div class=\"story-details\"><div class=\"story-content\">\n<figure class=\"wp-block-image size-large ctlb-block-image\"><img loading=\"lazy\" decoding=\"async\" width=\"1024\" height=\"761\" src=\"https:\/\/canoff.de\/wp-content\/uploads\/2025\/12\/Foto-Buetow.jpg-1024x761.png\" alt=\"\" class=\"wp-image-1303\" style=\"aspect-ratio:4\/3;object-fit:cover\" srcset=\"https:\/\/canoff.de\/wp-content\/uploads\/2025\/12\/Foto-Buetow.jpg-1024x761.png 1024w, https:\/\/canoff.de\/wp-content\/uploads\/2025\/12\/Foto-Buetow.jpg-300x223.png 300w, https:\/\/canoff.de\/wp-content\/uploads\/2025\/12\/Foto-Buetow.jpg-768x571.png 768w, https:\/\/canoff.de\/wp-content\/uploads\/2025\/12\/Foto-Buetow.jpg-1536x1142.png 1536w, https:\/\/canoff.de\/wp-content\/uploads\/2025\/12\/Foto-Buetow.jpg-2048x1522.png 2048w, https:\/\/canoff.de\/wp-content\/uploads\/2025\/12\/Foto-Buetow.jpg-269x200.png 269w\" sizes=\"auto, (max-width: 1024px) 100vw, 1024px\" \/><\/figure>\n\n\n\n<h3 class=\"wp-block-heading ctlb-block-title\" style=\"padding-top:0px;padding-right:0px;padding-bottom:0px;padding-left:0px\"><strong>Jugend in Europa in Zeiten des Wandels<\/strong> (Flensburg)<\/h3>\n\n\n\n<p class=\"ctlb-block-desc\" style=\"padding-top:0px;padding-right:0px;padding-bottom:0px;padding-left:0px\">Wie geht es jungen Menschen in Europa heute, in Zeiten multipler Krisen? Und welchen Beitrag kann Jugendaustausch, u.a. der deutsch-franz\u00f6sische, zum Europ\u00e4ischen Friedensprojekt leisten?&nbsp;Diese Fragen thematisierte der&nbsp;Historiker, Politikwissenschaftler Tobias B\u00fctow, der&nbsp;auch&nbsp;deutscher&nbsp;Generalsekret\u00e4r des Deutsch-Franz\u00f6sischen Jugendwerks&nbsp;ist, in seinem spannenden Vortrag am 8.&nbsp;Januar 2025 in der D\u00e4nischen Bibliothek in Flensburg. Der Einladung des CaNoFF und des M.A. Studiengangs Transformationsstudien waren viele Studierende und Interessierte aus der Stadt\u00f6ffentlichkeit gefolgt.<\/p>\n<\/div><\/div><\/div><\/div><\/div><\/div>\n<\/div><\/div><\/div><\/div>\n","protected":false},"excerpt":{"rendered":"","protected":false},"author":1,"featured_media":0,"parent":0,"menu_order":0,"comment_status":"closed","ping_status":"closed","template":"","meta":{"footnotes":""},"class_list":["post-1275","page","type-page","status-publish","hentry"],"_links":{"self":[{"href":"https:\/\/canoff.de\/index.php?rest_route=\/wp\/v2\/pages\/1275","targetHints":{"allow":["GET"]}}],"collection":[{"href":"https:\/\/canoff.de\/index.php?rest_route=\/wp\/v2\/pages"}],"about":[{"href":"https:\/\/canoff.de\/index.php?rest_route=\/wp\/v2\/types\/page"}],"author":[{"embeddable":true,"href":"https:\/\/canoff.de\/index.php?rest_route=\/wp\/v2\/users\/1"}],"replies":[{"embeddable":true,"href":"https:\/\/canoff.de\/index.php?rest_route=%2Fwp%2Fv2%2Fcomments&post=1275"}],"version-history":[{"count":51,"href":"https:\/\/canoff.de\/index.php?rest_route=\/wp\/v2\/pages\/1275\/revisions"}],"predecessor-version":[{"id":1756,"href":"https:\/\/canoff.de\/index.php?rest_route=\/wp\/v2\/pages\/1275\/revisions\/1756"}],"wp:attachment":[{"href":"https:\/\/canoff.de\/index.php?rest_route=%2Fwp%2Fv2%2Fmedia&parent=1275"}],"curies":[{"name":"wp","href":"https:\/\/api.w.org\/{rel}","templated":true}]}}