{"id":1173,"date":"2025-10-28T16:08:32","date_gmt":"2025-10-28T15:08:32","guid":{"rendered":"https:\/\/canoff.de\/?page_id=1173"},"modified":"2026-01-27T15:15:31","modified_gmt":"2026-01-27T14:15:31","slug":"bienvenue","status":"publish","type":"page","link":"https:\/\/canoff.de\/","title":{"rendered":"Bienvenue beim Campus Nord f\u00fcr Frankreich und Frankophonie (CaNoFF) !"},"content":{"rendered":"\n<div style=\"height:42px\" aria-hidden=\"true\" class=\"wp-block-spacer\"><\/div>\n\n\n\n<div class=\"wp-block-columns is-layout-flex wp-container-core-columns-is-layout-9d6595d7 wp-block-columns-is-layout-flex\">\n<div class=\"wp-block-column is-layout-flow wp-block-column-is-layout-flow\">\n<p>CaNoFF ist ein interdisziplin\u00e4res Netzwerk der Universit\u00e4ten Bremen, Flensburg und Rostock, gegr\u00fcndet von den Romanistinnen Karen Struve, Margot Brink und Stephanie Wodianka in den norddeutschen Bundesl\u00e4ndern Bremen, Schleswig-Holstein und Mecklenburg-Vorpommern. Ziel ist es, frankreich- und frankophoniebezogene Forschung, Lehre und Wissenschaftsvermittlung zu initiieren, zu f\u00f6rdern und sichtbar zu machen.<\/p>\n\n\n\n<p>Das Netzwerk bringt Forschende aus vielf\u00e4ltigen Disziplinen zusammen \u2013 von Literatur-, Politik-, Kultur- und Meereswissenschaften bis hin zu Chemie, Ingenieurs- und Medienwissenschaften. Zu den Mitgliedern geh\u00f6ren auch Pers\u00f6nlichkeiten aus Politik und Gesellschaft sowie Partnerinstitutionen wie das Institut Fran\u00e7ais und die Franz\u00f6sische Botschaft in Berlin.<\/p>\n\n\n\n<p>Die drei Standorte werden von den jeweiligen franz\u00f6sischen Abteilungen koordiniert und organisieren wissenschaftliche Konferenzen, Workshops, Studientage sowie \u00f6ffentliche Veranstaltungen wie Lesungen und Ausstellungen. Durch die gemeinsame Gesch\u00e4ftsf\u00fchrung wird erstmals die Vielfalt der frankophonen Forschungskontakte und -aktivit\u00e4ten im norddeutschen Raum geb\u00fcndelt und sichtbar!<\/p>\n<\/div>\n\n\n\n<div class=\"wp-block-column is-layout-flow wp-block-column-is-layout-flow\">\n<figure class=\"wp-block-image size-large\"><img loading=\"lazy\" decoding=\"async\" width=\"1024\" height=\"683\" src=\"https:\/\/canoff.de\/wp-content\/uploads\/2025\/11\/Fotos-Lehmkuehler-2023-9588-1024x683.jpg\" alt=\"\" class=\"wp-image-1263\" srcset=\"https:\/\/canoff.de\/wp-content\/uploads\/2025\/11\/Fotos-Lehmkuehler-2023-9588-1024x683.jpg 1024w, https:\/\/canoff.de\/wp-content\/uploads\/2025\/11\/Fotos-Lehmkuehler-2023-9588-300x200.jpg 300w, https:\/\/canoff.de\/wp-content\/uploads\/2025\/11\/Fotos-Lehmkuehler-2023-9588-768x512.jpg 768w, https:\/\/canoff.de\/wp-content\/uploads\/2025\/11\/Fotos-Lehmkuehler-2023-9588-1536x1024.jpg 1536w, https:\/\/canoff.de\/wp-content\/uploads\/2025\/11\/Fotos-Lehmkuehler-2023-9588-2048x1365.jpg 2048w\" sizes=\"auto, (max-width: 1024px) 100vw, 1024px\" \/><figcaption class=\"wp-element-caption\">\u00a9 Jens Lehmk\u00fchler\/Universit\u00e4t Bremen<\/figcaption><\/figure>\n<\/div>\n<\/div>\n\n\n\n<div style=\"height:90px\" aria-hidden=\"true\" class=\"wp-block-spacer\"><\/div>\n\n\n\n<h2 class=\"wp-block-heading has-text-align-center\">Unsere vergangenen Veranstaltungen und aktuellen Angebote:<\/h2>\n\n\n\n<div class=\"wp-block-columns is-layout-flex wp-container-core-columns-is-layout-9d6595d7 wp-block-columns-is-layout-flex\">\n<div class=\"wp-block-column is-layout-flow wp-block-column-is-layout-flow\" style=\"flex-basis:100%\">\n<div class=\"alignnormal\"><div id=\"metaslider-id-1183\" style=\"max-width: 960px; margin: 0 auto;\" class=\"ml-slider-3-108-0 metaslider metaslider-flex metaslider-1183 ml-slider has-dots-onhover-navigation ms-theme-default-base\" role=\"region\" aria-label=\"Homepage Slideshow DE\" data-height=\"540\" data-width=\"960\">\n    <div id=\"metaslider_container_1183\">\n        <div id=\"metaslider_1183\">\n            <ul aria-live='off' class='slides'>\n                <li style=\"display: block; width: 100%;\" class=\"slide-1710 ms-image \" aria-roledescription=\"slide\" data-date=\"2026-04-10 11:15:44\" data-filename=\"medientipps_frz.jpg.webp\" data-slide-type=\"image\"><a href=\"https:\/\/stabi-hb.de\/medientipps-franzoesisch-2\/\" target=\"_blank\" aria-label=\"View Slide Details\" class=\"metaslider_image_link\"><img loading=\"lazy\" decoding=\"async\" width=\"2048\" height=\"1151\" src=\"https:\/\/canoff.de\/wp-content\/uploads\/2026\/04\/medientipps_frz.jpg.webp\" class=\"slider-1183 slide-1710 msDefaultImage\" alt=\"\" rel=\"\" title=\"medientipps_frz.jpg\" srcset=\"https:\/\/canoff.de\/wp-content\/uploads\/2026\/04\/medientipps_frz.jpg.webp 2048w, https:\/\/canoff.de\/wp-content\/uploads\/2026\/04\/medientipps_frz.jpg-300x169.webp 300w, https:\/\/canoff.de\/wp-content\/uploads\/2026\/04\/medientipps_frz.jpg-1024x576.webp 1024w, https:\/\/canoff.de\/wp-content\/uploads\/2026\/04\/medientipps_frz.jpg-768x432.webp 768w, https:\/\/canoff.de\/wp-content\/uploads\/2026\/04\/medientipps_frz.jpg-1536x863.webp 1536w, https:\/\/canoff.de\/wp-content\/uploads\/2026\/04\/medientipps_frz.jpg-356x200.webp 356w\" sizes=\"auto, (max-width: 2048px) 100vw, 2048px\" \/><\/a><div class=\"caption-wrap\"><div class=\"caption\"><div>Der Welttag der franz\u00f6sischen Sprache am 20. M\u00e4rz lenkt die Aufmerksamkeit auf die Vielfalt und Sch\u00f6nheit des Franz\u00f6sischen. Passend dazu haben Studierende des Campus Nord f\u00fcr Frankreich und Frankophonie eine Auswahl besonderer franz\u00f6sischsprachiger B\u00fccher f\u00fcr Sie zusammengestellt.<\/div><\/div><\/div><\/li>\n                <li style=\"display: none; width: 100%;\" class=\"slide-1548 ms-image \" aria-roledescription=\"slide\" data-date=\"2026-03-04 19:08:07\" data-filename=\"Poster_International_300dpi_Slider_de.png\" data-slide-type=\"image\"><a href=\"https:\/\/canoff.de\/?tribe_events=foto-ausstellung-poser-pour-la-liberte-in-bremen\" target=\"_blank\" aria-label=\"View Slide Details\" class=\"metaslider_image_link\"><img loading=\"lazy\" decoding=\"async\" width=\"2092\" height=\"1177\" src=\"https:\/\/canoff.de\/wp-content\/uploads\/2026\/03\/Poster_International_300dpi_Slider_de.png\" class=\"slider-1183 slide-1548 msDefaultImage\" alt=\"\" rel=\"\" title=\"Poster_International_300dpi_Slider_de\" srcset=\"https:\/\/canoff.de\/wp-content\/uploads\/2026\/03\/Poster_International_300dpi_Slider_de.png 2092w, https:\/\/canoff.de\/wp-content\/uploads\/2026\/03\/Poster_International_300dpi_Slider_de-300x169.png 300w, https:\/\/canoff.de\/wp-content\/uploads\/2026\/03\/Poster_International_300dpi_Slider_de-1024x576.png 1024w, https:\/\/canoff.de\/wp-content\/uploads\/2026\/03\/Poster_International_300dpi_Slider_de-768x432.png 768w, https:\/\/canoff.de\/wp-content\/uploads\/2026\/03\/Poster_International_300dpi_Slider_de-1536x864.png 1536w, https:\/\/canoff.de\/wp-content\/uploads\/2026\/03\/Poster_International_300dpi_Slider_de-2048x1152.png 2048w, https:\/\/canoff.de\/wp-content\/uploads\/2026\/03\/Poster_International_300dpi_Slider_de-355x200.png 355w\" sizes=\"auto, (max-width: 2092px) 100vw, 2092px\" \/><\/a><div class=\"caption-wrap\"><div class=\"caption\"><div>Bald, am 25.03., er\u00f6ffnet die Wanderausstellung \"Poser pour la libert\u00e9\" in Bremen!<\/div><\/div><\/div><\/li>\n                <li style=\"display: none; width: 100%;\" class=\"slide-1619 ms-image \" aria-roledescription=\"slide\" data-date=\"2026-03-05 14:32:17\" data-filename=\"Lesung-Ette-Slider-Webseite-scaled.jpg\" data-slide-type=\"image\"><a href=\"https:\/\/canoff.de\/?p=1592\" target=\"_blank\" aria-label=\"View Slide Details\" class=\"metaslider_image_link\"><img loading=\"lazy\" decoding=\"async\" width=\"2560\" height=\"1440\" src=\"https:\/\/canoff.de\/wp-content\/uploads\/2026\/03\/Lesung-Ette-Slider-Webseite-scaled.jpg\" class=\"slider-1183 slide-1619 msDefaultImage\" alt=\"\" rel=\"\" title=\"Lesung Ette Slider Webseite\" srcset=\"https:\/\/canoff.de\/wp-content\/uploads\/2026\/03\/Lesung-Ette-Slider-Webseite-scaled.jpg 2560w, https:\/\/canoff.de\/wp-content\/uploads\/2026\/03\/Lesung-Ette-Slider-Webseite-300x169.jpg 300w, https:\/\/canoff.de\/wp-content\/uploads\/2026\/03\/Lesung-Ette-Slider-Webseite-1024x576.jpg 1024w, https:\/\/canoff.de\/wp-content\/uploads\/2026\/03\/Lesung-Ette-Slider-Webseite-768x432.jpg 768w, https:\/\/canoff.de\/wp-content\/uploads\/2026\/03\/Lesung-Ette-Slider-Webseite-1536x864.jpg 1536w, https:\/\/canoff.de\/wp-content\/uploads\/2026\/03\/Lesung-Ette-Slider-Webseite-2048x1152.jpg 2048w, https:\/\/canoff.de\/wp-content\/uploads\/2026\/03\/Lesung-Ette-Slider-Webseite-356x200.jpg 356w\" sizes=\"auto, (max-width: 2560px) 100vw, 2560px\" \/><\/a><div class=\"caption-wrap\"><div class=\"caption\"><div>Der emeritierte Romanist und Autor Ottmar Ette war f\u00fcr zwei Lesungen in Bremen zu Besuch.<\/div><\/div><\/div><\/li>\n                <li style=\"display: none; width: 100%;\" class=\"slide-1532 ms-image \" aria-roledescription=\"slide\" data-date=\"2026-02-05 16:43:29\" data-filename=\"Lesung_Mukosonga_2026_c_Uni-Bremen-Kopie_16_x_9.jpg\" data-slide-type=\"image\"><a href=\"https:\/\/canoff.de\/?p=1524\" target=\"_self\" aria-label=\"View Slide Details\" class=\"metaslider_image_link\"><img loading=\"lazy\" decoding=\"async\" width=\"1852\" height=\"1042\" src=\"https:\/\/canoff.de\/wp-content\/uploads\/2026\/02\/Lesung_Mukosonga_2026_c_Uni-Bremen-Kopie_16_x_9.jpg\" class=\"slider-1183 slide-1532 msDefaultImage\" alt=\"\" rel=\"\" title=\"Lesung_Mukosonga_2026_c_Uni-Bremen Kopie_16_x_9\" srcset=\"https:\/\/canoff.de\/wp-content\/uploads\/2026\/02\/Lesung_Mukosonga_2026_c_Uni-Bremen-Kopie_16_x_9.jpg 1852w, https:\/\/canoff.de\/wp-content\/uploads\/2026\/02\/Lesung_Mukosonga_2026_c_Uni-Bremen-Kopie_16_x_9-300x169.jpg 300w, https:\/\/canoff.de\/wp-content\/uploads\/2026\/02\/Lesung_Mukosonga_2026_c_Uni-Bremen-Kopie_16_x_9-1024x576.jpg 1024w, https:\/\/canoff.de\/wp-content\/uploads\/2026\/02\/Lesung_Mukosonga_2026_c_Uni-Bremen-Kopie_16_x_9-768x432.jpg 768w, https:\/\/canoff.de\/wp-content\/uploads\/2026\/02\/Lesung_Mukosonga_2026_c_Uni-Bremen-Kopie_16_x_9-1536x864.jpg 1536w, https:\/\/canoff.de\/wp-content\/uploads\/2026\/02\/Lesung_Mukosonga_2026_c_Uni-Bremen-Kopie_16_x_9-355x200.jpg 355w\" sizes=\"auto, (max-width: 1852px) 100vw, 1852px\" \/><\/a><div class=\"caption-wrap\"><div class=\"caption\"><div>Entdecken Sie unseren Beitrag zur Lesung mit Scholsatique Mukasonga!<\/div><\/div><\/div><\/li>\n                <li style=\"display: none; width: 100%;\" class=\"slide-1186 ms-image \" aria-roledescription=\"slide\" data-date=\"2025-10-21 15:39:51\" data-filename=\"Mediathek-Beispielfoto-scaled.jpg\" data-slide-type=\"image\"><a href=\"https:\/\/www.uni-bremen.de\/fb-10\/studium\/romanistik\/franzoesische-literaturwissenschaft\/canoff-mediathek\" target=\"_blank\" aria-label=\"View Slide Details\" class=\"metaslider_image_link\"><img loading=\"lazy\" decoding=\"async\" width=\"2560\" height=\"1439\" src=\"https:\/\/canoff.de\/wp-content\/uploads\/2025\/10\/Mediathek-Beispielfoto-scaled.jpg\" class=\"slider-1183 slide-1186 msDefaultImage\" alt=\"\" rel=\"\" title=\"Mediathek Beispielfoto\" srcset=\"https:\/\/canoff.de\/wp-content\/uploads\/2025\/10\/Mediathek-Beispielfoto-scaled.jpg 2560w, https:\/\/canoff.de\/wp-content\/uploads\/2025\/10\/Mediathek-Beispielfoto-300x169.jpg 300w, https:\/\/canoff.de\/wp-content\/uploads\/2025\/10\/Mediathek-Beispielfoto-1024x575.jpg 1024w, https:\/\/canoff.de\/wp-content\/uploads\/2025\/10\/Mediathek-Beispielfoto-768x432.jpg 768w, https:\/\/canoff.de\/wp-content\/uploads\/2025\/10\/Mediathek-Beispielfoto-1536x863.jpg 1536w, https:\/\/canoff.de\/wp-content\/uploads\/2025\/10\/Mediathek-Beispielfoto-2048x1151.jpg 2048w, https:\/\/canoff.de\/wp-content\/uploads\/2025\/10\/Mediathek-Beispielfoto-356x200.jpg 356w, https:\/\/canoff.de\/wp-content\/uploads\/2025\/10\/Mediathek-Beispielfoto-scaled-1600x900.jpg 1600w, https:\/\/canoff.de\/wp-content\/uploads\/2025\/10\/Mediathek-Beispielfoto-scaled-1200x675.jpg 1200w, https:\/\/canoff.de\/wp-content\/uploads\/2025\/10\/Mediathek-Beispielfoto-scaled-620x348.jpg 620w, https:\/\/canoff.de\/wp-content\/uploads\/2025\/10\/Mediathek-Beispielfoto-scaled-400x225.jpg 400w, https:\/\/canoff.de\/wp-content\/uploads\/2025\/10\/Mediathek-Beispielfoto-scaled-1366x768.jpg 1366w, https:\/\/canoff.de\/wp-content\/uploads\/2025\/10\/Mediathek-Beispielfoto-scaled-1280x720.jpg 1280w, https:\/\/canoff.de\/wp-content\/uploads\/2025\/10\/Mediathek-Beispielfoto-scaled-960x540.jpg 960w, https:\/\/canoff.de\/wp-content\/uploads\/2025\/10\/Mediathek-Beispielfoto-scaled-854x480.jpg 854w\" sizes=\"auto, (max-width: 2560px) 100vw, 2560px\" \/><\/a><div class=\"caption-wrap\"><div class=\"caption\"><div>Besuchen Sie unsere Mediathek in Bremen!<\/div><\/div><\/div><\/li>\n            <\/ul>\n        <div class='flex-progress-bar'><\/div>\n        <\/div>\n        \n    <\/div>\n<\/div><\/div>\n\n\n\n<div style=\"height:57px\" aria-hidden=\"true\" class=\"wp-block-spacer\"><\/div>\n\n\n\n<hr class=\"wp-block-separator has-alpha-channel-opacity is-style-wide\"\/>\n<\/div>\n<\/div>\n\n\n\n<div  class=\"tribe-compatibility-container\" >\n\t<div\n\t\t class=\"tribe-common tribe-events tribe-events-view tribe-events-view--widget-events-list tribe-events-widget\" \t\tdata-js=\"tribe-events-view\"\n\t\tdata-view-rest-url=\"https:\/\/canoff.de\/index.php?rest_route=\/tribe\/views\/v2\/html\"\n\t\tdata-view-manage-url=\"1\"\n\t\t\t\t\t\t\tdata-view-breakpoint-pointer=\"fba95244-ef10-4092-93c1-5f5d807e2a13\"\n\t\t\t>\n\t\t<div class=\"tribe-events-widget-events-list\">\n\n\t\t\t<script type=\"application\/ld+json\">\r\n[{\"@context\":\"http:\/\/schema.org\",\"@type\":\"Event\",\"name\":\"Foto-Ausstellung &#8222;Poser pour la libert\\u00e9&#8220; in Flensburg !\",\"description\":\"&lt;p&gt;Was bedeutet es, als Wissenschaftler*in das eigene Land verlassen zu m\\u00fcssen? Wie steht es um die Wissenschaftsfreiheit und das Wissenschaftsexil in Europa? Dies sind Themen der Ausstellung \\u201eStanding for Freedom - Poser pour la libert\\u00e9\\u201c, in deren Mittelpunkt Forschende im Exil und das Thema des Wissenschaftsexils stehen. Zu sehen ist &hellip;&lt;\/p&gt;\\\\n\",\"image\":\"https:\/\/canoff.de\/wp-content\/uploads\/2026\/03\/Poster_International_300dpi_Version_1.jpg\",\"url\":\"https:\/\/canoff.de\/?tribe_events=foto-ausstellung-poser-pour-la-liberte-in-flensburg\",\"eventAttendanceMode\":\"https:\/\/schema.org\/OfflineEventAttendanceMode\",\"eventStatus\":\"https:\/\/schema.org\/EventScheduled\",\"startDate\":\"2026-04-20T00:00:00+02:00\",\"endDate\":\"2026-05-08T23:59:59+02:00\",\"location\":{\"@type\":\"Place\",\"name\":\"Universit\\u00e4t Flensburg, Geb\\u00e4ude HEL: EG Flur\",\"description\":\"\",\"url\":\"\",\"address\":{\"@type\":\"PostalAddress\",\"streetAddress\":\"Auf dem Campus 1\",\"addressLocality\":\"Flensburg\"},\"telephone\":\"\",\"sameAs\":\"\"},\"organizer\":{\"@type\":\"Person\",\"name\":\"CaNoFF \\u2013 Standort Flensburg\",\"description\":\"\",\"url\":\"\",\"telephone\":\"\",\"email\":\"\",\"sameAs\":\"\"},\"offers\":{\"@type\":\"Offer\",\"price\":\"kostenfrei | gratuit\",\"priceCurrency\":\"EUR\",\"url\":\"https:\/\/canoff.de\/?tribe_events=foto-ausstellung-poser-pour-la-liberte-in-flensburg\",\"category\":\"primary\",\"availability\":\"inStock\",\"validFrom\":\"1970-01-01T00:00:00+00:00\"},\"performer\":\"Organization\"},{\"@context\":\"http:\/\/schema.org\",\"@type\":\"Event\",\"name\":\"Verein &#8222;Mate ni kani&#8220; zu Besuch an der Uni Bremen\",\"description\":\"&lt;p&gt;Der Verein\\u00a0Mate ni kani ist Gewinner des Spenderpreises f\\u00fcr ermutigende Initiativen: Internationaler Bremer Friedenspreis der Stiftung di schwelle 2026. In Niger lernen viele Kinder auf Franz\\u00f6sisch lesen und schreiben \\u2013 eine Sprache, die sie au\\u00dferhalb der Schule kaum sprechen. Diese kolonial gepr\\u00e4gte Sprachpolitik f\\u00fchrt zu zahlreichen Schulabbr\\u00fcchen und Analphabetismus. Der &hellip;&lt;\/p&gt;\\\\n\",\"image\":\"https:\/\/canoff.de\/wp-content\/uploads\/2026\/04\/mate-ni-kani.jpg\",\"url\":\"https:\/\/canoff.de\/?tribe_events=verein-mate-ni-kani-zu-besuch-an-der-uni-bremen\",\"eventAttendanceMode\":\"https:\/\/schema.org\/OfflineEventAttendanceMode\",\"eventStatus\":\"https:\/\/schema.org\/EventScheduled\",\"startDate\":\"2026-05-06T14:00:00+02:00\",\"endDate\":\"2026-05-06T16:00:00+02:00\",\"location\":{\"@type\":\"Place\",\"name\":\"Universit\\u00e4t Bremen, GW2 A 3340\",\"description\":\"\",\"url\":\"\",\"address\":{\"@type\":\"PostalAddress\",\"streetAddress\":\"Universit\\u00e4tsboulevard\",\"addressLocality\":\"Bremen\",\"postalCode\":\"28359\"},\"telephone\":\"\",\"sameAs\":\"\"},\"performer\":\"Organization\"},{\"@context\":\"http:\/\/schema.org\",\"@type\":\"Event\",\"name\":\"Preisverleihung: &#8222;Bremer Friedenspreis der Stiftung die schwelle 2026&#8220; f\\u00fcr Verein &#8218;Mate ni kani&#8216;\",\"description\":\"&lt;p&gt;Der Verein\\u00a0Mate ni kani ist Gewinner des Spenderpreises f\\u00fcr ermutigende Initiativen: Internationaler Bremer Friedenspreis der Stiftung di schwelle 2026. In Niger lernen viele Kinder auf Franz\\u00f6sisch lesen und schreiben \\u2013 eine Sprache, die sie au\\u00dferhalb der Schule kaum sprechen. Diese kolonial gepr\\u00e4gte Sprachpolitik f\\u00fchrt zu zahlreichen Schulabbr\\u00fcchen und Analphabetismus. Der &hellip;&lt;\/p&gt;\\\\n\",\"image\":\"https:\/\/canoff.de\/wp-content\/uploads\/2026\/04\/mate-ni-kani.jpg\",\"url\":\"https:\/\/canoff.de\/?tribe_events=preisverleihung-bremer-friedenspreis-der-stiftung-die-schwelle-2026-fuer-verein-mate-ni-kani\",\"eventAttendanceMode\":\"https:\/\/schema.org\/OfflineEventAttendanceMode\",\"eventStatus\":\"https:\/\/schema.org\/EventScheduled\",\"startDate\":\"2026-05-08T18:00:00+02:00\",\"endDate\":\"2026-05-08T18:00:00+02:00\",\"location\":{\"@type\":\"Place\",\"name\":\"Bremer Rathaus\",\"description\":\"\",\"url\":\"\",\"address\":{\"@type\":\"PostalAddress\",\"streetAddress\":\"Am Markt 21\",\"addressLocality\":\"Bremen\",\"postalCode\":\"28195\"},\"telephone\":\"\",\"sameAs\":\"\"},\"performer\":\"Organization\"},{\"@context\":\"http:\/\/schema.org\",\"@type\":\"Event\",\"name\":\"Onlineseminar Kulturtransfer: Les transferts culturels de la France vers la Chine\",\"description\":\"&lt;p&gt;Wir m\\u00f6chten mit Freude auf das Seminar Transferts Culturels \\u2013 Kulturtransfer \\u2013 Intercultural Transfers hinweisen, das eine Kooperation zwischen der \\u00c9cole normale sup\\u00e9rieure Paris (UMR 8547 Pays Germaniques : Transferts Culturels, Archives Husserl CNRS\/ENS-PSL) und dem Centre for the Study of France and the Francophone World sowie dem Forschungszentrum Global &hellip;&lt;\/p&gt;\\\\n\",\"image\":\"https:\/\/canoff.de\/wp-content\/uploads\/2025\/11\/Bild-Sprechblase.jpg\",\"url\":\"https:\/\/canoff.de\/?tribe_events=onlineseminar-kulturtransfer-les-transferts-culturels-de-la-france-vers-la-chine\",\"eventAttendanceMode\":\"https:\/\/schema.org\/OfflineEventAttendanceMode\",\"eventStatus\":\"https:\/\/schema.org\/EventScheduled\",\"startDate\":\"2026-05-22T10:00:00+02:00\",\"endDate\":\"2026-05-22T12:00:00+02:00\",\"offers\":{\"@type\":\"Offer\",\"price\":\"kostenfrei | gratuit\",\"priceCurrency\":\"EUR\",\"url\":\"https:\/\/canoff.de\/?tribe_events=onlineseminar-kulturtransfer-les-transferts-culturels-de-la-france-vers-la-chine\",\"category\":\"primary\",\"availability\":\"inStock\",\"validFrom\":\"2026-04-08T00:00:00+00:00\"},\"performer\":\"Organization\"},{\"@context\":\"http:\/\/schema.org\",\"@type\":\"Event\",\"name\":\"Das 3. CaNoFF Forschungskolloquium !\",\"description\":\"&lt;p&gt;Das Forschungskolloquium des Campus Nord f\\u00fcr Frankreich- und Frankophonie (CaNoFF) findet dieses Jahr bereits zum dritten Mal statt. Nach den Standorten in Rostock und Flensburg l\\u00e4dt dieses Jahr der dritte Standort des CaNoffs an die Universit\\u00e4t Bremen ein, und zwar am 29. und 30. Mai 2026! Die Veranstaltung richtet sich &hellip;&lt;\/p&gt;\\\\n\",\"image\":\"https:\/\/canoff.de\/wp-content\/uploads\/2026\/03\/CaNoff_Logo_ohne-Standorte-scaled.jpg\",\"url\":\"https:\/\/canoff.de\/?tribe_events=das-3-canoff-forschungskolloquium\",\"eventAttendanceMode\":\"https:\/\/schema.org\/OfflineEventAttendanceMode\",\"eventStatus\":\"https:\/\/schema.org\/EventScheduled\",\"startDate\":\"2026-05-29T00:00:00+02:00\",\"endDate\":\"2026-05-30T23:59:59+02:00\",\"location\":{\"@type\":\"Place\",\"name\":\"Universit\\u00e4t Bremen\",\"description\":\"\",\"url\":\"\",\"address\":{\"@type\":\"PostalAddress\",\"streetAddress\":\"Bibliothekstra\\u00dfe 1\",\"addressLocality\":\"Bremen\",\"postalCode\":\"28359\"},\"telephone\":\"\",\"sameAs\":\"\"},\"organizer\":{\"@type\":\"Person\",\"name\":\"CaNoFF &#8211; Campus Nord f\\u00fcr Frankreich und Frankophonie\",\"description\":\"\",\"url\":\"\",\"telephone\":\"\",\"email\":\"\",\"sameAs\":\"\"},\"performer\":\"Organization\"}]\r\n<\/script>\n\t\t\t<script data-js=\"tribe-events-view-data\" type=\"application\/json\">\n\t{\"slug\":\"widget-events-list\",\"prev_url\":\"\",\"next_url\":\"https:\\\/\\\/canoff.de\\\/?post_type=tribe_events&eventDisplay=widget-events-list&page=2\",\"view_class\":\"Tribe\\\\Events\\\\Views\\\\V2\\\\Views\\\\Widgets\\\\Widget_List_View\",\"view_slug\":\"widget-events-list\",\"view_label\":\"View\",\"view\":null,\"should_manage_url\":true,\"id\":null,\"alias-slugs\":null,\"title\":\"Veranstaltungen von 20 April \\u2013 29 Mai \\u2013 CaNoFF\",\"limit\":\"5\",\"no_upcoming_events\":false,\"featured_events_only\":false,\"jsonld_enable\":true,\"tribe_is_list_widget\":false,\"admin_fields\":{\"title\":{\"label\":\"Titel:\",\"type\":\"text\",\"parent_classes\":\"\",\"classes\":\"\",\"dependency\":\"\",\"id\":\"widget-tribe-widget-events-list--1-title\",\"name\":\"widget-tribe-widget-events-list[-1][title]\",\"options\":[],\"placeholder\":\"\",\"value\":null},\"limit\":{\"label\":\"Anzeige:\",\"type\":\"number\",\"default\":5,\"min\":1,\"max\":10,\"step\":1,\"parent_classes\":\"\",\"classes\":\"\",\"dependency\":\"\",\"id\":\"widget-tribe-widget-events-list--1-limit\",\"name\":\"widget-tribe-widget-events-list[-1][limit]\",\"options\":[],\"placeholder\":\"\",\"value\":null},\"no_upcoming_events\":{\"label\":\"Blende dieses Widget aus, wenn es keine bevorstehenden Veranstaltungen gibt.\",\"type\":\"checkbox\",\"parent_classes\":\"\",\"classes\":\"\",\"dependency\":\"\",\"id\":\"widget-tribe-widget-events-list--1-no_upcoming_events\",\"name\":\"widget-tribe-widget-events-list[-1][no_upcoming_events]\",\"options\":[],\"placeholder\":\"\",\"value\":null},\"featured_events_only\":{\"label\":\"Nur auf hervorgehobene Veranstaltungen beschr\\u00e4nken\",\"type\":\"checkbox\",\"parent_classes\":\"\",\"classes\":\"\",\"dependency\":\"\",\"id\":\"widget-tribe-widget-events-list--1-featured_events_only\",\"name\":\"widget-tribe-widget-events-list[-1][featured_events_only]\",\"options\":[],\"placeholder\":\"\",\"value\":null},\"jsonld_enable\":{\"label\":\"JSON-LD-Daten generieren\",\"type\":\"checkbox\",\"parent_classes\":\"\",\"classes\":\"\",\"dependency\":\"\",\"id\":\"widget-tribe-widget-events-list--1-jsonld_enable\",\"name\":\"widget-tribe-widget-events-list[-1][jsonld_enable]\",\"options\":[],\"placeholder\":\"\",\"value\":null}},\"events\":[1638,1735,1738,1251,1553],\"url\":\"https:\\\/\\\/canoff.de\\\/?post_type=tribe_events&eventDisplay=widget-events-list\",\"url_event_date\":false,\"bar\":{\"keyword\":\"\",\"date\":\"\"},\"today\":\"2026-04-30 00:00:00\",\"now\":\"2026-04-30 14:02:17\",\"home_url\":\"https:\\\/\\\/canoff.de\",\"rest_url\":\"https:\\\/\\\/canoff.de\\\/index.php?rest_route=\\\/tribe\\\/views\\\/v2\\\/html\",\"rest_method\":\"GET\",\"rest_nonce\":\"\",\"today_url\":\"https:\\\/\\\/canoff.de\\\/?post_type=tribe_events&eventDisplay=widget-events-list\",\"today_title\":\"Klicke, um das heutige Datum auszuw\\u00e4hlen\",\"today_label\":\"Heute\",\"prev_label\":\"\",\"next_label\":\"\",\"date_formats\":{\"compact\":\"d.m.Y\",\"month_and_year_compact\":\"m.Y\",\"month_and_year\":\"F Y\",\"time_range_separator\":\" \\u2013 \",\"date_time_separator\":\"   |   \"},\"messages\":[],\"start_of_week\":\"1\",\"header_title\":\"\",\"header_title_element\":\"h1\",\"content_title\":\"\",\"show_content_title\":false,\"breadcrumbs\":[],\"backlink\":false,\"before_events\":\"\",\"after_events\":\"\\n<!--\\nThis calendar is powered by The Events Calendar.\\nhttp:\\\/\\\/evnt.is\\\/18wn\\n-->\\n\",\"display_events_bar\":false,\"disable_event_search\":false,\"live_refresh\":true,\"ical\":{\"display_link\":true,\"link\":{\"url\":\"https:\\\/\\\/canoff.de\\\/?post_type=tribe_events&#038;eventDisplay=widget-events-list&#038;ical=1\",\"text\":\"Veranstaltungen als iCal exportieren\",\"title\":\"Diese Funktion verwenden, um Kalenderdaten mit Google Kalender, Apple iCal und kompatiblen Apps zu teilen\"}},\"container_classes\":[\"tribe-common\",\"tribe-events\",\"tribe-events-view\",\"tribe-events-view--widget-events-list\",\"tribe-events-widget\"],\"container_data\":[],\"is_past\":false,\"breakpoints\":{\"xsmall\":500,\"medium\":768,\"full\":960},\"breakpoint_pointer\":\"fba95244-ef10-4092-93c1-5f5d807e2a13\",\"is_initial_load\":false,\"public_views\":{\"list\":{\"view_class\":\"Tribe\\\\Events\\\\Views\\\\V2\\\\Views\\\\List_View\",\"view_url\":\"https:\\\/\\\/canoff.de\\\/?post_type=tribe_events&eventDisplay=list\",\"view_label\":\"Liste\",\"aria_label\":\"Zeige Veranstaltungen in der Liste Ansicht\"}},\"show_latest_past\":false,\"past\":false,\"compatibility_classes\":[\"tribe-compatibility-container\"],\"view_more_text\":\"Kalender anzeigen\",\"view_more_title\":\"Weitere Veranstaltungen anzeigen.\",\"view_more_link\":\"https:\\\/\\\/canoff.de\",\"widget_title\":\"Bevorstehende Veranstaltungen\",\"hide_if_no_upcoming_events\":false,\"display\":[],\"subscribe_links\":{\"gcal\":{\"label\":\"Google Kalender\",\"single_label\":\"Zu Google Kalender hinzuf\\u00fcgen\",\"visible\":true,\"block_slug\":\"hasGoogleCalendar\"},\"ical\":{\"label\":\"iCalendar\",\"single_label\":\"Zu iCalendar hinzuf\\u00fcgen\",\"visible\":true,\"block_slug\":\"hasiCal\"},\"outlook-365\":{\"label\":\"Outlook 365\",\"single_label\":\"Outlook 365\",\"visible\":true,\"block_slug\":\"hasOutlook365\"},\"outlook-live\":{\"label\":\"Outlook Live\",\"single_label\":\"Outlook Live\",\"visible\":true,\"block_slug\":\"hasOutlookLive\"},\"ics\":{\"label\":\".ics-Datei exportieren\",\"single_label\":\".ics-Datei exportieren\",\"visible\":true,\"block_slug\":null},\"outlook-ics\":{\"label\":\"Exportiere Outlook .ics Datei\",\"single_label\":\"Exportiere Outlook .ics Datei\",\"visible\":true,\"block_slug\":null}},\"_context\":{\"slug\":\"widget-events-list\"}}<\/script>\n\n\t\t\t\t\t\t\t<header class=\"tribe-events-widget-events-list__header\">\n\t\t\t\t\t<h2 class=\"tribe-events-widget-events-list__header-title tribe-common-h6 tribe-common-h--alt\">\n\t\t\t\t\t\tBevorstehende Veranstaltungen\t\t\t\t\t<\/h2>\n\t\t\t\t<\/header>\n\t\t\t\n\t\t\t\n\t\t\t\t<div class=\"tribe-events-widget-events-list__events\">\n\t\t\t\t\t\t\t\t\t\t\t<div  class=\"tribe-common-g-row tribe-events-widget-events-list__event-row\" >\n\n\t<div class=\"tribe-events-widget-events-list__event-date-tag tribe-common-g-col\">\n\t<time class=\"tribe-events-widget-events-list__event-date-tag-datetime\" datetime=\"2026-04-20\">\n\t\t<span class=\"tribe-events-widget-events-list__event-date-tag-month\">\n\t\t\tApr.\t\t<\/span>\n\t\t<span class=\"tribe-events-widget-events-list__event-date-tag-daynum tribe-common-h2 tribe-common-h4--min-medium\">\n\t\t\t20\t\t<\/span>\n\t<\/time>\n<\/div>\n\n\t<div class=\"tribe-events-widget-events-list__event-wrapper tribe-common-g-col\">\n\t\t<article  class=\"tribe-events-widget-events-list__event post-1638 tribe_events type-tribe_events status-publish has-post-thumbnail hentry\" >\n\t\t\t<div class=\"tribe-events-widget-events-list__event-details\">\n\n\t\t\t\t<header class=\"tribe-events-widget-events-list__event-header\">\n\t\t\t\t\t<div class=\"tribe-events-widget-events-list__event-datetime-wrapper tribe-common-b2 tribe-common-b3--min-medium\">\n\t\t<time class=\"tribe-events-widget-events-list__event-datetime\" datetime=\"2026-04-20\">\n\t\t<span class=\"tribe-event-date-start\">20 April<\/span> \u2013 <span class=\"tribe-event-date-end\">8 Mai<\/span>\t<\/time>\n\t<\/div>\n\t\t\t\t\t<h3 class=\"tribe-events-widget-events-list__event-title tribe-common-h7\">\n\t<a\n\t\thref=\"https:\/\/canoff.de\/?tribe_events=foto-ausstellung-poser-pour-la-liberte-in-flensburg\"\n\t\ttitle=\"Foto-Ausstellung &#8222;Poser pour la libert\u00e9&#8220; in Flensburg !\"\n\t\trel=\"bookmark\"\n\t\tclass=\"tribe-events-widget-events-list__event-title-link tribe-common-anchor-thin\"\n\t>\n\t\tFoto-Ausstellung &#8222;Poser pour la libert\u00e9&#8220; in Flensburg !\t<\/a>\n<\/h3>\n\t\t\t\t<\/header>\n\n\t\t\t\t\n\t\t\t<\/div>\n\t\t<\/article>\n\t<\/div>\n\n<\/div>\n\t\t\t\t\t\t\t\t\t\t\t<div  class=\"tribe-common-g-row tribe-events-widget-events-list__event-row\" >\n\n\t<div class=\"tribe-events-widget-events-list__event-date-tag tribe-common-g-col\">\n\t<time class=\"tribe-events-widget-events-list__event-date-tag-datetime\" datetime=\"2026-05-06\">\n\t\t<span class=\"tribe-events-widget-events-list__event-date-tag-month\">\n\t\t\tMai\t\t<\/span>\n\t\t<span class=\"tribe-events-widget-events-list__event-date-tag-daynum tribe-common-h2 tribe-common-h4--min-medium\">\n\t\t\t6\t\t<\/span>\n\t<\/time>\n<\/div>\n\n\t<div class=\"tribe-events-widget-events-list__event-wrapper tribe-common-g-col\">\n\t\t<article  class=\"tribe-events-widget-events-list__event post-1735 tribe_events type-tribe_events status-publish has-post-thumbnail hentry\" >\n\t\t\t<div class=\"tribe-events-widget-events-list__event-details\">\n\n\t\t\t\t<header class=\"tribe-events-widget-events-list__event-header\">\n\t\t\t\t\t<div class=\"tribe-events-widget-events-list__event-datetime-wrapper tribe-common-b2 tribe-common-b3--min-medium\">\n\t\t<time class=\"tribe-events-widget-events-list__event-datetime\" datetime=\"2026-05-06\">\n\t\t<span class=\"tribe-event-date-start\">14:00<\/span> \u2013 <span class=\"tribe-event-time\">16:00<\/span>\t<\/time>\n\t<\/div>\n\t\t\t\t\t<h3 class=\"tribe-events-widget-events-list__event-title tribe-common-h7\">\n\t<a\n\t\thref=\"https:\/\/canoff.de\/?tribe_events=verein-mate-ni-kani-zu-besuch-an-der-uni-bremen\"\n\t\ttitle=\"Verein &#8222;Mate ni kani&#8220; zu Besuch an der Uni Bremen\"\n\t\trel=\"bookmark\"\n\t\tclass=\"tribe-events-widget-events-list__event-title-link tribe-common-anchor-thin\"\n\t>\n\t\tVerein &#8222;Mate ni kani&#8220; zu Besuch an der Uni Bremen\t<\/a>\n<\/h3>\n\t\t\t\t<\/header>\n\n\t\t\t\t\n\t\t\t<\/div>\n\t\t<\/article>\n\t<\/div>\n\n<\/div>\n\t\t\t\t\t\t\t\t\t\t\t<div  class=\"tribe-common-g-row tribe-events-widget-events-list__event-row\" >\n\n\t<div class=\"tribe-events-widget-events-list__event-date-tag tribe-common-g-col\">\n\t<time class=\"tribe-events-widget-events-list__event-date-tag-datetime\" datetime=\"2026-05-08\">\n\t\t<span class=\"tribe-events-widget-events-list__event-date-tag-month\">\n\t\t\tMai\t\t<\/span>\n\t\t<span class=\"tribe-events-widget-events-list__event-date-tag-daynum tribe-common-h2 tribe-common-h4--min-medium\">\n\t\t\t8\t\t<\/span>\n\t<\/time>\n<\/div>\n\n\t<div class=\"tribe-events-widget-events-list__event-wrapper tribe-common-g-col\">\n\t\t<article  class=\"tribe-events-widget-events-list__event post-1738 tribe_events type-tribe_events status-publish has-post-thumbnail hentry\" >\n\t\t\t<div class=\"tribe-events-widget-events-list__event-details\">\n\n\t\t\t\t<header class=\"tribe-events-widget-events-list__event-header\">\n\t\t\t\t\t<div class=\"tribe-events-widget-events-list__event-datetime-wrapper tribe-common-b2 tribe-common-b3--min-medium\">\n\t\t<time class=\"tribe-events-widget-events-list__event-datetime\" datetime=\"2026-05-08\">\n\t\t<span class=\"tribe-event-date-start\">18:00<\/span>\t<\/time>\n\t<\/div>\n\t\t\t\t\t<h3 class=\"tribe-events-widget-events-list__event-title tribe-common-h7\">\n\t<a\n\t\thref=\"https:\/\/canoff.de\/?tribe_events=preisverleihung-bremer-friedenspreis-der-stiftung-die-schwelle-2026-fuer-verein-mate-ni-kani\"\n\t\ttitle=\"Preisverleihung: &#8222;Bremer Friedenspreis der Stiftung die schwelle 2026&#8220; f\u00fcr Verein &#8218;Mate ni kani&#8216;\"\n\t\trel=\"bookmark\"\n\t\tclass=\"tribe-events-widget-events-list__event-title-link tribe-common-anchor-thin\"\n\t>\n\t\tPreisverleihung: &#8222;Bremer Friedenspreis der Stiftung die schwelle 2026&#8220; f\u00fcr Verein &#8218;Mate ni kani&#8216;\t<\/a>\n<\/h3>\n\t\t\t\t<\/header>\n\n\t\t\t\t\n\t\t\t<\/div>\n\t\t<\/article>\n\t<\/div>\n\n<\/div>\n\t\t\t\t\t\t\t\t\t\t\t<div  class=\"tribe-common-g-row tribe-events-widget-events-list__event-row\" >\n\n\t<div class=\"tribe-events-widget-events-list__event-date-tag tribe-common-g-col\">\n\t<time class=\"tribe-events-widget-events-list__event-date-tag-datetime\" datetime=\"2026-05-22\">\n\t\t<span class=\"tribe-events-widget-events-list__event-date-tag-month\">\n\t\t\tMai\t\t<\/span>\n\t\t<span class=\"tribe-events-widget-events-list__event-date-tag-daynum tribe-common-h2 tribe-common-h4--min-medium\">\n\t\t\t22\t\t<\/span>\n\t<\/time>\n<\/div>\n\n\t<div class=\"tribe-events-widget-events-list__event-wrapper tribe-common-g-col\">\n\t\t<article  class=\"tribe-events-widget-events-list__event post-1251 tribe_events type-tribe_events status-publish has-post-thumbnail hentry\" >\n\t\t\t<div class=\"tribe-events-widget-events-list__event-details\">\n\n\t\t\t\t<header class=\"tribe-events-widget-events-list__event-header\">\n\t\t\t\t\t<div class=\"tribe-events-widget-events-list__event-datetime-wrapper tribe-common-b2 tribe-common-b3--min-medium\">\n\t\t<time class=\"tribe-events-widget-events-list__event-datetime\" datetime=\"2026-05-22\">\n\t\t<span class=\"tribe-event-date-start\">10:00<\/span> \u2013 <span class=\"tribe-event-time\">12:00<\/span>\t<\/time>\n\t<\/div>\n\t\t\t\t\t<h3 class=\"tribe-events-widget-events-list__event-title tribe-common-h7\">\n\t<a\n\t\thref=\"https:\/\/canoff.de\/?tribe_events=onlineseminar-kulturtransfer-les-transferts-culturels-de-la-france-vers-la-chine\"\n\t\ttitle=\"Onlineseminar Kulturtransfer: Les transferts culturels de la France vers la Chine\"\n\t\trel=\"bookmark\"\n\t\tclass=\"tribe-events-widget-events-list__event-title-link tribe-common-anchor-thin\"\n\t>\n\t\tOnlineseminar Kulturtransfer: Les transferts culturels de la France vers la Chine\t<\/a>\n<\/h3>\n\t\t\t\t<\/header>\n\n\t\t\t\t\n\t\t\t<\/div>\n\t\t<\/article>\n\t<\/div>\n\n<\/div>\n\t\t\t\t\t\t\t\t\t\t\t<div  class=\"tribe-common-g-row tribe-events-widget-events-list__event-row\" >\n\n\t<div class=\"tribe-events-widget-events-list__event-date-tag tribe-common-g-col\">\n\t<time class=\"tribe-events-widget-events-list__event-date-tag-datetime\" datetime=\"2026-05-29\">\n\t\t<span class=\"tribe-events-widget-events-list__event-date-tag-month\">\n\t\t\tMai\t\t<\/span>\n\t\t<span class=\"tribe-events-widget-events-list__event-date-tag-daynum tribe-common-h2 tribe-common-h4--min-medium\">\n\t\t\t29\t\t<\/span>\n\t<\/time>\n<\/div>\n\n\t<div class=\"tribe-events-widget-events-list__event-wrapper tribe-common-g-col\">\n\t\t<article  class=\"tribe-events-widget-events-list__event post-1553 tribe_events type-tribe_events status-publish has-post-thumbnail hentry\" >\n\t\t\t<div class=\"tribe-events-widget-events-list__event-details\">\n\n\t\t\t\t<header class=\"tribe-events-widget-events-list__event-header\">\n\t\t\t\t\t<div class=\"tribe-events-widget-events-list__event-datetime-wrapper tribe-common-b2 tribe-common-b3--min-medium\">\n\t\t<time class=\"tribe-events-widget-events-list__event-datetime\" datetime=\"2026-05-29\">\n\t\t<span class=\"tribe-event-date-start\">29 Mai<\/span> \u2013 <span class=\"tribe-event-date-end\">30 Mai<\/span>\t<\/time>\n\t<\/div>\n\t\t\t\t\t<h3 class=\"tribe-events-widget-events-list__event-title tribe-common-h7\">\n\t<a\n\t\thref=\"https:\/\/canoff.de\/?tribe_events=das-3-canoff-forschungskolloquium\"\n\t\ttitle=\"Das 3. CaNoFF Forschungskolloquium !\"\n\t\trel=\"bookmark\"\n\t\tclass=\"tribe-events-widget-events-list__event-title-link tribe-common-anchor-thin\"\n\t>\n\t\tDas 3. CaNoFF Forschungskolloquium !\t<\/a>\n<\/h3>\n\t\t\t\t<\/header>\n\n\t\t\t\t\n\t\t\t<\/div>\n\t\t<\/article>\n\t<\/div>\n\n<\/div>\n\t\t\t\t\t\t\t\t\t<\/div>\n\n\t\t\t\t<div class=\"tribe-events-widget-events-list__view-more tribe-common-b1 tribe-common-b2--min-medium\">\n\t<a\n\t\thref=\"https:\/\/canoff.de\"\n\t\tclass=\"tribe-events-widget-events-list__view-more-link tribe-common-anchor-thin\"\n\t\ttitle=\"Weitere Veranstaltungen anzeigen.\"\n\t>\n\t\tKalender anzeigen\t<\/a>\n<\/div>\n\n\t\t\t\t\t<\/div>\n\t<\/div>\n<\/div>\n<script data-js='tribe-events-view-nonce-data' type='application\/json'>{\"tvn1\":\"5d406d7335\",\"tvn2\":\"\"}<\/script>\n","protected":false},"excerpt":{"rendered":"<p>CaNoFF ist ein interdisziplin\u00e4res Netzwerk der Universit\u00e4ten Bremen, Flensburg und Rostock, gegr\u00fcndet von den Romanistinnen Karen Struve, Margot Brink und Stephanie Wodianka in den norddeutschen Bundesl\u00e4ndern Bremen, Schleswig-Holstein und Mecklenburg-Vorpommern. Ziel ist es, frankreich- und frankophoniebezogene Forschung, Lehre und Wissenschaftsvermittlung zu initiieren, zu f\u00f6rdern und sichtbar zu machen. Das Netzwerk &hellip;<\/p>\n","protected":false},"author":1,"featured_media":0,"parent":0,"menu_order":0,"comment_status":"closed","ping_status":"closed","template":"","meta":{"footnotes":""},"class_list":["post-1173","page","type-page","status-publish","hentry"],"_links":{"self":[{"href":"https:\/\/canoff.de\/index.php?rest_route=\/wp\/v2\/pages\/1173","targetHints":{"allow":["GET"]}}],"collection":[{"href":"https:\/\/canoff.de\/index.php?rest_route=\/wp\/v2\/pages"}],"about":[{"href":"https:\/\/canoff.de\/index.php?rest_route=\/wp\/v2\/types\/page"}],"author":[{"embeddable":true,"href":"https:\/\/canoff.de\/index.php?rest_route=\/wp\/v2\/users\/1"}],"replies":[{"embeddable":true,"href":"https:\/\/canoff.de\/index.php?rest_route=%2Fwp%2Fv2%2Fcomments&post=1173"}],"version-history":[{"count":28,"href":"https:\/\/canoff.de\/index.php?rest_route=\/wp\/v2\/pages\/1173\/revisions"}],"predecessor-version":[{"id":1514,"href":"https:\/\/canoff.de\/index.php?rest_route=\/wp\/v2\/pages\/1173\/revisions\/1514"}],"wp:attachment":[{"href":"https:\/\/canoff.de\/index.php?rest_route=%2Fwp%2Fv2%2Fmedia&parent=1173"}],"curies":[{"name":"wp","href":"https:\/\/api.w.org\/{rel}","templated":true}]}}